{"id":41772,"date":"2026-03-28T10:25:51","date_gmt":"2026-03-28T09:25:51","guid":{"rendered":"https:\/\/finquespi.com\/propiedades\/casa-unifamiliar-independent-amb-terrassa-jardi-i-piscina-a-prop-de-la-platja\/"},"modified":"2026-04-17T12:40:00","modified_gmt":"2026-04-17T10:40:00","slug":"casa-unifamiliar-independent-amb-terrassa-jardi-i-piscina-a-prop-de-la-platja","status":"publish","type":"property","link":"https:\/\/finquespi.com\/ca\/propietats\/casa-unifamiliar-independent-amb-terrassa-jardi-i-piscina-a-prop-de-la-platja\/","title":{"rendered":"Casa unifamiliar independent amb terrassa, jard\u00ed i piscina a prop de la platja."},"content":{"rendered":"\n<p>Una oportunitat excepcional per als qui busquen un habitatge on la fam\u00edlia pugui cr\u00e9ixer amb espai, tranquil\u00b7litat i qualitat de vida. Aquesta s\u00f2lida casa unifamiliar independent est\u00e0 situada en una urbanitzaci\u00f3 propera al poble i a pocs minuts de la platja. <\/p>\n\n<p>Compta amb 444 m2 constru\u00efts, distribu\u00efts en dues c\u00f2modes plantes. La principal t\u00e9 entrada directa des del carrer, la qual cosa facilita l&#8217;acc\u00e9s i aporta major funcionalitat.  Calefacci\u00f3 a gas natural.  <\/p>\n\n<p>A la planta principal trobem un ampli sal\u00f3-menjador amb dos ambients ben diferenciats, on destaca una acollidora xemeneia, ideal per als mesos d&#8217; hivern. L&#8217;estada s&#8217;omple de llum gr\u00e0cies a una gran finestra a la cantonada i tres finestrals que obren directament a una fant\u00e0stica terrassa semicoberta orientada a l&#8217;est, ideal per gaudir de l&#8217;exterior tot l&#8217;any. En aquesta mateixa planta s&#8217; ubiquen una cuina amb office i illa, una habitaci\u00f3 doble de grans dimensions, una habitaci\u00f3 individual \u00e0mplia i un bany complet amb plat de dutxa.  <\/p>\n\n<p>A la planta superior trobem un pr\u00e0ctic espai per a la rentadora i dues espectaculars suites amb aire condicionat independent: una d&#8217; elles amb vestidor i sortida a la terrassa, i la segona tamb\u00e9 amb acc\u00e9s directe a la mateixa.<\/p>\n\n<p>A la zona exterior, amb acc\u00e9s rodat, disposa de garatge cobert i espai addicional per a altres vehicles El jard\u00ed alberga una agradable zona de piscina amb gespa artificial, una \u00e0rea de barbacoa, vistes al mar i un porxo ideal per gaudir en companyia de fam\u00edlia i amics. Completa la propietat un traster. <\/p>\n\n<p>La urbanitzaci\u00f3 compta amb zona comunit\u00e0ria dotada d&#8217; una gran piscina, pista de tennis i conserge.<\/p>\n\n<p>Ubicaci\u00f3 ideal. Es troba a escassos minuts de la platja, del centre del poble i parada d&#8217;autob\u00fas. <\/p>\n\n<p><\/p>\n\n<p>ESTAT: BO<br\/>SUPERF\u00cdCIE \u00daTIL: 358 m2<br\/>SUPERF\u00cdCIE CONSTRU\u00cfDA: 444m2<br\/>CONSUM ENERG\u00c8TIC KWH\/M\u00b2 ANY: 49B<br\/>EMISSIONS KG CO2\/M2 ANY: 12C<br\/>CHB02088815001<br\/>ITP: TIPUS VIGENT<br\/>DESPESES NOTARIALS I REGISTRALS SEGONS ARANZEL.<\/p>\n\n<p>NOTA: Despeses de notaria, Registre i Impostos no inclosos en el preu. Els honoraris a aquesta immobili\u00e0ria seran assumits en la seva totalitat per la part venedora, la part compradora no pagar\u00e0 honoraris. <\/p>\n\n<p>API 2616<br\/>AICAT 1181<\/p>\n\n<p><\/p>\n","protected":false},"excerpt":{"rendered":"<p>Una oportunitat excepcional per als qui busquen un habitatge on la fam\u00edlia pugui cr\u00e9ixer amb espai, tranquil\u00b7litat i qualitat de vida. Aquesta s\u00f2lida casa unifamiliar independent est\u00e0 situada en una urbanitzaci\u00f3 propera al poble i a pocs minuts de la platja. Compta amb 444 m2 constru\u00efts, distribu\u00efts en dues c\u00f2modes plantes. La principal t\u00e9 entrada [&hellip;]<\/p>\n","protected":false},"author":3,"featured_media":41789,"parent":0,"menu_order":0,"template":"","property_type":[303],"property_status":[300],"property_feature":[241,265,291,281,271,243,245,247,293,295,249],"property_label":[297],"property_city":[312],"class_list":["post-41772","property","type-property","status-publish","has-post-thumbnail","hentry","property_type-cases-chalets","property_status-compra","property_feature-aigua","property_feature-aire-condicionat","property_feature-alarmas","property_feature-balco","property_feature-calefaccio","property_feature-electricitat","property_feature-garatge","property_feature-jardi","property_feature-cuina-office","property_feature-moblat","property_feature-orientacio-est","property_label-novetat","property_city-sant-pol-de-mar-ca"],"property_meta":{"fave_featured":["1"],"houzez_featured_listing_date":["2026-03-28 10:26:02"],"fave_property_images":["41620","41623","41626","41629","41632","41635","41638","41641","41644","41647","41650","41653","41656","41659","41662","41665","41668","41671","41674","41677","41680","41683","41686","41689","41692","41695","41698","41701","41704","41707","41710","41713","41716","41719","41722","41725","41728","41731","41734","41737","41740","41743","41746","41749","41758","41761","41764","41767","41788","41797"],"fave_agent_display_option":["author_info"],"fave_single_top_area":["global"],"_top_nav_excluded":[""],"_cms_nav_minihome":[""],"houzez_geolocation_lat":["41.605912574177"],"houzez_geolocation_long":["2.6335846111189"],"_thumbnail_id":["41789"],"_last_translation_edit_mode":["translation-editor"],"_wpml_word_count":["375"],"houzez_manual_expire":["0"],"_houzez_expiration_date_status":["saved"],"_yoast_wpseo_primary_property_type":["59"],"_yoast_wpseo_primary_property_status":["33"],"_yoast_wpseo_primary_property_feature":["109"],"_yoast_wpseo_primary_property_label":["52"],"_yoast_wpseo_primary_property_city":["27"],"houzez_total_property_views":["118"],"houzez_views_by_date":["a:35:{s:10:\"03-28-2026\";i:2;s:10:\"03-29-2026\";i:4;s:10:\"03-30-2026\";i:6;s:10:\"03-31-2026\";i:3;s:10:\"04-01-2026\";i:1;s:10:\"04-02-2026\";i:5;s:10:\"04-03-2026\";i:1;s:10:\"04-04-2026\";i:2;s:10:\"04-05-2026\";i:6;s:10:\"04-06-2026\";i:4;s:10:\"04-07-2026\";i:3;s:10:\"04-08-2026\";i:2;s:10:\"04-09-2026\";i:4;s:10:\"04-10-2026\";i:3;s:10:\"04-11-2026\";i:2;s:10:\"04-12-2026\";i:10;s:10:\"04-13-2026\";i:3;s:10:\"04-14-2026\";i:4;s:10:\"04-15-2026\";i:1;s:10:\"04-16-2026\";i:3;s:10:\"04-17-2026\";i:6;s:10:\"04-18-2026\";i:5;s:10:\"04-19-2026\";i:2;s:10:\"04-20-2026\";i:3;s:10:\"04-21-2026\";i:4;s:10:\"04-22-2026\";i:1;s:10:\"04-23-2026\";i:4;s:10:\"04-24-2026\";i:3;s:10:\"04-25-2026\";i:3;s:10:\"04-26-2026\";i:2;s:10:\"04-27-2026\";i:1;s:10:\"04-28-2026\";i:3;s:10:\"04-29-2026\";i:4;s:10:\"04-30-2026\";i:5;s:10:\"05-01-2026\";i:3;}"],"houzez_recently_viewed":["2026-05-01 11:33:25"],"fave_energy_global_index":["182"],"_elementor_page_assets":["a:0:{}"],"fave_property_price":["980000"],"fave_property_size":["444"],"fave_property_land":["816"],"fave_property_bedrooms":["4"],"fave_property_bathrooms":["3"],"fave_property_garage_size":["1"],"fave_property_year":["1971"],"fave_property_id":["1165"],"fave_property_map":["1"],"fave_property_map_address":["Sant Pol de Mar, Maresme, Barcelona, Catalunya, 08395, Espanya"],"fave_property_location":["41.605912574177,2.6335846111189,15"],"fave_property_map_street_view":["hide"],"fave_virtual_tour":["https:\/\/virtea.com\/tours\/9ebd78daa3"],"fave_prop_homeslider":["no"],"fave_energy_class":["B"],"fave_renewable_energy_global_index":["49"],"fave_energy_performance":["12"],"_edit_lock":["1776422539:3"]},"yoast_head":"<!-- This site is optimized with the Yoast SEO plugin v27.3 - https:\/\/yoast.com\/product\/yoast-seo-wordpress\/ -->\n<title>Finques Pi<\/title>\n<meta name=\"robots\" content=\"index, follow, max-snippet:-1, max-image-preview:large, max-video-preview:-1\" \/>\n<link rel=\"canonical\" href=\"https:\/\/finquespi.com\/ca\/propietats\/casa-unifamiliar-independent-amb-terrassa-jardi-i-piscina-a-prop-de-la-platja\/\" \/>\n<meta property=\"og:locale\" content=\"ca_ES\" \/>\n<meta property=\"og:type\" content=\"article\" \/>\n<meta property=\"og:title\" content=\"Casa unifamiliar independent amb terrassa, jard\u00ed i piscina a prop de la platja. | Finques Pi\" \/>\n<meta property=\"og:description\" content=\"Una oportunitat excepcional per als qui busquen un habitatge on la fam\u00edlia pugui cr\u00e9ixer amb espai, tranquil\u00b7litat i qualitat de vida. Aquesta s\u00f2lida casa unifamiliar independent est\u00e0 situada en una urbanitzaci\u00f3 propera al poble i a pocs minuts de la platja. Compta amb 444 m2 constru\u00efts, distribu\u00efts en dues c\u00f2modes plantes. La principal t\u00e9 entrada [&hellip;]\" \/>\n<meta property=\"og:url\" content=\"https:\/\/finquespi.com\/ca\/propietats\/casa-unifamiliar-independent-amb-terrassa-jardi-i-piscina-a-prop-de-la-platja\/\" \/>\n<meta property=\"og:site_name\" content=\"Finques Pi\" \/>\n<meta property=\"article:modified_time\" content=\"2026-04-17T10:40:00+00:00\" \/>\n<meta property=\"og:image\" content=\"https:\/\/finquespi.com\/wp-content\/uploads\/2026\/03\/1165-1.jpg\" \/>\n\t<meta property=\"og:image:width\" content=\"1500\" \/>\n\t<meta property=\"og:image:height\" content=\"1125\" \/>\n\t<meta property=\"og:image:type\" content=\"image\/jpeg\" \/>\n<meta name=\"twitter:card\" content=\"summary_large_image\" \/>\n<meta name=\"twitter:label1\" content=\"Temps estimat de lectura\" \/>\n\t<meta name=\"twitter:data1\" content=\"2 minuts\" \/>\n<script type=\"application\/ld+json\" class=\"yoast-schema-graph\">{\"@context\":\"https:\\\/\\\/schema.org\",\"@graph\":[{\"@type\":\"WebPage\",\"@id\":\"https:\\\/\\\/finquespi.com\\\/ca\\\/propietats\\\/casa-unifamiliar-independent-amb-terrassa-jardi-i-piscina-a-prop-de-la-platja\\\/\",\"url\":\"https:\\\/\\\/finquespi.com\\\/ca\\\/propietats\\\/casa-unifamiliar-independent-amb-terrassa-jardi-i-piscina-a-prop-de-la-platja\\\/\",\"name\":\"Casa unifamiliar independent amb terrassa, jard\u00ed i piscina a prop de la platja. | Finques Pi\",\"isPartOf\":{\"@id\":\"https:\\\/\\\/finquespi.com\\\/ca\\\/#website\"},\"primaryImageOfPage\":{\"@id\":\"https:\\\/\\\/finquespi.com\\\/ca\\\/propietats\\\/casa-unifamiliar-independent-amb-terrassa-jardi-i-piscina-a-prop-de-la-platja\\\/#primaryimage\"},\"image\":{\"@id\":\"https:\\\/\\\/finquespi.com\\\/ca\\\/propietats\\\/casa-unifamiliar-independent-amb-terrassa-jardi-i-piscina-a-prop-de-la-platja\\\/#primaryimage\"},\"thumbnailUrl\":\"https:\\\/\\\/finquespi.com\\\/wp-content\\\/uploads\\\/2026\\\/03\\\/1165-1.jpg\",\"datePublished\":\"2026-03-28T09:25:51+00:00\",\"dateModified\":\"2026-04-17T10:40:00+00:00\",\"breadcrumb\":{\"@id\":\"https:\\\/\\\/finquespi.com\\\/ca\\\/propietats\\\/casa-unifamiliar-independent-amb-terrassa-jardi-i-piscina-a-prop-de-la-platja\\\/#breadcrumb\"},\"inLanguage\":\"ca\",\"potentialAction\":[{\"@type\":\"ReadAction\",\"target\":[\"https:\\\/\\\/finquespi.com\\\/ca\\\/propietats\\\/casa-unifamiliar-independent-amb-terrassa-jardi-i-piscina-a-prop-de-la-platja\\\/\"]}]},{\"@type\":\"ImageObject\",\"inLanguage\":\"ca\",\"@id\":\"https:\\\/\\\/finquespi.com\\\/ca\\\/propietats\\\/casa-unifamiliar-independent-amb-terrassa-jardi-i-piscina-a-prop-de-la-platja\\\/#primaryimage\",\"url\":\"https:\\\/\\\/finquespi.com\\\/wp-content\\\/uploads\\\/2026\\\/03\\\/1165-1.jpg\",\"contentUrl\":\"https:\\\/\\\/finquespi.com\\\/wp-content\\\/uploads\\\/2026\\\/03\\\/1165-1.jpg\",\"width\":1500,\"height\":1125},{\"@type\":\"BreadcrumbList\",\"@id\":\"https:\\\/\\\/finquespi.com\\\/ca\\\/propietats\\\/casa-unifamiliar-independent-amb-terrassa-jardi-i-piscina-a-prop-de-la-platja\\\/#breadcrumb\",\"itemListElement\":[{\"@type\":\"ListItem\",\"position\":1,\"name\":\"Llar\",\"item\":\"https:\\\/\\\/finquespi.com\\\/ca\\\/\"},{\"@type\":\"ListItem\",\"position\":2,\"name\":\"Properties\",\"item\":\"https:\\\/\\\/finquespi.com\\\/ca\\\/propietats\\\/\"},{\"@type\":\"ListItem\",\"position\":3,\"name\":\"Casa unifamiliar independent amb terrassa, jard\u00ed i piscina a prop de la platja.\"}]},{\"@type\":\"WebSite\",\"@id\":\"https:\\\/\\\/finquespi.com\\\/ca\\\/#website\",\"url\":\"https:\\\/\\\/finquespi.com\\\/ca\\\/\",\"name\":\"Finques Pi\",\"description\":\"\",\"potentialAction\":[{\"@type\":\"SearchAction\",\"target\":{\"@type\":\"EntryPoint\",\"urlTemplate\":\"https:\\\/\\\/finquespi.com\\\/ca\\\/?s={search_term_string}\"},\"query-input\":{\"@type\":\"PropertyValueSpecification\",\"valueRequired\":true,\"valueName\":\"search_term_string\"}}],\"inLanguage\":\"ca\"}]}<\/script>\n<!-- \/ Yoast SEO plugin. -->","yoast_head_json":{"title":"Finques Pi","robots":{"index":"index","follow":"follow","max-snippet":"max-snippet:-1","max-image-preview":"max-image-preview:large","max-video-preview":"max-video-preview:-1"},"canonical":"https:\/\/finquespi.com\/ca\/propietats\/casa-unifamiliar-independent-amb-terrassa-jardi-i-piscina-a-prop-de-la-platja\/","og_locale":"ca_ES","og_type":"article","og_title":"Casa unifamiliar independent amb terrassa, jard\u00ed i piscina a prop de la platja. | Finques Pi","og_description":"Una oportunitat excepcional per als qui busquen un habitatge on la fam\u00edlia pugui cr\u00e9ixer amb espai, tranquil\u00b7litat i qualitat de vida. Aquesta s\u00f2lida casa unifamiliar independent est\u00e0 situada en una urbanitzaci\u00f3 propera al poble i a pocs minuts de la platja. Compta amb 444 m2 constru\u00efts, distribu\u00efts en dues c\u00f2modes plantes. La principal t\u00e9 entrada [&hellip;]","og_url":"https:\/\/finquespi.com\/ca\/propietats\/casa-unifamiliar-independent-amb-terrassa-jardi-i-piscina-a-prop-de-la-platja\/","og_site_name":"Finques Pi","article_modified_time":"2026-04-17T10:40:00+00:00","og_image":[{"width":1500,"height":1125,"url":"https:\/\/finquespi.com\/wp-content\/uploads\/2026\/03\/1165-1.jpg","type":"image\/jpeg"}],"twitter_card":"summary_large_image","twitter_misc":{"Temps estimat de lectura":"2 minuts"},"schema":{"@context":"https:\/\/schema.org","@graph":[{"@type":"WebPage","@id":"https:\/\/finquespi.com\/ca\/propietats\/casa-unifamiliar-independent-amb-terrassa-jardi-i-piscina-a-prop-de-la-platja\/","url":"https:\/\/finquespi.com\/ca\/propietats\/casa-unifamiliar-independent-amb-terrassa-jardi-i-piscina-a-prop-de-la-platja\/","name":"Casa unifamiliar independent amb terrassa, jard\u00ed i piscina a prop de la platja. | Finques Pi","isPartOf":{"@id":"https:\/\/finquespi.com\/ca\/#website"},"primaryImageOfPage":{"@id":"https:\/\/finquespi.com\/ca\/propietats\/casa-unifamiliar-independent-amb-terrassa-jardi-i-piscina-a-prop-de-la-platja\/#primaryimage"},"image":{"@id":"https:\/\/finquespi.com\/ca\/propietats\/casa-unifamiliar-independent-amb-terrassa-jardi-i-piscina-a-prop-de-la-platja\/#primaryimage"},"thumbnailUrl":"https:\/\/finquespi.com\/wp-content\/uploads\/2026\/03\/1165-1.jpg","datePublished":"2026-03-28T09:25:51+00:00","dateModified":"2026-04-17T10:40:00+00:00","breadcrumb":{"@id":"https:\/\/finquespi.com\/ca\/propietats\/casa-unifamiliar-independent-amb-terrassa-jardi-i-piscina-a-prop-de-la-platja\/#breadcrumb"},"inLanguage":"ca","potentialAction":[{"@type":"ReadAction","target":["https:\/\/finquespi.com\/ca\/propietats\/casa-unifamiliar-independent-amb-terrassa-jardi-i-piscina-a-prop-de-la-platja\/"]}]},{"@type":"ImageObject","inLanguage":"ca","@id":"https:\/\/finquespi.com\/ca\/propietats\/casa-unifamiliar-independent-amb-terrassa-jardi-i-piscina-a-prop-de-la-platja\/#primaryimage","url":"https:\/\/finquespi.com\/wp-content\/uploads\/2026\/03\/1165-1.jpg","contentUrl":"https:\/\/finquespi.com\/wp-content\/uploads\/2026\/03\/1165-1.jpg","width":1500,"height":1125},{"@type":"BreadcrumbList","@id":"https:\/\/finquespi.com\/ca\/propietats\/casa-unifamiliar-independent-amb-terrassa-jardi-i-piscina-a-prop-de-la-platja\/#breadcrumb","itemListElement":[{"@type":"ListItem","position":1,"name":"Llar","item":"https:\/\/finquespi.com\/ca\/"},{"@type":"ListItem","position":2,"name":"Properties","item":"https:\/\/finquespi.com\/ca\/propietats\/"},{"@type":"ListItem","position":3,"name":"Casa unifamiliar independent amb terrassa, jard\u00ed i piscina a prop de la platja."}]},{"@type":"WebSite","@id":"https:\/\/finquespi.com\/ca\/#website","url":"https:\/\/finquespi.com\/ca\/","name":"Finques Pi","description":"","potentialAction":[{"@type":"SearchAction","target":{"@type":"EntryPoint","urlTemplate":"https:\/\/finquespi.com\/ca\/?s={search_term_string}"},"query-input":{"@type":"PropertyValueSpecification","valueRequired":true,"valueName":"search_term_string"}}],"inLanguage":"ca"}]}},"_links":{"self":[{"href":"https:\/\/finquespi.com\/ca\/wp-json\/wp\/v2\/properties\/41772","targetHints":{"allow":["GET"]}}],"collection":[{"href":"https:\/\/finquespi.com\/ca\/wp-json\/wp\/v2\/properties"}],"about":[{"href":"https:\/\/finquespi.com\/ca\/wp-json\/wp\/v2\/types\/property"}],"author":[{"embeddable":true,"href":"https:\/\/finquespi.com\/ca\/wp-json\/wp\/v2\/users\/3"}],"version-history":[{"count":6,"href":"https:\/\/finquespi.com\/ca\/wp-json\/wp\/v2\/properties\/41772\/revisions"}],"predecessor-version":[{"id":41804,"href":"https:\/\/finquespi.com\/ca\/wp-json\/wp\/v2\/properties\/41772\/revisions\/41804"}],"wp:featuredmedia":[{"embeddable":true,"href":"https:\/\/finquespi.com\/ca\/wp-json\/wp\/v2\/media\/41789"}],"wp:attachment":[{"href":"https:\/\/finquespi.com\/ca\/wp-json\/wp\/v2\/media?parent=41772"}],"wp:term":[{"taxonomy":"property_type","embeddable":true,"href":"https:\/\/finquespi.com\/ca\/wp-json\/wp\/v2\/property_type?post=41772"},{"taxonomy":"property_status","embeddable":true,"href":"https:\/\/finquespi.com\/ca\/wp-json\/wp\/v2\/property_status?post=41772"},{"taxonomy":"property_feature","embeddable":true,"href":"https:\/\/finquespi.com\/ca\/wp-json\/wp\/v2\/property_feature?post=41772"},{"taxonomy":"property_label","embeddable":true,"href":"https:\/\/finquespi.com\/ca\/wp-json\/wp\/v2\/property_label?post=41772"},{"taxonomy":"property_city","embeddable":true,"href":"https:\/\/finquespi.com\/ca\/wp-json\/wp\/v2\/property_city?post=41772"}],"curies":[{"name":"wp","href":"https:\/\/api.w.org\/{rel}","templated":true}]}}