{"id":41459,"date":"2026-04-11T18:51:11","date_gmt":"2026-04-11T16:51:11","guid":{"rendered":"https:\/\/finquespi.com\/propiedades\/torre-adossada-amb-vistes-al-mar-piscina-i-xemeneia\/"},"modified":"2026-04-11T18:51:12","modified_gmt":"2026-04-11T16:51:12","slug":"torre-adossada-amb-vistes-al-mar-piscina-i-xemeneia","status":"publish","type":"property","link":"https:\/\/finquespi.com\/ca\/propietats\/torre-adossada-amb-vistes-al-mar-piscina-i-xemeneia\/","title":{"rendered":"Torre adossada amb vistes al mar, piscina i xemeneia"},"content":{"rendered":"\n<p><\/p>\n\n<p>Es posa a la venda aquesta encantadora torre adossada situada en una parcel\u00b7la de 218 m2, un lloc pensat per als qui desitgen gaudir de privacitat, comoditat i vistes al mar.<\/p>\n\n<p>L&#8217;habitatge, distribu\u00eft en dues plantes i amb uns 196 m2 constru\u00efts, ofereix tres habitacions. Destaca especialment l&#8217; \u00e0mplia habitaci\u00f3 principal, molt lluminosa i amb espai m\u00e9s que suficient per crear un dormitori acollidor i ple de personalitat. A m\u00e9s, compta amb tres banys complets \u2014dos d&#8217;ells amb plat de dutxa i un amb banyera\u2014, ideals tant per al dia a dia d&#8217;una fam\u00edlia com per rebre convidats amb total confort.  <\/p>\n\n<p>El menjador, equipat amb una xemeneia que aporta calidesa i car\u00e0cter, i amb una gran finestra amb vistes a la zona i al mar, disposa tamb\u00e9 d&#8217; una barra per a c\u00f2ctels o esmorzars. Es converteix aix\u00ed en el cor de la llar, perfecte per a reunions familiars o moments de relax. Des d&#8217;aqu\u00ed s&#8217;accedeix a la terrassa, ideal per col\u00b7locar una taula per a quatre persones i un sof\u00e0 d&#8217;exterior.  <\/p>\n\n<p>A l&#8217;exterior, l&#8217;habitatge compta amb una piscina amb terra de tarima on gaudir del sol, organitzar trobades amb amics o simplement relaxar-se contemplant el mar. Tamb\u00e9 disposa de garatge amb acc\u00e9s directe a la casa. <\/p>\n\n<p><strong>Caracter\u00edstiques principals<\/strong><\/p>\n\n<ul class=\"wp-block-list\">\n<li>Parcel\u00b7la de 218 m\u00b2<\/li>\n\n\n\n<li>Habitatge en 2 plantes (aprox. 177 m\u00b2)<\/li>\n\n\n\n<li>3 habitacions, incloent-hi una suite principal molt \u00e0mplia<\/li>\n\n\n\n<li>3 banys complets<\/li>\n\n\n\n<li>Menjador amb xemeneia i vistes al mar<\/li>\n\n\n\n<li>Piscina privada<\/li>\n\n\n\n<li>Garatge<\/li>\n\n\n\n<li>Vistes al mar<\/li>\n<\/ul>\n\n<p>Una propietat \u00fanica que combina amplitud interior, espais exteriors pensats per al gaudi i unes vistes al mar que enamoren. Ideal com a resid\u00e8ncia habitual o com a segon habitatge. <\/p>\n\n<p><\/p>\n\n<p>ESTAT: BO<br\/>SUPERF\u00cdCIE \u00daTIL: 132,74 M2<br\/>SUPERF\u00cdCIE CONSTRU\u00cfDA: 213 M2<br\/>CONSUM ENERG\u00c8TIC KWH\/M\u00b2 ANY:<br\/>EMISSIONS KG CO2\/M2 ANY:<br\/>CHB0726705001<br\/>ITP: TIPUS VIGENT<br\/>DESPESES NOTARIALS I REGISTRALS SEGONS ARANZEL.<\/p>\n\n<p>NOTA: Despeses de notaria, Registre i Impostos no inclosos en el preu. Els honoraris a aquesta immobili\u00e0ria seran assumits en la seva totalitat per la part venedora, la part compradora no pagar\u00e0 honoraris. <\/p>\n\n<p>API 2616<br\/>AICAT 1181<br\/><\/p>\n\n<p><\/p>\n","protected":false},"excerpt":{"rendered":"<p>Es posa a la venda aquesta encantadora torre adossada situada en una parcel\u00b7la de 218 m2, un lloc pensat per als qui desitgen gaudir de privacitat, comoditat i vistes al mar. L&#8217;habitatge, distribu\u00eft en dues plantes i amb uns 196 m2 constru\u00efts, ofereix tres habitacions. Destaca especialment l&#8217; \u00e0mplia habitaci\u00f3 principal, molt lluminosa i amb [&hellip;]<\/p>\n","protected":false},"author":3,"featured_media":41453,"parent":0,"menu_order":0,"template":"","property_type":[303],"property_status":[300],"property_feature":[241,291,243,245,293,263,249,285,279,277,257],"property_label":[],"property_city":[315],"class_list":["post-41459","property","type-property","status-publish","has-post-thumbnail","hentry","property_type-cases-chalets","property_status-compra","property_feature-aigua","property_feature-alarmas","property_feature-electricitat","property_feature-garatge","property_feature-cuina-office","property_feature-vistes-a-la-muntanya","property_feature-orientacio-est","property_feature-piscines","property_feature-porta-de-seguretat","property_feature-terrassa","property_feature-vistes-al-mar","property_city-sant-cebria-de-vallalta-ca"],"property_meta":{"houzez_featured_listing_date":["2026-03-15 12:07:28"],"fave_property_images":["41329","41332","41335","41338","41341","41344","41347","41350","41353","41356","41359","41362","41365","41368","41371","41374","41377","41380","41383","41386","41389","41392","41395","41398","41401","41404","41407","41410","41413","41416","41419","41422","41425","41428","41431","41434","41437","41440","41443","41446","41449","41452","41455","41897"],"fave_agent_display_option":["author_info"],"fave_single_top_area":["global"],"_top_nav_excluded":[""],"_cms_nav_minihome":[""],"houzez_geolocation_lat":["25.68654"],"houzez_geolocation_long":["-80.431345"],"_thumbnail_id":["41453"],"_last_translation_edit_mode":["translation-editor"],"_wpml_word_count":["348"],"fave_featured":["1"],"houzez_manual_expire":["0"],"_houzez_expiration_date_status":["saved"],"_yoast_wpseo_primary_property_type":["59"],"_yoast_wpseo_primary_property_status":["33"],"_yoast_wpseo_primary_property_feature":["109"],"_yoast_wpseo_primary_property_label":[""],"_yoast_wpseo_primary_property_city":["49"],"houzez_total_property_views":["127"],"houzez_views_by_date":["a:45:{s:10:\"03-15-2026\";i:3;s:10:\"03-16-2026\";i:4;s:10:\"03-18-2026\";i:1;s:10:\"03-19-2026\";i:2;s:10:\"03-20-2026\";i:5;s:10:\"03-21-2026\";i:1;s:10:\"03-22-2026\";i:4;s:10:\"03-23-2026\";i:4;s:10:\"03-24-2026\";i:2;s:10:\"03-25-2026\";i:2;s:10:\"03-26-2026\";i:1;s:10:\"03-27-2026\";i:1;s:10:\"03-28-2026\";i:3;s:10:\"03-30-2026\";i:2;s:10:\"03-31-2026\";i:4;s:10:\"04-01-2026\";i:1;s:10:\"04-02-2026\";i:8;s:10:\"04-03-2026\";i:2;s:10:\"04-04-2026\";i:2;s:10:\"04-05-2026\";i:3;s:10:\"04-06-2026\";i:3;s:10:\"04-07-2026\";i:3;s:10:\"04-08-2026\";i:2;s:10:\"04-09-2026\";i:5;s:10:\"04-10-2026\";i:5;s:10:\"04-11-2026\";i:1;s:10:\"04-12-2026\";i:3;s:10:\"04-13-2026\";i:1;s:10:\"04-14-2026\";i:2;s:10:\"04-15-2026\";i:3;s:10:\"04-16-2026\";i:2;s:10:\"04-17-2026\";i:4;s:10:\"04-18-2026\";i:2;s:10:\"04-19-2026\";i:2;s:10:\"04-20-2026\";i:4;s:10:\"04-21-2026\";i:4;s:10:\"04-22-2026\";i:1;s:10:\"04-23-2026\";i:9;s:10:\"04-24-2026\";i:2;s:10:\"04-25-2026\";i:4;s:10:\"04-26-2026\";i:3;s:10:\"04-27-2026\";i:2;s:10:\"04-28-2026\";i:3;s:10:\"04-29-2026\";i:1;s:10:\"04-30-2026\";i:1;}"],"houzez_recently_viewed":["2026-04-30 04:20:05"],"fave_property_price":["415000"],"fave_property_size":["196"],"fave_property_land":["218"],"fave_property_bedrooms":["3"],"fave_property_bathrooms":["3"],"fave_property_garage_size":["1"],"fave_property_year":["2005"],"fave_property_id":["1164"],"fave_property_map":["1"],"fave_property_location":["25.68654,-80.431345,15"],"fave_property_map_street_view":["hide"],"fave_prop_homeslider":["no"],"_elementor_page_assets":["a:0:{}"]},"yoast_head":"<!-- This site is optimized with the Yoast SEO plugin v27.3 - https:\/\/yoast.com\/product\/yoast-seo-wordpress\/ -->\n<title>Finques Pi<\/title>\n<meta name=\"robots\" content=\"index, follow, max-snippet:-1, max-image-preview:large, max-video-preview:-1\" \/>\n<link rel=\"canonical\" href=\"https:\/\/finquespi.com\/ca\/propietats\/torre-adossada-amb-vistes-al-mar-piscina-i-xemeneia\/\" \/>\n<meta property=\"og:locale\" content=\"ca_ES\" \/>\n<meta property=\"og:type\" content=\"article\" \/>\n<meta property=\"og:title\" content=\"Torre adossada amb vistes al mar, piscina i xemeneia | Finques Pi\" \/>\n<meta property=\"og:description\" content=\"Es posa a la venda aquesta encantadora torre adossada situada en una parcel\u00b7la de 218 m2, un lloc pensat per als qui desitgen gaudir de privacitat, comoditat i vistes al mar. L&#8217;habitatge, distribu\u00eft en dues plantes i amb uns 196 m2 constru\u00efts, ofereix tres habitacions. Destaca especialment l&#8217; \u00e0mplia habitaci\u00f3 principal, molt lluminosa i amb [&hellip;]\" \/>\n<meta property=\"og:url\" content=\"https:\/\/finquespi.com\/ca\/propietats\/torre-adossada-amb-vistes-al-mar-piscina-i-xemeneia\/\" \/>\n<meta property=\"og:site_name\" content=\"Finques Pi\" \/>\n<meta property=\"article:modified_time\" content=\"2026-04-11T16:51:12+00:00\" \/>\n<meta property=\"og:image\" content=\"https:\/\/finquespi.com\/wp-content\/uploads\/2026\/03\/1164-43.jpg\" \/>\n\t<meta property=\"og:image:width\" content=\"1500\" \/>\n\t<meta property=\"og:image:height\" content=\"1125\" \/>\n\t<meta property=\"og:image:type\" content=\"image\/jpeg\" \/>\n<meta name=\"twitter:card\" content=\"summary_large_image\" \/>\n<meta name=\"twitter:label1\" content=\"Temps estimat de lectura\" \/>\n\t<meta name=\"twitter:data1\" content=\"2 minuts\" \/>\n<script type=\"application\/ld+json\" class=\"yoast-schema-graph\">{\"@context\":\"https:\\\/\\\/schema.org\",\"@graph\":[{\"@type\":\"WebPage\",\"@id\":\"https:\\\/\\\/finquespi.com\\\/ca\\\/propietats\\\/torre-adossada-amb-vistes-al-mar-piscina-i-xemeneia\\\/\",\"url\":\"https:\\\/\\\/finquespi.com\\\/ca\\\/propietats\\\/torre-adossada-amb-vistes-al-mar-piscina-i-xemeneia\\\/\",\"name\":\"Torre adossada amb vistes al mar, piscina i xemeneia | Finques Pi\",\"isPartOf\":{\"@id\":\"https:\\\/\\\/finquespi.com\\\/ca\\\/#website\"},\"primaryImageOfPage\":{\"@id\":\"https:\\\/\\\/finquespi.com\\\/ca\\\/propietats\\\/torre-adossada-amb-vistes-al-mar-piscina-i-xemeneia\\\/#primaryimage\"},\"image\":{\"@id\":\"https:\\\/\\\/finquespi.com\\\/ca\\\/propietats\\\/torre-adossada-amb-vistes-al-mar-piscina-i-xemeneia\\\/#primaryimage\"},\"thumbnailUrl\":\"https:\\\/\\\/finquespi.com\\\/wp-content\\\/uploads\\\/2026\\\/03\\\/1164-43.jpg\",\"datePublished\":\"2026-04-11T16:51:11+00:00\",\"dateModified\":\"2026-04-11T16:51:12+00:00\",\"breadcrumb\":{\"@id\":\"https:\\\/\\\/finquespi.com\\\/ca\\\/propietats\\\/torre-adossada-amb-vistes-al-mar-piscina-i-xemeneia\\\/#breadcrumb\"},\"inLanguage\":\"ca\",\"potentialAction\":[{\"@type\":\"ReadAction\",\"target\":[\"https:\\\/\\\/finquespi.com\\\/ca\\\/propietats\\\/torre-adossada-amb-vistes-al-mar-piscina-i-xemeneia\\\/\"]}]},{\"@type\":\"ImageObject\",\"inLanguage\":\"ca\",\"@id\":\"https:\\\/\\\/finquespi.com\\\/ca\\\/propietats\\\/torre-adossada-amb-vistes-al-mar-piscina-i-xemeneia\\\/#primaryimage\",\"url\":\"https:\\\/\\\/finquespi.com\\\/wp-content\\\/uploads\\\/2026\\\/03\\\/1164-43.jpg\",\"contentUrl\":\"https:\\\/\\\/finquespi.com\\\/wp-content\\\/uploads\\\/2026\\\/03\\\/1164-43.jpg\",\"width\":1500,\"height\":1125},{\"@type\":\"BreadcrumbList\",\"@id\":\"https:\\\/\\\/finquespi.com\\\/ca\\\/propietats\\\/torre-adossada-amb-vistes-al-mar-piscina-i-xemeneia\\\/#breadcrumb\",\"itemListElement\":[{\"@type\":\"ListItem\",\"position\":1,\"name\":\"Llar\",\"item\":\"https:\\\/\\\/finquespi.com\\\/ca\\\/\"},{\"@type\":\"ListItem\",\"position\":2,\"name\":\"Properties\",\"item\":\"https:\\\/\\\/finquespi.com\\\/ca\\\/propietats\\\/\"},{\"@type\":\"ListItem\",\"position\":3,\"name\":\"Torre adossada amb vistes al mar, piscina i xemeneia\"}]},{\"@type\":\"WebSite\",\"@id\":\"https:\\\/\\\/finquespi.com\\\/ca\\\/#website\",\"url\":\"https:\\\/\\\/finquespi.com\\\/ca\\\/\",\"name\":\"Finques Pi\",\"description\":\"\",\"potentialAction\":[{\"@type\":\"SearchAction\",\"target\":{\"@type\":\"EntryPoint\",\"urlTemplate\":\"https:\\\/\\\/finquespi.com\\\/ca\\\/?s={search_term_string}\"},\"query-input\":{\"@type\":\"PropertyValueSpecification\",\"valueRequired\":true,\"valueName\":\"search_term_string\"}}],\"inLanguage\":\"ca\"}]}<\/script>\n<!-- \/ Yoast SEO plugin. -->","yoast_head_json":{"title":"Finques Pi","robots":{"index":"index","follow":"follow","max-snippet":"max-snippet:-1","max-image-preview":"max-image-preview:large","max-video-preview":"max-video-preview:-1"},"canonical":"https:\/\/finquespi.com\/ca\/propietats\/torre-adossada-amb-vistes-al-mar-piscina-i-xemeneia\/","og_locale":"ca_ES","og_type":"article","og_title":"Torre adossada amb vistes al mar, piscina i xemeneia | Finques Pi","og_description":"Es posa a la venda aquesta encantadora torre adossada situada en una parcel\u00b7la de 218 m2, un lloc pensat per als qui desitgen gaudir de privacitat, comoditat i vistes al mar. L&#8217;habitatge, distribu\u00eft en dues plantes i amb uns 196 m2 constru\u00efts, ofereix tres habitacions. Destaca especialment l&#8217; \u00e0mplia habitaci\u00f3 principal, molt lluminosa i amb [&hellip;]","og_url":"https:\/\/finquespi.com\/ca\/propietats\/torre-adossada-amb-vistes-al-mar-piscina-i-xemeneia\/","og_site_name":"Finques Pi","article_modified_time":"2026-04-11T16:51:12+00:00","og_image":[{"width":1500,"height":1125,"url":"https:\/\/finquespi.com\/wp-content\/uploads\/2026\/03\/1164-43.jpg","type":"image\/jpeg"}],"twitter_card":"summary_large_image","twitter_misc":{"Temps estimat de lectura":"2 minuts"},"schema":{"@context":"https:\/\/schema.org","@graph":[{"@type":"WebPage","@id":"https:\/\/finquespi.com\/ca\/propietats\/torre-adossada-amb-vistes-al-mar-piscina-i-xemeneia\/","url":"https:\/\/finquespi.com\/ca\/propietats\/torre-adossada-amb-vistes-al-mar-piscina-i-xemeneia\/","name":"Torre adossada amb vistes al mar, piscina i xemeneia | Finques Pi","isPartOf":{"@id":"https:\/\/finquespi.com\/ca\/#website"},"primaryImageOfPage":{"@id":"https:\/\/finquespi.com\/ca\/propietats\/torre-adossada-amb-vistes-al-mar-piscina-i-xemeneia\/#primaryimage"},"image":{"@id":"https:\/\/finquespi.com\/ca\/propietats\/torre-adossada-amb-vistes-al-mar-piscina-i-xemeneia\/#primaryimage"},"thumbnailUrl":"https:\/\/finquespi.com\/wp-content\/uploads\/2026\/03\/1164-43.jpg","datePublished":"2026-04-11T16:51:11+00:00","dateModified":"2026-04-11T16:51:12+00:00","breadcrumb":{"@id":"https:\/\/finquespi.com\/ca\/propietats\/torre-adossada-amb-vistes-al-mar-piscina-i-xemeneia\/#breadcrumb"},"inLanguage":"ca","potentialAction":[{"@type":"ReadAction","target":["https:\/\/finquespi.com\/ca\/propietats\/torre-adossada-amb-vistes-al-mar-piscina-i-xemeneia\/"]}]},{"@type":"ImageObject","inLanguage":"ca","@id":"https:\/\/finquespi.com\/ca\/propietats\/torre-adossada-amb-vistes-al-mar-piscina-i-xemeneia\/#primaryimage","url":"https:\/\/finquespi.com\/wp-content\/uploads\/2026\/03\/1164-43.jpg","contentUrl":"https:\/\/finquespi.com\/wp-content\/uploads\/2026\/03\/1164-43.jpg","width":1500,"height":1125},{"@type":"BreadcrumbList","@id":"https:\/\/finquespi.com\/ca\/propietats\/torre-adossada-amb-vistes-al-mar-piscina-i-xemeneia\/#breadcrumb","itemListElement":[{"@type":"ListItem","position":1,"name":"Llar","item":"https:\/\/finquespi.com\/ca\/"},{"@type":"ListItem","position":2,"name":"Properties","item":"https:\/\/finquespi.com\/ca\/propietats\/"},{"@type":"ListItem","position":3,"name":"Torre adossada amb vistes al mar, piscina i xemeneia"}]},{"@type":"WebSite","@id":"https:\/\/finquespi.com\/ca\/#website","url":"https:\/\/finquespi.com\/ca\/","name":"Finques Pi","description":"","potentialAction":[{"@type":"SearchAction","target":{"@type":"EntryPoint","urlTemplate":"https:\/\/finquespi.com\/ca\/?s={search_term_string}"},"query-input":{"@type":"PropertyValueSpecification","valueRequired":true,"valueName":"search_term_string"}}],"inLanguage":"ca"}]}},"_links":{"self":[{"href":"https:\/\/finquespi.com\/ca\/wp-json\/wp\/v2\/properties\/41459","targetHints":{"allow":["GET"]}}],"collection":[{"href":"https:\/\/finquespi.com\/ca\/wp-json\/wp\/v2\/properties"}],"about":[{"href":"https:\/\/finquespi.com\/ca\/wp-json\/wp\/v2\/types\/property"}],"author":[{"embeddable":true,"href":"https:\/\/finquespi.com\/ca\/wp-json\/wp\/v2\/users\/3"}],"version-history":[{"count":2,"href":"https:\/\/finquespi.com\/ca\/wp-json\/wp\/v2\/properties\/41459\/revisions"}],"predecessor-version":[{"id":41813,"href":"https:\/\/finquespi.com\/ca\/wp-json\/wp\/v2\/properties\/41459\/revisions\/41813"}],"wp:featuredmedia":[{"embeddable":true,"href":"https:\/\/finquespi.com\/ca\/wp-json\/wp\/v2\/media\/41453"}],"wp:attachment":[{"href":"https:\/\/finquespi.com\/ca\/wp-json\/wp\/v2\/media?parent=41459"}],"wp:term":[{"taxonomy":"property_type","embeddable":true,"href":"https:\/\/finquespi.com\/ca\/wp-json\/wp\/v2\/property_type?post=41459"},{"taxonomy":"property_status","embeddable":true,"href":"https:\/\/finquespi.com\/ca\/wp-json\/wp\/v2\/property_status?post=41459"},{"taxonomy":"property_feature","embeddable":true,"href":"https:\/\/finquespi.com\/ca\/wp-json\/wp\/v2\/property_feature?post=41459"},{"taxonomy":"property_label","embeddable":true,"href":"https:\/\/finquespi.com\/ca\/wp-json\/wp\/v2\/property_label?post=41459"},{"taxonomy":"property_city","embeddable":true,"href":"https:\/\/finquespi.com\/ca\/wp-json\/wp\/v2\/property_city?post=41459"}],"curies":[{"name":"wp","href":"https:\/\/api.w.org\/{rel}","templated":true}]}}