{"id":40334,"date":"2026-04-11T18:51:56","date_gmt":"2026-04-11T16:51:56","guid":{"rendered":"https:\/\/finquespi.com\/propiedades\/torre-d-estil-mediterrani\/"},"modified":"2026-04-11T18:51:56","modified_gmt":"2026-04-11T16:51:56","slug":"torre-d-estil-mediterrani","status":"publish","type":"property","link":"https:\/\/finquespi.com\/ca\/propietats\/torre-d-estil-mediterrani\/","title":{"rendered":"Torre d&#8217; estil mediterrani"},"content":{"rendered":"\n<p>Torre d&#8217; estil mediterrani dissenyada per l&#8217; arquitecte Jordi Sagrist\u00e0 Sauleda, molt volgut i respectat tant per la seva contribuci\u00f3 a l&#8217; \u00e0mbit cultural i educatiu de Sant Pol de Mar, com pel seu estil arquitect\u00f2nic que fusiona la tradici\u00f3 local amb solucions contempor\u00e0nies, adaptades al context mediterrani.<\/p>\n\n<p>Si es pogu\u00e9s definir la seva manera de plantejar i fer una construcci\u00f3, seria:<\/p>\n\n<ul class=\"wp-block-list\">\n<li><strong>Materials tradicionals d&#8217; alta qualitat<\/strong> <\/li>\n\n\n\n<li><strong>Disseny funcional i adaptat al clima mediterrani<\/strong><\/li>\n\n\n\n<li><strong>Atenci\u00f3 al detall i personalitzaci\u00f3<\/strong><\/li>\n<\/ul>\n\n<p>Aquesta magn\u00edfica i acollidora casa de 288m2 est\u00e0 constru\u00efda sobre una parcel\u00b7la de 1030m2.<\/p>\n\n<p>Est\u00e0 distribu\u00efda de la seg\u00fcent manera: A peu de carrer tenim el garatge de 57 m2 que no t\u00e9 acc\u00e9s directe amb la casa.<\/p>\n\n<p>A la planta baixa trobem un rebedor,amb un armari rober, que s&#8217;obre a un ampli sal\u00f3 menjador amb xemeneia amb sortida a la terrassa principal per gaudir de l&#8217;aire lliure amb la fam\u00edlia i amics. En aquesta planta tenim una bonica cuina office que tamb\u00e9 t\u00e9 acc\u00e9s a aquesta terrassa i a la qual s&#8217;accedeix des del sal\u00f3. Un safareig que t\u00e9 una alacena i un lavabo de cortesia.  <\/p>\n\n<p>Al fons tenim un petit tram d&#8217;escala, com una entreplanta, on hi ha una bonica suite amb vestidor i un ampli bany amb plat de dutxa i dos rentamans i una habitaci\u00f3 doble amb un gran armari.<\/p>\n\n<p>En pujar al primer pis, ens rep un llumin\u00f3s espai com\u00fa perfecte com a sala de jocs o estudi que ens dona acc\u00e9s a dues habitacions dobles amb armari integrat i un bany complet amb dues dutxes i dos rentamans. Des d&#8217; aquest estudi s&#8217; accedeix a una terrassa que mira a l&#8217; est amb vista de l&#8217; entorn i al poble. <\/p>\n\n<p>El primer nivell de la parcel\u00b7la disposa d&#8217;un jard\u00ed, ideal per prendre el sol mentre gaudeixes d&#8217;un refrigeri. A continuaci\u00f3 ve la terrassa principal i a la part posterior de la casa disposa d&#8217;un ampli terreny on es pot ampliar l&#8217;espai natural amb arbres fruiters, un hort i fins i tot una piscina.   <\/p>\n\n<p>Aquesta propietat es troba a 10 minuts de la platja, 15 minuts del centre, a 5 minuts del col\u00b7legi a peu i perfectament comunicada amb la carretera NII i l&#8217;autopista C32.  <\/p>\n\n<p>Si et decideixes per aquesta propietat, no nom\u00e9s estar\u00e0s adquirint la teva nova llar, sin\u00f3 tamb\u00e9, una petita part de la hist\u00f2ria arquitect\u00f2nica de Sant Pol de Mar.  <\/p>\n\n<p>Contacteu amb nosaltres per concertar una visita. No la deixin escapar. <\/p>\n","protected":false},"excerpt":{"rendered":"<p>Torre d&#8217; estil mediterrani dissenyada per l&#8217; arquitecte Jordi Sagrist\u00e0 Sauleda, molt volgut i respectat tant per la seva contribuci\u00f3 a l&#8217; \u00e0mbit cultural i educatiu de Sant Pol de Mar, com pel seu estil arquitect\u00f2nic que fusiona la tradici\u00f3 local amb solucions contempor\u00e0nies, adaptades al context mediterrani. Si es pogu\u00e9s definir la seva manera [&hellip;]<\/p>\n","protected":false},"author":3,"featured_media":40214,"parent":0,"menu_order":0,"template":"","property_type":[303],"property_status":[300],"property_feature":[241,271,267,243,245,247,273,293,263,249,275,269,251,277,255],"property_label":[],"property_city":[317,312],"class_list":["post-40334","property","type-property","status-publish","has-post-thumbnail","hentry","property_type-cases-chalets","property_status-compra","property_feature-aigua","property_feature-calefaccio","property_feature-despatx","property_feature-electricitat","property_feature-garatge","property_feature-jardi","property_feature-gas-ca","property_feature-cuina-office","property_feature-vistes-a-la-muntanya","property_feature-orientacio-est","property_feature-parquing","property_feature-pati","property_feature-safareig","property_feature-terrassa","property_feature-vistes-a-la-ciutat","property_city-can-viyar-del-grau-ca","property_city-sant-pol-de-mar-ca"],"property_meta":{"houzez_featured_listing_date":[""],"_top_nav_excluded":[""],"_cms_nav_minihome":[""],"houzez_geolocation_lat":["41.601548312788"],"houzez_geolocation_long":["2.6157766970938"],"_thumbnail_id":["40214"],"_last_translation_edit_mode":["translation-editor"],"_wpml_word_count":["403"],"houzez_total_property_views":["256"],"houzez_views_by_date":["a:61:{s:10:\"02-17-2026\";i:1;s:10:\"02-18-2026\";i:1;s:10:\"02-19-2026\";i:1;s:10:\"02-20-2026\";i:2;s:10:\"02-21-2026\";i:2;s:10:\"02-22-2026\";i:3;s:10:\"02-23-2026\";i:1;s:10:\"02-24-2026\";i:3;s:10:\"02-25-2026\";i:1;s:10:\"02-26-2026\";i:1;s:10:\"02-28-2026\";i:1;s:10:\"03-03-2026\";i:1;s:10:\"03-07-2026\";i:1;s:10:\"03-08-2026\";i:1;s:10:\"03-09-2026\";i:2;s:10:\"03-10-2026\";i:1;s:10:\"03-11-2026\";i:4;s:10:\"03-12-2026\";i:1;s:10:\"03-13-2026\";i:2;s:10:\"03-14-2026\";i:3;s:10:\"03-15-2026\";i:1;s:10:\"03-16-2026\";i:1;s:10:\"03-18-2026\";i:3;s:10:\"03-19-2026\";i:2;s:10:\"03-20-2026\";i:4;s:10:\"03-21-2026\";i:3;s:10:\"03-22-2026\";i:2;s:10:\"03-23-2026\";i:1;s:10:\"03-25-2026\";i:1;s:10:\"03-26-2026\";i:1;s:10:\"03-28-2026\";i:2;s:10:\"03-29-2026\";i:1;s:10:\"03-30-2026\";i:1;s:10:\"04-01-2026\";i:3;s:10:\"04-02-2026\";i:1;s:10:\"04-04-2026\";i:2;s:10:\"04-05-2026\";i:2;s:10:\"04-06-2026\";i:1;s:10:\"04-07-2026\";i:2;s:10:\"04-08-2026\";i:1;s:10:\"04-09-2026\";i:2;s:10:\"04-10-2026\";i:3;s:10:\"04-11-2026\";i:2;s:10:\"04-12-2026\";i:1;s:10:\"04-13-2026\";i:1;s:10:\"04-14-2026\";i:2;s:10:\"04-15-2026\";i:3;s:10:\"04-16-2026\";i:1;s:10:\"04-17-2026\";i:5;s:10:\"04-18-2026\";i:4;s:10:\"04-19-2026\";i:2;s:10:\"04-20-2026\";i:1;s:10:\"04-21-2026\";i:2;s:10:\"04-22-2026\";i:1;s:10:\"04-23-2026\";i:1;s:10:\"04-24-2026\";i:2;s:10:\"04-25-2026\";i:1;s:10:\"04-26-2026\";i:1;s:10:\"04-27-2026\";i:1;s:10:\"04-28-2026\";i:2;s:10:\"04-29-2026\";i:1;}"],"houzez_recently_viewed":["2026-04-29 15:31:19"],"_edit_lock":["1761672870:3"],"_edit_last":["3"],"fave_show_price_placeholder":["0"],"fave_single_content_area":["global"],"houzez_manual_expire":["0"],"_houzez_expiration_date_status":["saved"],"_wpml_media_duplicate":["1"],"_wpml_media_featured":["1"],"_yoast_wpseo_primary_property_type":["303"],"_yoast_wpseo_primary_property_status":["300"],"_yoast_wpseo_primary_property_feature":["241"],"_yoast_wpseo_primary_property_label":[""],"_yoast_wpseo_primary_property_city":["312"],"_yoast_wpseo_content_score":["30"],"_yoast_wpseo_estimated-reading-time-minutes":["3"],"fave_featured":["0"],"fave_property_images":["40150","40156","40162","40165","40177","40180","40183","40186","40189","40192","40195","40198","40201","40204","40207","40210","40213","40216","40219","40222","40225","40228","40231","40234","40240","40243","40246","40249","40252","40255","40258","40261","40264","40267","40270","40273","40276","40279","40282","40285","40288","40291","40294"],"fave_agent_display_option":["author_info"],"fave_single_top_area":["global"],"fave_property_price":["850000"],"fave_property_size":["288"],"fave_property_land":["1030"],"fave_property_bedrooms":["4"],"fave_property_bathrooms":["3"],"fave_property_garage_size":["2"],"fave_property_year":["2003"],"fave_property_id":["1150"],"fave_property_map":["1"],"fave_property_map_address":["Sant Pol de Mar, Maresme, Barcelona, Catalunya, 08395, Espanya"],"fave_property_location":["41.601548312788,2.6157766970938,15"],"fave_property_map_street_view":["hide"],"fave_prop_homeslider":["no"],"_elementor_page_assets":["a:0:{}"]},"yoast_head":"<!-- This site is optimized with the Yoast SEO plugin v27.3 - https:\/\/yoast.com\/product\/yoast-seo-wordpress\/ -->\n<title>Finques Pi<\/title>\n<meta name=\"robots\" content=\"index, follow, max-snippet:-1, max-image-preview:large, max-video-preview:-1\" \/>\n<link rel=\"canonical\" href=\"https:\/\/finquespi.com\/ca\/propietats\/torre-d-estil-mediterrani\/\" \/>\n<meta property=\"og:locale\" content=\"ca_ES\" \/>\n<meta property=\"og:type\" content=\"article\" \/>\n<meta property=\"og:title\" content=\"Torre d&#039; estil mediterrani | Finques Pi\" \/>\n<meta property=\"og:description\" content=\"Torre d&#8217; estil mediterrani dissenyada per l&#8217; arquitecte Jordi Sagrist\u00e0 Sauleda, molt volgut i respectat tant per la seva contribuci\u00f3 a l&#8217; \u00e0mbit cultural i educatiu de Sant Pol de Mar, com pel seu estil arquitect\u00f2nic que fusiona la tradici\u00f3 local amb solucions contempor\u00e0nies, adaptades al context mediterrani. Si es pogu\u00e9s definir la seva manera [&hellip;]\" \/>\n<meta property=\"og:url\" content=\"https:\/\/finquespi.com\/ca\/propietats\/torre-d-estil-mediterrani\/\" \/>\n<meta property=\"og:site_name\" content=\"Finques Pi\" \/>\n<meta property=\"og:image\" content=\"https:\/\/finquespi.com\/wp-content\/uploads\/2025\/10\/1150-25.jpg\" \/>\n\t<meta property=\"og:image:width\" content=\"1500\" \/>\n\t<meta property=\"og:image:height\" content=\"1000\" \/>\n\t<meta property=\"og:image:type\" content=\"image\/jpeg\" \/>\n<meta name=\"twitter:card\" content=\"summary_large_image\" \/>\n<meta name=\"twitter:label1\" content=\"Temps estimat de lectura\" \/>\n\t<meta name=\"twitter:data1\" content=\"3 minuts\" \/>\n<script type=\"application\/ld+json\" class=\"yoast-schema-graph\">{\"@context\":\"https:\\\/\\\/schema.org\",\"@graph\":[{\"@type\":\"WebPage\",\"@id\":\"https:\\\/\\\/finquespi.com\\\/ca\\\/propietats\\\/torre-d-estil-mediterrani\\\/\",\"url\":\"https:\\\/\\\/finquespi.com\\\/ca\\\/propietats\\\/torre-d-estil-mediterrani\\\/\",\"name\":\"Torre d' estil mediterrani | Finques Pi\",\"isPartOf\":{\"@id\":\"https:\\\/\\\/finquespi.com\\\/ca\\\/#website\"},\"primaryImageOfPage\":{\"@id\":\"https:\\\/\\\/finquespi.com\\\/ca\\\/propietats\\\/torre-d-estil-mediterrani\\\/#primaryimage\"},\"image\":{\"@id\":\"https:\\\/\\\/finquespi.com\\\/ca\\\/propietats\\\/torre-d-estil-mediterrani\\\/#primaryimage\"},\"thumbnailUrl\":\"https:\\\/\\\/finquespi.com\\\/wp-content\\\/uploads\\\/2025\\\/10\\\/1150-25.jpg\",\"datePublished\":\"2026-04-11T16:51:56+00:00\",\"breadcrumb\":{\"@id\":\"https:\\\/\\\/finquespi.com\\\/ca\\\/propietats\\\/torre-d-estil-mediterrani\\\/#breadcrumb\"},\"inLanguage\":\"ca\",\"potentialAction\":[{\"@type\":\"ReadAction\",\"target\":[\"https:\\\/\\\/finquespi.com\\\/ca\\\/propietats\\\/torre-d-estil-mediterrani\\\/\"]}]},{\"@type\":\"ImageObject\",\"inLanguage\":\"ca\",\"@id\":\"https:\\\/\\\/finquespi.com\\\/ca\\\/propietats\\\/torre-d-estil-mediterrani\\\/#primaryimage\",\"url\":\"https:\\\/\\\/finquespi.com\\\/wp-content\\\/uploads\\\/2025\\\/10\\\/1150-25.jpg\",\"contentUrl\":\"https:\\\/\\\/finquespi.com\\\/wp-content\\\/uploads\\\/2025\\\/10\\\/1150-25.jpg\",\"width\":1500,\"height\":1000},{\"@type\":\"BreadcrumbList\",\"@id\":\"https:\\\/\\\/finquespi.com\\\/ca\\\/propietats\\\/torre-d-estil-mediterrani\\\/#breadcrumb\",\"itemListElement\":[{\"@type\":\"ListItem\",\"position\":1,\"name\":\"Llar\",\"item\":\"https:\\\/\\\/finquespi.com\\\/ca\\\/\"},{\"@type\":\"ListItem\",\"position\":2,\"name\":\"Properties\",\"item\":\"https:\\\/\\\/finquespi.com\\\/ca\\\/propietats\\\/\"},{\"@type\":\"ListItem\",\"position\":3,\"name\":\"Torre d&#8217; estil mediterrani\"}]},{\"@type\":\"WebSite\",\"@id\":\"https:\\\/\\\/finquespi.com\\\/ca\\\/#website\",\"url\":\"https:\\\/\\\/finquespi.com\\\/ca\\\/\",\"name\":\"Finques Pi\",\"description\":\"\",\"potentialAction\":[{\"@type\":\"SearchAction\",\"target\":{\"@type\":\"EntryPoint\",\"urlTemplate\":\"https:\\\/\\\/finquespi.com\\\/ca\\\/?s={search_term_string}\"},\"query-input\":{\"@type\":\"PropertyValueSpecification\",\"valueRequired\":true,\"valueName\":\"search_term_string\"}}],\"inLanguage\":\"ca\"}]}<\/script>\n<!-- \/ Yoast SEO plugin. -->","yoast_head_json":{"title":"Finques Pi","robots":{"index":"index","follow":"follow","max-snippet":"max-snippet:-1","max-image-preview":"max-image-preview:large","max-video-preview":"max-video-preview:-1"},"canonical":"https:\/\/finquespi.com\/ca\/propietats\/torre-d-estil-mediterrani\/","og_locale":"ca_ES","og_type":"article","og_title":"Torre d' estil mediterrani | Finques Pi","og_description":"Torre d&#8217; estil mediterrani dissenyada per l&#8217; arquitecte Jordi Sagrist\u00e0 Sauleda, molt volgut i respectat tant per la seva contribuci\u00f3 a l&#8217; \u00e0mbit cultural i educatiu de Sant Pol de Mar, com pel seu estil arquitect\u00f2nic que fusiona la tradici\u00f3 local amb solucions contempor\u00e0nies, adaptades al context mediterrani. Si es pogu\u00e9s definir la seva manera [&hellip;]","og_url":"https:\/\/finquespi.com\/ca\/propietats\/torre-d-estil-mediterrani\/","og_site_name":"Finques Pi","og_image":[{"width":1500,"height":1000,"url":"https:\/\/finquespi.com\/wp-content\/uploads\/2025\/10\/1150-25.jpg","type":"image\/jpeg"}],"twitter_card":"summary_large_image","twitter_misc":{"Temps estimat de lectura":"3 minuts"},"schema":{"@context":"https:\/\/schema.org","@graph":[{"@type":"WebPage","@id":"https:\/\/finquespi.com\/ca\/propietats\/torre-d-estil-mediterrani\/","url":"https:\/\/finquespi.com\/ca\/propietats\/torre-d-estil-mediterrani\/","name":"Torre d' estil mediterrani | Finques Pi","isPartOf":{"@id":"https:\/\/finquespi.com\/ca\/#website"},"primaryImageOfPage":{"@id":"https:\/\/finquespi.com\/ca\/propietats\/torre-d-estil-mediterrani\/#primaryimage"},"image":{"@id":"https:\/\/finquespi.com\/ca\/propietats\/torre-d-estil-mediterrani\/#primaryimage"},"thumbnailUrl":"https:\/\/finquespi.com\/wp-content\/uploads\/2025\/10\/1150-25.jpg","datePublished":"2026-04-11T16:51:56+00:00","breadcrumb":{"@id":"https:\/\/finquespi.com\/ca\/propietats\/torre-d-estil-mediterrani\/#breadcrumb"},"inLanguage":"ca","potentialAction":[{"@type":"ReadAction","target":["https:\/\/finquespi.com\/ca\/propietats\/torre-d-estil-mediterrani\/"]}]},{"@type":"ImageObject","inLanguage":"ca","@id":"https:\/\/finquespi.com\/ca\/propietats\/torre-d-estil-mediterrani\/#primaryimage","url":"https:\/\/finquespi.com\/wp-content\/uploads\/2025\/10\/1150-25.jpg","contentUrl":"https:\/\/finquespi.com\/wp-content\/uploads\/2025\/10\/1150-25.jpg","width":1500,"height":1000},{"@type":"BreadcrumbList","@id":"https:\/\/finquespi.com\/ca\/propietats\/torre-d-estil-mediterrani\/#breadcrumb","itemListElement":[{"@type":"ListItem","position":1,"name":"Llar","item":"https:\/\/finquespi.com\/ca\/"},{"@type":"ListItem","position":2,"name":"Properties","item":"https:\/\/finquespi.com\/ca\/propietats\/"},{"@type":"ListItem","position":3,"name":"Torre d&#8217; estil mediterrani"}]},{"@type":"WebSite","@id":"https:\/\/finquespi.com\/ca\/#website","url":"https:\/\/finquespi.com\/ca\/","name":"Finques Pi","description":"","potentialAction":[{"@type":"SearchAction","target":{"@type":"EntryPoint","urlTemplate":"https:\/\/finquespi.com\/ca\/?s={search_term_string}"},"query-input":{"@type":"PropertyValueSpecification","valueRequired":true,"valueName":"search_term_string"}}],"inLanguage":"ca"}]}},"_links":{"self":[{"href":"https:\/\/finquespi.com\/ca\/wp-json\/wp\/v2\/properties\/40334","targetHints":{"allow":["GET"]}}],"collection":[{"href":"https:\/\/finquespi.com\/ca\/wp-json\/wp\/v2\/properties"}],"about":[{"href":"https:\/\/finquespi.com\/ca\/wp-json\/wp\/v2\/types\/property"}],"author":[{"embeddable":true,"href":"https:\/\/finquespi.com\/ca\/wp-json\/wp\/v2\/users\/3"}],"version-history":[{"count":3,"href":"https:\/\/finquespi.com\/ca\/wp-json\/wp\/v2\/properties\/40334\/revisions"}],"predecessor-version":[{"id":41871,"href":"https:\/\/finquespi.com\/ca\/wp-json\/wp\/v2\/properties\/40334\/revisions\/41871"}],"wp:featuredmedia":[{"embeddable":true,"href":"https:\/\/finquespi.com\/ca\/wp-json\/wp\/v2\/media\/40214"}],"wp:attachment":[{"href":"https:\/\/finquespi.com\/ca\/wp-json\/wp\/v2\/media?parent=40334"}],"wp:term":[{"taxonomy":"property_type","embeddable":true,"href":"https:\/\/finquespi.com\/ca\/wp-json\/wp\/v2\/property_type?post=40334"},{"taxonomy":"property_status","embeddable":true,"href":"https:\/\/finquespi.com\/ca\/wp-json\/wp\/v2\/property_status?post=40334"},{"taxonomy":"property_feature","embeddable":true,"href":"https:\/\/finquespi.com\/ca\/wp-json\/wp\/v2\/property_feature?post=40334"},{"taxonomy":"property_label","embeddable":true,"href":"https:\/\/finquespi.com\/ca\/wp-json\/wp\/v2\/property_label?post=40334"},{"taxonomy":"property_city","embeddable":true,"href":"https:\/\/finquespi.com\/ca\/wp-json\/wp\/v2\/property_city?post=40334"}],"curies":[{"name":"wp","href":"https:\/\/api.w.org\/{rel}","templated":true}]}}