{"id":39595,"date":"2025-08-26T11:34:41","date_gmt":"2025-08-26T09:34:41","guid":{"rendered":"https:\/\/finquespi.com\/propiedades\/encantadora-casa-aparellada-de-143-m%c2%b2-que-ofereix-comoditat-i-amplitud\/"},"modified":"2026-04-18T16:43:40","modified_gmt":"2026-04-18T14:43:40","slug":"encantadora-casa-aparellada-de-143-m%c2%b2-que-ofereix-comoditat-i-amplitud","status":"publish","type":"property","link":"https:\/\/finquespi.com\/ca\/propietats\/encantadora-casa-aparellada-de-143-m%c2%b2-que-ofereix-comoditat-i-amplitud\/","title":{"rendered":"Encantadora casa aparellada de 143 m\u00b2 que ofereix comoditat i amplitud"},"content":{"rendered":"\n<p><strong>Encantadora casa aparellada de 143 m\u00b2<\/strong> que ofereix comoditat i amplitud, distribu\u00efda en 4 habitacions, 2 banys complets i un lavabo de cortesia. L&#8217;habitatge compta amb <strong>dos patis, un balc\u00f3 i una magn\u00edfica terrassa sol\u00e0rium<\/strong>, a m\u00e9s de <strong>pla\u00e7a de garatge a la mateixa comunitat<\/strong>. <\/p>\n\n<p>En arribar, ens rep un acollidor pati que condueix a l&#8217;entrada principal. Des d&#8217;aqu\u00ed accedim al <strong>sal\u00f3-menjador<\/strong>, molt llumin\u00f3s gr\u00e0cies als seus dos finestrals que s&#8217;obren cap al mateix pati, creant un ambient c\u00e0lid i agradable. En aquesta planta tamb\u00e9 trobem un lavabo i una <strong>cuina funcional<\/strong> amb sortida al pati del darrere. Aquest segon pati, de major grand\u00e0ria i orientaci\u00f3 est, resulta ideal per a reunions familiars o amb amics, especialment a l&#8217;estiu.    En aquest pati tamb\u00e9 trobem el safareig independent de la casa.  <\/p>\n\n<p>A la primera planta s&#8217;ubiquen dues habitacions de bona mida i una <strong>habitaci\u00f3 doble amb armari encastat<\/strong>, que a m\u00e9s compta amb sortida a un ampli balc\u00f3 amb vistes al poble, l&#8217;ermita i el mar.<\/p>\n\n<p>La segona planta alberga una habitaci\u00f3 addicional, perfecta com a despatx o zona d&#8217; emmagatzematge, i la <strong>suite principal<\/strong>. Aquesta suite disposa de bany complet amb banyera, armaris encastats i un gran finestral que dona acc\u00e9s a una <strong>impressionant terrassa<\/strong>. Des d&#8217;aqu\u00ed es gaudeixen unes vistes privilegiades al poble, l&#8217;ermita i el mar, convertint-se en un rac\u00f3 \u00fanic per gaudir de les nits d&#8217;estiu sota un cel estrellat. L&#8217;habitatge est\u00e0 equipat amb <strong>calefacci\u00f3 de gas natural, aire condicionat a la suite, s\u00f2l de parquet, fusteria d&#8217;alumini amb doble envidrament<\/strong> i es troba en una <strong>excel\u00b7lent ubicaci\u00f3<\/strong>, a pocs minuts del centre, la platja i el transport p\u00fablic.  <\/p>\n\n<p><\/p>\n\n<p>ESTAT: BO<br\/>SUPERF\u00cdCIE \u00daTIL: 114,4<br\/>SUPERF\u00cdCIE CONSTRU\u00cfDA: 143<br\/>CONSUM ENERG\u00c8TIC KWH\/M\u00b2 ANY: 157 E<br\/>EMISSIONS KG CO2\/M2 ANY: 32 D<br\/>CHB05246825001<br\/>ITP: TIPUS VIGENT<br\/>DESPESES NOTARIALS I REGISTRALS SEGONS ARANZEL.<\/p>\n\n<p>NOTA: Despeses de notaria, Registre i Impostos no inclosos en el preu. Els honoraris a aquesta immobili\u00e0ria seran assumits en la seva totalitat per la part venedora, la part compradora no pagar\u00e0 honoraris. <\/p>\n\n<p>API 2616<br\/>AICAT 1181<\/p>\n","protected":false},"excerpt":{"rendered":"<p>Encantadora casa aparellada de 143 m\u00b2 que ofereix comoditat i amplitud, distribu\u00efda en 4 habitacions, 2 banys complets i un lavabo de cortesia. L&#8217;habitatge compta amb dos patis, un balc\u00f3 i una magn\u00edfica terrassa sol\u00e0rium, a m\u00e9s de pla\u00e7a de garatge a la mateixa comunitat. En arribar, ens rep un acollidor pati que condueix a [&hellip;]<\/p>\n","protected":false},"author":3,"featured_media":39560,"parent":0,"menu_order":0,"template":"","property_type":[303],"property_status":[300],"property_feature":[241,265,281,271,245,273,293,249,261,275,269,251,277],"property_label":[],"property_city":[318,312],"class_list":["post-39595","property","type-property","status-publish","has-post-thumbnail","hentry","property_type-cases-chalets","property_status-compra","property_feature-aigua","property_feature-aire-condicionat","property_feature-balco","property_feature-calefaccio","property_feature-garatge","property_feature-gas-ca","property_feature-cuina-office","property_feature-orientacio-est","property_feature-orientacio-sud","property_feature-parquing","property_feature-pati","property_feature-safareig","property_feature-terrassa","property_city-centre-ca","property_city-sant-pol-de-mar-ca"],"property_meta":{"fave_featured":["0"],"houzez_featured_listing_date":[""],"fave_property_images":["39487","39490","39493","39496","39499","39502","39505","39508","39511","39514","39517","39520","39523","39526","39529","39532","39535","39538","39541","39544","39547","39550","39553","39556","39559","39562","39565","39568","39571","39574","39577","39580","39583","39586","39589","41888"],"fave_agent_display_option":["author_info"],"fave_single_top_area":["global"],"_top_nav_excluded":[""],"_cms_nav_minihome":[""],"houzez_geolocation_lat":["41.6036086"],"houzez_geolocation_long":["2.6250172"],"_thumbnail_id":["39560"],"_last_translation_edit_mode":["translation-editor"],"_wpml_word_count":["358"],"houzez_manual_expire":["0"],"_houzez_expiration_date_status":["saved"],"_yoast_wpseo_primary_property_type":["59"],"_yoast_wpseo_primary_property_status":["33"],"_yoast_wpseo_primary_property_feature":["109"],"_yoast_wpseo_primary_property_label":[""],"_yoast_wpseo_primary_property_city":["87"],"houzez_total_property_views":["457"],"houzez_views_by_date":["a:61:{s:10:\"02-12-2026\";i:4;s:10:\"02-14-2026\";i:3;s:10:\"02-15-2026\";i:1;s:10:\"02-16-2026\";i:1;s:10:\"02-19-2026\";i:1;s:10:\"02-22-2026\";i:2;s:10:\"02-25-2026\";i:1;s:10:\"02-28-2026\";i:3;s:10:\"03-04-2026\";i:2;s:10:\"03-07-2026\";i:1;s:10:\"03-08-2026\";i:1;s:10:\"03-10-2026\";i:3;s:10:\"03-11-2026\";i:2;s:10:\"03-13-2026\";i:3;s:10:\"03-14-2026\";i:1;s:10:\"03-15-2026\";i:1;s:10:\"03-16-2026\";i:2;s:10:\"03-17-2026\";i:2;s:10:\"03-18-2026\";i:2;s:10:\"03-19-2026\";i:6;s:10:\"03-20-2026\";i:4;s:10:\"03-21-2026\";i:1;s:10:\"03-22-2026\";i:3;s:10:\"03-23-2026\";i:1;s:10:\"03-24-2026\";i:3;s:10:\"03-25-2026\";i:2;s:10:\"03-26-2026\";i:4;s:10:\"03-27-2026\";i:4;s:10:\"03-28-2026\";i:2;s:10:\"03-29-2026\";i:2;s:10:\"03-30-2026\";i:2;s:10:\"03-31-2026\";i:3;s:10:\"04-01-2026\";i:3;s:10:\"04-02-2026\";i:5;s:10:\"04-03-2026\";i:4;s:10:\"04-04-2026\";i:3;s:10:\"04-05-2026\";i:2;s:10:\"04-06-2026\";i:2;s:10:\"04-07-2026\";i:4;s:10:\"04-08-2026\";i:4;s:10:\"04-09-2026\";i:4;s:10:\"04-10-2026\";i:5;s:10:\"04-11-2026\";i:2;s:10:\"04-12-2026\";i:3;s:10:\"04-13-2026\";i:4;s:10:\"04-14-2026\";i:3;s:10:\"04-15-2026\";i:4;s:10:\"04-16-2026\";i:3;s:10:\"04-17-2026\";i:3;s:10:\"04-18-2026\";i:2;s:10:\"04-19-2026\";i:2;s:10:\"04-20-2026\";i:5;s:10:\"04-21-2026\";i:4;s:10:\"04-22-2026\";i:3;s:10:\"04-23-2026\";i:2;s:10:\"04-24-2026\";i:2;s:10:\"04-25-2026\";i:3;s:10:\"04-26-2026\";i:1;s:10:\"04-27-2026\";i:6;s:10:\"04-28-2026\";i:1;s:10:\"04-29-2026\";i:4;}"],"houzez_recently_viewed":["2026-04-29 19:46:14"],"_elementor_page_assets":["a:0:{}"],"fave_property_price":["455000"],"fave_property_size":["148"],"fave_property_bedrooms":["4"],"fave_property_bathrooms":["3"],"fave_property_garage_size":["1"],"fave_property_year":["1991"],"fave_property_id":["1141"],"fave_property_map":["1"],"fave_property_map_address":["Carrer B. Adroher, Marina, Sant Pol de Mar, Maresme, Barcelona, Catalunya, 08395, Espanya"],"fave_property_location":["41.6036086,2.6250172,15"],"fave_property_map_street_view":["hide"],"fave_virtual_tour":["https:\/\/virtea.com\/tours\/66400d1a8f"],"fave_prop_homeslider":["no"],"fave_energy_class":["E"],"fave_energy_global_index":["182"],"fave_renewable_energy_global_index":["E 38"]},"yoast_head":"<!-- This site is optimized with the Yoast SEO plugin v27.3 - https:\/\/yoast.com\/product\/yoast-seo-wordpress\/ -->\n<title>Finques Pi<\/title>\n<meta name=\"robots\" content=\"index, follow, max-snippet:-1, max-image-preview:large, max-video-preview:-1\" \/>\n<link rel=\"canonical\" href=\"https:\/\/finquespi.com\/ca\/propietats\/encantadora-casa-aparellada-de-143-m%c2%b2-que-ofereix-comoditat-i-amplitud\/\" \/>\n<meta property=\"og:locale\" content=\"ca_ES\" \/>\n<meta property=\"og:type\" content=\"article\" \/>\n<meta property=\"og:title\" content=\"Encantadora casa aparellada de 143 m\u00b2 que ofereix comoditat i amplitud | Finques Pi\" \/>\n<meta property=\"og:description\" content=\"Encantadora casa aparellada de 143 m\u00b2 que ofereix comoditat i amplitud, distribu\u00efda en 4 habitacions, 2 banys complets i un lavabo de cortesia. L&#8217;habitatge compta amb dos patis, un balc\u00f3 i una magn\u00edfica terrassa sol\u00e0rium, a m\u00e9s de pla\u00e7a de garatge a la mateixa comunitat. En arribar, ens rep un acollidor pati que condueix a [&hellip;]\" \/>\n<meta property=\"og:url\" content=\"https:\/\/finquespi.com\/ca\/propietats\/encantadora-casa-aparellada-de-143-m%c2%b2-que-ofereix-comoditat-i-amplitud\/\" \/>\n<meta property=\"og:site_name\" content=\"Finques Pi\" \/>\n<meta property=\"article:modified_time\" content=\"2026-04-18T14:43:40+00:00\" \/>\n<meta property=\"og:image\" content=\"https:\/\/finquespi.com\/wp-content\/uploads\/2025\/08\/1141-25.jpg\" \/>\n\t<meta property=\"og:image:width\" content=\"1500\" \/>\n\t<meta property=\"og:image:height\" content=\"1000\" \/>\n\t<meta property=\"og:image:type\" content=\"image\/jpeg\" \/>\n<meta name=\"twitter:card\" content=\"summary_large_image\" \/>\n<meta name=\"twitter:label1\" content=\"Temps estimat de lectura\" \/>\n\t<meta name=\"twitter:data1\" content=\"2 minuts\" \/>\n<script type=\"application\/ld+json\" class=\"yoast-schema-graph\">{\"@context\":\"https:\\\/\\\/schema.org\",\"@graph\":[{\"@type\":\"WebPage\",\"@id\":\"https:\\\/\\\/finquespi.com\\\/ca\\\/propietats\\\/encantadora-casa-aparellada-de-143-m%c2%b2-que-ofereix-comoditat-i-amplitud\\\/\",\"url\":\"https:\\\/\\\/finquespi.com\\\/ca\\\/propietats\\\/encantadora-casa-aparellada-de-143-m%c2%b2-que-ofereix-comoditat-i-amplitud\\\/\",\"name\":\"Encantadora casa aparellada de 143 m\u00b2 que ofereix comoditat i amplitud | Finques Pi\",\"isPartOf\":{\"@id\":\"https:\\\/\\\/finquespi.com\\\/ca\\\/#website\"},\"primaryImageOfPage\":{\"@id\":\"https:\\\/\\\/finquespi.com\\\/ca\\\/propietats\\\/encantadora-casa-aparellada-de-143-m%c2%b2-que-ofereix-comoditat-i-amplitud\\\/#primaryimage\"},\"image\":{\"@id\":\"https:\\\/\\\/finquespi.com\\\/ca\\\/propietats\\\/encantadora-casa-aparellada-de-143-m%c2%b2-que-ofereix-comoditat-i-amplitud\\\/#primaryimage\"},\"thumbnailUrl\":\"https:\\\/\\\/finquespi.com\\\/wp-content\\\/uploads\\\/2025\\\/08\\\/1141-25.jpg\",\"datePublished\":\"2025-08-26T09:34:41+00:00\",\"dateModified\":\"2026-04-18T14:43:40+00:00\",\"breadcrumb\":{\"@id\":\"https:\\\/\\\/finquespi.com\\\/ca\\\/propietats\\\/encantadora-casa-aparellada-de-143-m%c2%b2-que-ofereix-comoditat-i-amplitud\\\/#breadcrumb\"},\"inLanguage\":\"ca\",\"potentialAction\":[{\"@type\":\"ReadAction\",\"target\":[\"https:\\\/\\\/finquespi.com\\\/ca\\\/propietats\\\/encantadora-casa-aparellada-de-143-m%c2%b2-que-ofereix-comoditat-i-amplitud\\\/\"]}]},{\"@type\":\"ImageObject\",\"inLanguage\":\"ca\",\"@id\":\"https:\\\/\\\/finquespi.com\\\/ca\\\/propietats\\\/encantadora-casa-aparellada-de-143-m%c2%b2-que-ofereix-comoditat-i-amplitud\\\/#primaryimage\",\"url\":\"https:\\\/\\\/finquespi.com\\\/wp-content\\\/uploads\\\/2025\\\/08\\\/1141-25.jpg\",\"contentUrl\":\"https:\\\/\\\/finquespi.com\\\/wp-content\\\/uploads\\\/2025\\\/08\\\/1141-25.jpg\",\"width\":1500,\"height\":1000},{\"@type\":\"BreadcrumbList\",\"@id\":\"https:\\\/\\\/finquespi.com\\\/ca\\\/propietats\\\/encantadora-casa-aparellada-de-143-m%c2%b2-que-ofereix-comoditat-i-amplitud\\\/#breadcrumb\",\"itemListElement\":[{\"@type\":\"ListItem\",\"position\":1,\"name\":\"Llar\",\"item\":\"https:\\\/\\\/finquespi.com\\\/ca\\\/\"},{\"@type\":\"ListItem\",\"position\":2,\"name\":\"Properties\",\"item\":\"https:\\\/\\\/finquespi.com\\\/ca\\\/propietats\\\/\"},{\"@type\":\"ListItem\",\"position\":3,\"name\":\"Encantadora casa aparellada de 143 m\u00b2 que ofereix comoditat i amplitud\"}]},{\"@type\":\"WebSite\",\"@id\":\"https:\\\/\\\/finquespi.com\\\/ca\\\/#website\",\"url\":\"https:\\\/\\\/finquespi.com\\\/ca\\\/\",\"name\":\"Finques Pi\",\"description\":\"\",\"potentialAction\":[{\"@type\":\"SearchAction\",\"target\":{\"@type\":\"EntryPoint\",\"urlTemplate\":\"https:\\\/\\\/finquespi.com\\\/ca\\\/?s={search_term_string}\"},\"query-input\":{\"@type\":\"PropertyValueSpecification\",\"valueRequired\":true,\"valueName\":\"search_term_string\"}}],\"inLanguage\":\"ca\"}]}<\/script>\n<!-- \/ Yoast SEO plugin. -->","yoast_head_json":{"title":"Finques Pi","robots":{"index":"index","follow":"follow","max-snippet":"max-snippet:-1","max-image-preview":"max-image-preview:large","max-video-preview":"max-video-preview:-1"},"canonical":"https:\/\/finquespi.com\/ca\/propietats\/encantadora-casa-aparellada-de-143-m%c2%b2-que-ofereix-comoditat-i-amplitud\/","og_locale":"ca_ES","og_type":"article","og_title":"Encantadora casa aparellada de 143 m\u00b2 que ofereix comoditat i amplitud | Finques Pi","og_description":"Encantadora casa aparellada de 143 m\u00b2 que ofereix comoditat i amplitud, distribu\u00efda en 4 habitacions, 2 banys complets i un lavabo de cortesia. L&#8217;habitatge compta amb dos patis, un balc\u00f3 i una magn\u00edfica terrassa sol\u00e0rium, a m\u00e9s de pla\u00e7a de garatge a la mateixa comunitat. En arribar, ens rep un acollidor pati que condueix a [&hellip;]","og_url":"https:\/\/finquespi.com\/ca\/propietats\/encantadora-casa-aparellada-de-143-m%c2%b2-que-ofereix-comoditat-i-amplitud\/","og_site_name":"Finques Pi","article_modified_time":"2026-04-18T14:43:40+00:00","og_image":[{"width":1500,"height":1000,"url":"https:\/\/finquespi.com\/wp-content\/uploads\/2025\/08\/1141-25.jpg","type":"image\/jpeg"}],"twitter_card":"summary_large_image","twitter_misc":{"Temps estimat de lectura":"2 minuts"},"schema":{"@context":"https:\/\/schema.org","@graph":[{"@type":"WebPage","@id":"https:\/\/finquespi.com\/ca\/propietats\/encantadora-casa-aparellada-de-143-m%c2%b2-que-ofereix-comoditat-i-amplitud\/","url":"https:\/\/finquespi.com\/ca\/propietats\/encantadora-casa-aparellada-de-143-m%c2%b2-que-ofereix-comoditat-i-amplitud\/","name":"Encantadora casa aparellada de 143 m\u00b2 que ofereix comoditat i amplitud | Finques Pi","isPartOf":{"@id":"https:\/\/finquespi.com\/ca\/#website"},"primaryImageOfPage":{"@id":"https:\/\/finquespi.com\/ca\/propietats\/encantadora-casa-aparellada-de-143-m%c2%b2-que-ofereix-comoditat-i-amplitud\/#primaryimage"},"image":{"@id":"https:\/\/finquespi.com\/ca\/propietats\/encantadora-casa-aparellada-de-143-m%c2%b2-que-ofereix-comoditat-i-amplitud\/#primaryimage"},"thumbnailUrl":"https:\/\/finquespi.com\/wp-content\/uploads\/2025\/08\/1141-25.jpg","datePublished":"2025-08-26T09:34:41+00:00","dateModified":"2026-04-18T14:43:40+00:00","breadcrumb":{"@id":"https:\/\/finquespi.com\/ca\/propietats\/encantadora-casa-aparellada-de-143-m%c2%b2-que-ofereix-comoditat-i-amplitud\/#breadcrumb"},"inLanguage":"ca","potentialAction":[{"@type":"ReadAction","target":["https:\/\/finquespi.com\/ca\/propietats\/encantadora-casa-aparellada-de-143-m%c2%b2-que-ofereix-comoditat-i-amplitud\/"]}]},{"@type":"ImageObject","inLanguage":"ca","@id":"https:\/\/finquespi.com\/ca\/propietats\/encantadora-casa-aparellada-de-143-m%c2%b2-que-ofereix-comoditat-i-amplitud\/#primaryimage","url":"https:\/\/finquespi.com\/wp-content\/uploads\/2025\/08\/1141-25.jpg","contentUrl":"https:\/\/finquespi.com\/wp-content\/uploads\/2025\/08\/1141-25.jpg","width":1500,"height":1000},{"@type":"BreadcrumbList","@id":"https:\/\/finquespi.com\/ca\/propietats\/encantadora-casa-aparellada-de-143-m%c2%b2-que-ofereix-comoditat-i-amplitud\/#breadcrumb","itemListElement":[{"@type":"ListItem","position":1,"name":"Llar","item":"https:\/\/finquespi.com\/ca\/"},{"@type":"ListItem","position":2,"name":"Properties","item":"https:\/\/finquespi.com\/ca\/propietats\/"},{"@type":"ListItem","position":3,"name":"Encantadora casa aparellada de 143 m\u00b2 que ofereix comoditat i amplitud"}]},{"@type":"WebSite","@id":"https:\/\/finquespi.com\/ca\/#website","url":"https:\/\/finquespi.com\/ca\/","name":"Finques Pi","description":"","potentialAction":[{"@type":"SearchAction","target":{"@type":"EntryPoint","urlTemplate":"https:\/\/finquespi.com\/ca\/?s={search_term_string}"},"query-input":{"@type":"PropertyValueSpecification","valueRequired":true,"valueName":"search_term_string"}}],"inLanguage":"ca"}]}},"_links":{"self":[{"href":"https:\/\/finquespi.com\/ca\/wp-json\/wp\/v2\/properties\/39595","targetHints":{"allow":["GET"]}}],"collection":[{"href":"https:\/\/finquespi.com\/ca\/wp-json\/wp\/v2\/properties"}],"about":[{"href":"https:\/\/finquespi.com\/ca\/wp-json\/wp\/v2\/types\/property"}],"author":[{"embeddable":true,"href":"https:\/\/finquespi.com\/ca\/wp-json\/wp\/v2\/users\/3"}],"version-history":[{"count":2,"href":"https:\/\/finquespi.com\/ca\/wp-json\/wp\/v2\/properties\/39595\/revisions"}],"predecessor-version":[{"id":41853,"href":"https:\/\/finquespi.com\/ca\/wp-json\/wp\/v2\/properties\/39595\/revisions\/41853"}],"wp:featuredmedia":[{"embeddable":true,"href":"https:\/\/finquespi.com\/ca\/wp-json\/wp\/v2\/media\/39560"}],"wp:attachment":[{"href":"https:\/\/finquespi.com\/ca\/wp-json\/wp\/v2\/media?parent=39595"}],"wp:term":[{"taxonomy":"property_type","embeddable":true,"href":"https:\/\/finquespi.com\/ca\/wp-json\/wp\/v2\/property_type?post=39595"},{"taxonomy":"property_status","embeddable":true,"href":"https:\/\/finquespi.com\/ca\/wp-json\/wp\/v2\/property_status?post=39595"},{"taxonomy":"property_feature","embeddable":true,"href":"https:\/\/finquespi.com\/ca\/wp-json\/wp\/v2\/property_feature?post=39595"},{"taxonomy":"property_label","embeddable":true,"href":"https:\/\/finquespi.com\/ca\/wp-json\/wp\/v2\/property_label?post=39595"},{"taxonomy":"property_city","embeddable":true,"href":"https:\/\/finquespi.com\/ca\/wp-json\/wp\/v2\/property_city?post=39595"}],"curies":[{"name":"wp","href":"https:\/\/api.w.org\/{rel}","templated":true}]}}