{"id":31068,"date":"2021-06-03T18:31:27","date_gmt":"2021-06-03T16:31:27","guid":{"rendered":"https:\/\/finquespi.com\/propiedades\/parcella-de-77-metres-2\/"},"modified":"2025-07-14T18:35:32","modified_gmt":"2025-07-14T16:35:32","slug":"parcella-de-77-metres","status":"publish","type":"property","link":"https:\/\/finquespi.com\/ca\/propietats\/parcella-de-77-metres\/","title":{"rendered":"Parcel\u00b7la de 80 metres"},"content":{"rendered":"\n<p>Gran oportunitat d&#8217;inversi\u00f3! Parcel\u00b7la de 80 metres quadrats disponible al centre del poble.<\/p>\n\n\n\n<p>Ubicaci\u00f3 excepcional, a nom\u00e9s 5 minuts de la platja i de l&#8217;estaci\u00f3 de tren. A m\u00e9s, es troba a pocs minuts de la pla\u00e7a de l&#8217;hotel i de la carretera Nacional-II.<\/p>\n\n\n\n<p>Ideal per construir el teu projecte o inversi\u00f3 immobili\u00e0ria. Aprofita aquesta oportunitat d&#8217;adquirir una propietat estrat\u00e8gicament situada i gaudeix dels beneficis de viure a prop de la platja i amb acc\u00e9s r\u00e0pid al transport p\u00fablic.<\/p>\n\n\n\n<p>No deixis passar aquesta oportunitat \u00fanica al cor del poble! Contacta&#8217;ns ara per a m\u00e9s informaci\u00f3.<\/p>\n","protected":false},"excerpt":{"rendered":"<p>Gran oportunitat d&#8217;inversi\u00f3! Parcel\u00b7la de 80 metres quadrats disponible al centre del poble. Ubicaci\u00f3 excepcional, a nom\u00e9s 5 minuts de la platja i de l&#8217;estaci\u00f3 de tren. A m\u00e9s, es troba a pocs minuts de la pla\u00e7a de l&#8217;hotel i de la carretera Nacional-II. Ideal per construir el teu projecte o inversi\u00f3 immobili\u00e0ria. Aprofita aquesta [&hellip;]<\/p>\n","protected":false},"author":1,"featured_media":31070,"parent":0,"menu_order":0,"template":"","property_type":[309],"property_status":[300],"property_feature":[],"property_label":[],"property_city":[318,312],"class_list":["post-31068","property","type-property","status-publish","has-post-thumbnail","hentry","property_type-terrenys","property_status-compra","property_city-centre-ca","property_city-sant-pol-de-mar-ca"],"property_meta":{"_wpml_word_count":["104"],"fave_property_price":["250000"],"fave_property_map":["1"],"fave_property_location":["25.68654,-80.431345,15"],"houzez_geolocation_lat":["25.68654","25.68654"],"houzez_geolocation_long":["-80.431345","-80.431345"],"fave_property_map_street_view":["hide"],"houzez_featured_listing_date":[""],"fave_loggedintoview":["0"],"fave_agent_display_option":["agent_info"],"fave_prop_homeslider":["no"],"fave_single_content_area":["global"],"rs_page_bg_color":[""],"houzez_manual_expire":["0"],"_houzez_expiration_date_status":["saved"],"_wpml_media_duplicate":["1"],"_wpml_media_featured":["1"],"_yoast_wpseo_content_score":["90"],"_yoast_wpseo_estimated-reading-time-minutes":["1"],"_wpml_location_migration_done":["1"],"fave_property_land":["77"],"fave_property_id":["598"],"_wpml_media_has_media":["1"],"_yoast_wpseo_primary_property_type":["309"],"_yoast_wpseo_primary_property_status":["300"],"_yoast_wpseo_primary_property_label":[""],"_yoast_wpseo_primary_property_country":["74"],"_yoast_wpseo_primary_property_state":["75"],"_yoast_wpseo_primary_property_city":["312"],"_yoast_wpseo_primary_property_area":["92"],"houzez_total_property_views":["1586"],"houzez_views_by_date":["a:61:{s:10:\"01-07-2026\";i:1;s:10:\"01-09-2026\";i:3;s:10:\"01-10-2026\";i:2;s:10:\"01-11-2026\";i:3;s:10:\"01-14-2026\";i:1;s:10:\"01-15-2026\";i:1;s:10:\"01-16-2026\";i:1;s:10:\"01-17-2026\";i:2;s:10:\"01-18-2026\";i:3;s:10:\"01-19-2026\";i:4;s:10:\"01-20-2026\";i:2;s:10:\"01-21-2026\";i:3;s:10:\"01-23-2026\";i:1;s:10:\"01-24-2026\";i:1;s:10:\"01-26-2026\";i:1;s:10:\"01-29-2026\";i:1;s:10:\"01-30-2026\";i:3;s:10:\"02-02-2026\";i:4;s:10:\"02-06-2026\";i:1;s:10:\"02-07-2026\";i:2;s:10:\"02-09-2026\";i:4;s:10:\"02-10-2026\";i:2;s:10:\"02-12-2026\";i:2;s:10:\"02-13-2026\";i:2;s:10:\"02-14-2026\";i:4;s:10:\"02-16-2026\";i:1;s:10:\"02-19-2026\";i:1;s:10:\"02-24-2026\";i:2;s:10:\"02-25-2026\";i:1;s:10:\"02-27-2026\";i:2;s:10:\"02-28-2026\";i:5;s:10:\"03-03-2026\";i:2;s:10:\"03-07-2026\";i:2;s:10:\"03-08-2026\";i:3;s:10:\"03-09-2026\";i:1;s:10:\"03-13-2026\";i:1;s:10:\"03-14-2026\";i:2;s:10:\"03-15-2026\";i:1;s:10:\"03-18-2026\";i:1;s:10:\"03-20-2026\";i:3;s:10:\"03-22-2026\";i:2;s:10:\"03-23-2026\";i:3;s:10:\"03-25-2026\";i:2;s:10:\"03-26-2026\";i:1;s:10:\"03-31-2026\";i:2;s:10:\"04-04-2026\";i:3;s:10:\"04-05-2026\";i:3;s:10:\"04-07-2026\";i:2;s:10:\"04-09-2026\";i:5;s:10:\"04-10-2026\";i:3;s:10:\"04-12-2026\";i:2;s:10:\"04-16-2026\";i:1;s:10:\"04-17-2026\";i:4;s:10:\"04-18-2026\";i:1;s:10:\"04-19-2026\";i:2;s:10:\"04-21-2026\";i:1;s:10:\"04-22-2026\";i:2;s:10:\"04-25-2026\";i:5;s:10:\"04-27-2026\";i:1;s:10:\"04-29-2026\";i:1;s:10:\"04-30-2026\";i:2;}"],"houzez_recently_viewed":["2026-04-30 13:42:30"],"cmplz_hide_cookiebanner":[""],"_yoast_wpseo_primary_property_feature":[""],"_yoast_wpseo_wordproof_timestamp":[""],"_cmplz_scanned_post":["1"],"fave_show_price_placeholder":["0"],"_monsterinsights_sitenote_active":["0"],"_thumbnail_id":["31070"],"_edit_lock":["1752510937:1"],"_last_translation_edit_mode":["native-editor"],"_edit_last":["1"],"fave_featured":["0"],"fave_agents":["32801"],"fave_single_top_area":["global"],"fave_property_images":["31070","31069"],"_elementor_page_assets":["a:0:{}"]},"yoast_head":"<!-- This site is optimized with the Yoast SEO plugin v27.3 - https:\/\/yoast.com\/product\/yoast-seo-wordpress\/ -->\n<title>Finques Pi<\/title>\n<meta name=\"robots\" content=\"index, follow, max-snippet:-1, max-image-preview:large, max-video-preview:-1\" \/>\n<link rel=\"canonical\" href=\"https:\/\/finquespi.com\/ca\/propietats\/parcella-de-77-metres\/\" \/>\n<meta property=\"og:locale\" content=\"ca_ES\" \/>\n<meta property=\"og:type\" content=\"article\" \/>\n<meta property=\"og:title\" content=\"Parcel\u00b7la de 80 metres | Finques Pi\" \/>\n<meta property=\"og:description\" content=\"Gran oportunitat d&#8217;inversi\u00f3! Parcel\u00b7la de 80 metres quadrats disponible al centre del poble. Ubicaci\u00f3 excepcional, a nom\u00e9s 5 minuts de la platja i de l&#8217;estaci\u00f3 de tren. A m\u00e9s, es troba a pocs minuts de la pla\u00e7a de l&#8217;hotel i de la carretera Nacional-II. Ideal per construir el teu projecte o inversi\u00f3 immobili\u00e0ria. Aprofita aquesta [&hellip;]\" \/>\n<meta property=\"og:url\" content=\"https:\/\/finquespi.com\/ca\/propietats\/parcella-de-77-metres\/\" \/>\n<meta property=\"og:site_name\" content=\"Finques Pi\" \/>\n<meta property=\"article:modified_time\" content=\"2025-07-14T16:35:32+00:00\" \/>\n<meta property=\"og:image\" content=\"https:\/\/finquespi.com\/wp-content\/uploads\/2021\/06\/598-1.jpg\" \/>\n\t<meta property=\"og:image:width\" content=\"1080\" \/>\n\t<meta property=\"og:image:height\" content=\"720\" \/>\n\t<meta property=\"og:image:type\" content=\"image\/jpeg\" \/>\n<meta name=\"twitter:card\" content=\"summary_large_image\" \/>\n<meta name=\"twitter:label1\" content=\"Temps estimat de lectura\" \/>\n\t<meta name=\"twitter:data1\" content=\"1 minut\" \/>\n<script type=\"application\/ld+json\" class=\"yoast-schema-graph\">{\"@context\":\"https:\\\/\\\/schema.org\",\"@graph\":[{\"@type\":\"WebPage\",\"@id\":\"https:\\\/\\\/finquespi.com\\\/ca\\\/propietats\\\/parcella-de-77-metres\\\/\",\"url\":\"https:\\\/\\\/finquespi.com\\\/ca\\\/propietats\\\/parcella-de-77-metres\\\/\",\"name\":\"Parcel\u00b7la de 80 metres | Finques Pi\",\"isPartOf\":{\"@id\":\"https:\\\/\\\/finquespi.com\\\/ca\\\/#website\"},\"primaryImageOfPage\":{\"@id\":\"https:\\\/\\\/finquespi.com\\\/ca\\\/propietats\\\/parcella-de-77-metres\\\/#primaryimage\"},\"image\":{\"@id\":\"https:\\\/\\\/finquespi.com\\\/ca\\\/propietats\\\/parcella-de-77-metres\\\/#primaryimage\"},\"thumbnailUrl\":\"https:\\\/\\\/finquespi.com\\\/wp-content\\\/uploads\\\/2021\\\/06\\\/598-1.jpg\",\"datePublished\":\"2021-06-03T16:31:27+00:00\",\"dateModified\":\"2025-07-14T16:35:32+00:00\",\"breadcrumb\":{\"@id\":\"https:\\\/\\\/finquespi.com\\\/ca\\\/propietats\\\/parcella-de-77-metres\\\/#breadcrumb\"},\"inLanguage\":\"ca\",\"potentialAction\":[{\"@type\":\"ReadAction\",\"target\":[\"https:\\\/\\\/finquespi.com\\\/ca\\\/propietats\\\/parcella-de-77-metres\\\/\"]}]},{\"@type\":\"ImageObject\",\"inLanguage\":\"ca\",\"@id\":\"https:\\\/\\\/finquespi.com\\\/ca\\\/propietats\\\/parcella-de-77-metres\\\/#primaryimage\",\"url\":\"https:\\\/\\\/finquespi.com\\\/wp-content\\\/uploads\\\/2021\\\/06\\\/598-1.jpg\",\"contentUrl\":\"https:\\\/\\\/finquespi.com\\\/wp-content\\\/uploads\\\/2021\\\/06\\\/598-1.jpg\",\"width\":1080,\"height\":720},{\"@type\":\"BreadcrumbList\",\"@id\":\"https:\\\/\\\/finquespi.com\\\/ca\\\/propietats\\\/parcella-de-77-metres\\\/#breadcrumb\",\"itemListElement\":[{\"@type\":\"ListItem\",\"position\":1,\"name\":\"Llar\",\"item\":\"https:\\\/\\\/finquespi.com\\\/ca\\\/\"},{\"@type\":\"ListItem\",\"position\":2,\"name\":\"Properties\",\"item\":\"https:\\\/\\\/finquespi.com\\\/ca\\\/propietats\\\/\"},{\"@type\":\"ListItem\",\"position\":3,\"name\":\"Parcel\u00b7la de 80 metres\"}]},{\"@type\":\"WebSite\",\"@id\":\"https:\\\/\\\/finquespi.com\\\/ca\\\/#website\",\"url\":\"https:\\\/\\\/finquespi.com\\\/ca\\\/\",\"name\":\"Finques Pi\",\"description\":\"\",\"potentialAction\":[{\"@type\":\"SearchAction\",\"target\":{\"@type\":\"EntryPoint\",\"urlTemplate\":\"https:\\\/\\\/finquespi.com\\\/ca\\\/?s={search_term_string}\"},\"query-input\":{\"@type\":\"PropertyValueSpecification\",\"valueRequired\":true,\"valueName\":\"search_term_string\"}}],\"inLanguage\":\"ca\"}]}<\/script>\n<!-- \/ Yoast SEO plugin. -->","yoast_head_json":{"title":"Finques Pi","robots":{"index":"index","follow":"follow","max-snippet":"max-snippet:-1","max-image-preview":"max-image-preview:large","max-video-preview":"max-video-preview:-1"},"canonical":"https:\/\/finquespi.com\/ca\/propietats\/parcella-de-77-metres\/","og_locale":"ca_ES","og_type":"article","og_title":"Parcel\u00b7la de 80 metres | Finques Pi","og_description":"Gran oportunitat d&#8217;inversi\u00f3! Parcel\u00b7la de 80 metres quadrats disponible al centre del poble. Ubicaci\u00f3 excepcional, a nom\u00e9s 5 minuts de la platja i de l&#8217;estaci\u00f3 de tren. A m\u00e9s, es troba a pocs minuts de la pla\u00e7a de l&#8217;hotel i de la carretera Nacional-II. Ideal per construir el teu projecte o inversi\u00f3 immobili\u00e0ria. Aprofita aquesta [&hellip;]","og_url":"https:\/\/finquespi.com\/ca\/propietats\/parcella-de-77-metres\/","og_site_name":"Finques Pi","article_modified_time":"2025-07-14T16:35:32+00:00","og_image":[{"width":1080,"height":720,"url":"https:\/\/finquespi.com\/wp-content\/uploads\/2021\/06\/598-1.jpg","type":"image\/jpeg"}],"twitter_card":"summary_large_image","twitter_misc":{"Temps estimat de lectura":"1 minut"},"schema":{"@context":"https:\/\/schema.org","@graph":[{"@type":"WebPage","@id":"https:\/\/finquespi.com\/ca\/propietats\/parcella-de-77-metres\/","url":"https:\/\/finquespi.com\/ca\/propietats\/parcella-de-77-metres\/","name":"Parcel\u00b7la de 80 metres | Finques Pi","isPartOf":{"@id":"https:\/\/finquespi.com\/ca\/#website"},"primaryImageOfPage":{"@id":"https:\/\/finquespi.com\/ca\/propietats\/parcella-de-77-metres\/#primaryimage"},"image":{"@id":"https:\/\/finquespi.com\/ca\/propietats\/parcella-de-77-metres\/#primaryimage"},"thumbnailUrl":"https:\/\/finquespi.com\/wp-content\/uploads\/2021\/06\/598-1.jpg","datePublished":"2021-06-03T16:31:27+00:00","dateModified":"2025-07-14T16:35:32+00:00","breadcrumb":{"@id":"https:\/\/finquespi.com\/ca\/propietats\/parcella-de-77-metres\/#breadcrumb"},"inLanguage":"ca","potentialAction":[{"@type":"ReadAction","target":["https:\/\/finquespi.com\/ca\/propietats\/parcella-de-77-metres\/"]}]},{"@type":"ImageObject","inLanguage":"ca","@id":"https:\/\/finquespi.com\/ca\/propietats\/parcella-de-77-metres\/#primaryimage","url":"https:\/\/finquespi.com\/wp-content\/uploads\/2021\/06\/598-1.jpg","contentUrl":"https:\/\/finquespi.com\/wp-content\/uploads\/2021\/06\/598-1.jpg","width":1080,"height":720},{"@type":"BreadcrumbList","@id":"https:\/\/finquespi.com\/ca\/propietats\/parcella-de-77-metres\/#breadcrumb","itemListElement":[{"@type":"ListItem","position":1,"name":"Llar","item":"https:\/\/finquespi.com\/ca\/"},{"@type":"ListItem","position":2,"name":"Properties","item":"https:\/\/finquespi.com\/ca\/propietats\/"},{"@type":"ListItem","position":3,"name":"Parcel\u00b7la de 80 metres"}]},{"@type":"WebSite","@id":"https:\/\/finquespi.com\/ca\/#website","url":"https:\/\/finquespi.com\/ca\/","name":"Finques Pi","description":"","potentialAction":[{"@type":"SearchAction","target":{"@type":"EntryPoint","urlTemplate":"https:\/\/finquespi.com\/ca\/?s={search_term_string}"},"query-input":{"@type":"PropertyValueSpecification","valueRequired":true,"valueName":"search_term_string"}}],"inLanguage":"ca"}]}},"_links":{"self":[{"href":"https:\/\/finquespi.com\/ca\/wp-json\/wp\/v2\/properties\/31068","targetHints":{"allow":["GET"]}}],"collection":[{"href":"https:\/\/finquespi.com\/ca\/wp-json\/wp\/v2\/properties"}],"about":[{"href":"https:\/\/finquespi.com\/ca\/wp-json\/wp\/v2\/types\/property"}],"author":[{"embeddable":true,"href":"https:\/\/finquespi.com\/ca\/wp-json\/wp\/v2\/users\/1"}],"version-history":[{"count":1,"href":"https:\/\/finquespi.com\/ca\/wp-json\/wp\/v2\/properties\/31068\/revisions"}],"predecessor-version":[{"id":31945,"href":"https:\/\/finquespi.com\/ca\/wp-json\/wp\/v2\/properties\/31068\/revisions\/31945"}],"wp:featuredmedia":[{"embeddable":true,"href":"https:\/\/finquespi.com\/ca\/wp-json\/wp\/v2\/media\/31070"}],"wp:attachment":[{"href":"https:\/\/finquespi.com\/ca\/wp-json\/wp\/v2\/media?parent=31068"}],"wp:term":[{"taxonomy":"property_type","embeddable":true,"href":"https:\/\/finquespi.com\/ca\/wp-json\/wp\/v2\/property_type?post=31068"},{"taxonomy":"property_status","embeddable":true,"href":"https:\/\/finquespi.com\/ca\/wp-json\/wp\/v2\/property_status?post=31068"},{"taxonomy":"property_feature","embeddable":true,"href":"https:\/\/finquespi.com\/ca\/wp-json\/wp\/v2\/property_feature?post=31068"},{"taxonomy":"property_label","embeddable":true,"href":"https:\/\/finquespi.com\/ca\/wp-json\/wp\/v2\/property_label?post=31068"},{"taxonomy":"property_city","embeddable":true,"href":"https:\/\/finquespi.com\/ca\/wp-json\/wp\/v2\/property_city?post=31068"}],"curies":[{"name":"wp","href":"https:\/\/api.w.org\/{rel}","templated":true}]}}