{"id":31052,"date":"2023-02-23T12:23:16","date_gmt":"2023-02-23T11:23:16","guid":{"rendered":"https:\/\/finquespi.com\/propiedades\/placa-daparcament-de-22m2-per-a-cotxe-mitja-2\/"},"modified":"2025-07-14T18:45:27","modified_gmt":"2025-07-14T16:45:27","slug":"placa-daparcament-de-22m2-per-a-cotxe-mitja","status":"publish","type":"property","link":"https:\/\/finquespi.com\/ca\/propietats\/placa-daparcament-de-22m2-per-a-cotxe-mitja\/","title":{"rendered":"Pla\u00e7a d&#8217;aparcament de 12m2 per a cotxe mitj\u00e0"},"content":{"rendered":"\n<p>Pla\u00e7a d&#8217;aparcament de 12m2 per a cotxe mitj\u00e0, zona de la Pla\u00e7a de l&#8217;Hotel a Sant Pol de Mar a 5 minuts del centre.<\/p>\n","protected":false},"excerpt":{"rendered":"<p>Pla\u00e7a d&#8217;aparcament de 12m2 per a cotxe mitj\u00e0, zona de la Pla\u00e7a de l&#8217;Hotel a Sant Pol de Mar a 5 minuts del centre.<\/p>\n","protected":false},"author":1,"featured_media":31054,"parent":0,"menu_order":0,"template":"","property_type":[308],"property_status":[300],"property_feature":[245],"property_label":[],"property_city":[320,312],"class_list":["post-31052","property","type-property","status-publish","has-post-thumbnail","hentry","property_type-garatges","property_status-compra","property_feature-garatge","property_city-l-hotel-ca","property_city-sant-pol-de-mar-ca"],"property_meta":{"_wpml_word_count":["25"],"fave_property_price":["13000"],"fave_property_garage":["1"],"fave_property_garage_size":["12"],"fave_property_year":["1993","1993"],"fave_property_id":["1017","1017"],"fave_property_map":["1"],"fave_property_location":["25.68654,-80.431345,15","25.68654,-80.431345,15"],"houzez_geolocation_lat":["25.68654","25.68654"],"houzez_geolocation_long":["-80.431345","-80.431345"],"fave_property_map_street_view":["hide"],"houzez_featured_listing_date":[""],"fave_loggedintoview":["0"],"fave_agent_display_option":["agent_info"],"fave_prop_homeslider":["no"],"fave_single_content_area":["global"],"rs_page_bg_color":[""],"houzez_manual_expire":["0","0"],"_houzez_expiration_date_status":["saved"],"_wpml_media_duplicate":["1"],"_wpml_media_featured":["1"],"_yoast_wpseo_content_score":["90"],"_yoast_wpseo_estimated-reading-time-minutes":["1"],"_wpml_location_migration_done":["1"],"_wpml_media_has_media":["1"],"_yoast_wpseo_primary_property_type":["308"],"_yoast_wpseo_primary_property_status":["300"],"_yoast_wpseo_primary_property_feature":["245"],"_yoast_wpseo_primary_property_label":[""],"_yoast_wpseo_primary_property_country":["74"],"_yoast_wpseo_primary_property_state":["75"],"_yoast_wpseo_primary_property_city":["312"],"_yoast_wpseo_primary_property_area":["87"],"houzez_total_property_views":["771"],"houzez_views_by_date":["a:61:{s:10:\"01-19-2026\";i:3;s:10:\"01-20-2026\";i:1;s:10:\"01-21-2026\";i:1;s:10:\"01-23-2026\";i:3;s:10:\"01-24-2026\";i:1;s:10:\"01-25-2026\";i:2;s:10:\"01-29-2026\";i:1;s:10:\"01-30-2026\";i:3;s:10:\"01-31-2026\";i:2;s:10:\"02-01-2026\";i:3;s:10:\"02-02-2026\";i:1;s:10:\"02-04-2026\";i:1;s:10:\"02-06-2026\";i:2;s:10:\"02-08-2026\";i:1;s:10:\"02-09-2026\";i:2;s:10:\"02-10-2026\";i:1;s:10:\"02-12-2026\";i:2;s:10:\"02-13-2026\";i:1;s:10:\"02-14-2026\";i:1;s:10:\"02-16-2026\";i:2;s:10:\"02-19-2026\";i:1;s:10:\"02-20-2026\";i:1;s:10:\"02-24-2026\";i:1;s:10:\"02-25-2026\";i:1;s:10:\"02-28-2026\";i:3;s:10:\"03-03-2026\";i:2;s:10:\"03-08-2026\";i:1;s:10:\"03-09-2026\";i:1;s:10:\"03-10-2026\";i:1;s:10:\"03-12-2026\";i:1;s:10:\"03-14-2026\";i:2;s:10:\"03-15-2026\";i:1;s:10:\"03-16-2026\";i:1;s:10:\"03-18-2026\";i:2;s:10:\"03-20-2026\";i:4;s:10:\"03-23-2026\";i:1;s:10:\"03-24-2026\";i:1;s:10:\"03-25-2026\";i:1;s:10:\"03-26-2026\";i:2;s:10:\"03-27-2026\";i:1;s:10:\"03-29-2026\";i:1;s:10:\"03-31-2026\";i:2;s:10:\"04-02-2026\";i:3;s:10:\"04-03-2026\";i:1;s:10:\"04-04-2026\";i:2;s:10:\"04-05-2026\";i:3;s:10:\"04-06-2026\";i:1;s:10:\"04-07-2026\";i:1;s:10:\"04-09-2026\";i:3;s:10:\"04-11-2026\";i:1;s:10:\"04-12-2026\";i:1;s:10:\"04-14-2026\";i:1;s:10:\"04-17-2026\";i:1;s:10:\"04-18-2026\";i:1;s:10:\"04-19-2026\";i:2;s:10:\"04-24-2026\";i:3;s:10:\"04-25-2026\";i:2;s:10:\"04-26-2026\";i:1;s:10:\"04-27-2026\";i:1;s:10:\"04-28-2026\";i:1;s:10:\"04-29-2026\";i:2;}"],"houzez_recently_viewed":["2026-04-29 05:26:21"],"_cmplz_scanned_post":["1"],"fave_show_price_placeholder":["0"],"_monsterinsights_sitenote_active":["0"],"_thumbnail_id":["31054"],"_edit_lock":["1752511531:1"],"_last_translation_edit_mode":["native-editor"],"_edit_last":["1"],"fave_featured":["0"],"fave_agents":["32801"],"fave_single_top_area":["global"],"fave_property_images":["31054","31920","31053"],"_elementor_page_assets":["a:0:{}"]},"yoast_head":"<!-- This site is optimized with the Yoast SEO plugin v27.3 - https:\/\/yoast.com\/product\/yoast-seo-wordpress\/ -->\n<title>Finques Pi<\/title>\n<meta name=\"robots\" content=\"index, follow, max-snippet:-1, max-image-preview:large, max-video-preview:-1\" \/>\n<link rel=\"canonical\" href=\"https:\/\/finquespi.com\/ca\/propietats\/placa-daparcament-de-22m2-per-a-cotxe-mitja\/\" \/>\n<meta property=\"og:locale\" content=\"ca_ES\" \/>\n<meta property=\"og:type\" content=\"article\" \/>\n<meta property=\"og:title\" content=\"Pla\u00e7a d&#039;aparcament de 12m2 per a cotxe mitj\u00e0 | Finques Pi\" \/>\n<meta property=\"og:description\" content=\"Pla\u00e7a d&#8217;aparcament de 12m2 per a cotxe mitj\u00e0, zona de la Pla\u00e7a de l&#8217;Hotel a Sant Pol de Mar a 5 minuts del centre.\" \/>\n<meta property=\"og:url\" content=\"https:\/\/finquespi.com\/ca\/propietats\/placa-daparcament-de-22m2-per-a-cotxe-mitja\/\" \/>\n<meta property=\"og:site_name\" content=\"Finques Pi\" \/>\n<meta property=\"article:modified_time\" content=\"2025-07-14T16:45:27+00:00\" \/>\n<meta property=\"og:image\" content=\"https:\/\/finquespi.com\/wp-content\/uploads\/2023\/02\/1017-1.jpeg\" \/>\n\t<meta property=\"og:image:width\" content=\"1920\" \/>\n\t<meta property=\"og:image:height\" content=\"1440\" \/>\n\t<meta property=\"og:image:type\" content=\"image\/jpeg\" \/>\n<meta name=\"twitter:card\" content=\"summary_large_image\" \/>\n<meta name=\"twitter:label1\" content=\"Temps estimat de lectura\" \/>\n\t<meta name=\"twitter:data1\" content=\"1 minut\" \/>\n<script type=\"application\/ld+json\" class=\"yoast-schema-graph\">{\"@context\":\"https:\\\/\\\/schema.org\",\"@graph\":[{\"@type\":\"WebPage\",\"@id\":\"https:\\\/\\\/finquespi.com\\\/ca\\\/propietats\\\/placa-daparcament-de-22m2-per-a-cotxe-mitja\\\/\",\"url\":\"https:\\\/\\\/finquespi.com\\\/ca\\\/propietats\\\/placa-daparcament-de-22m2-per-a-cotxe-mitja\\\/\",\"name\":\"Pla\u00e7a d'aparcament de 12m2 per a cotxe mitj\u00e0 | Finques Pi\",\"isPartOf\":{\"@id\":\"https:\\\/\\\/finquespi.com\\\/ca\\\/#website\"},\"primaryImageOfPage\":{\"@id\":\"https:\\\/\\\/finquespi.com\\\/ca\\\/propietats\\\/placa-daparcament-de-22m2-per-a-cotxe-mitja\\\/#primaryimage\"},\"image\":{\"@id\":\"https:\\\/\\\/finquespi.com\\\/ca\\\/propietats\\\/placa-daparcament-de-22m2-per-a-cotxe-mitja\\\/#primaryimage\"},\"thumbnailUrl\":\"https:\\\/\\\/finquespi.com\\\/wp-content\\\/uploads\\\/2023\\\/02\\\/1017-1.jpeg\",\"datePublished\":\"2023-02-23T11:23:16+00:00\",\"dateModified\":\"2025-07-14T16:45:27+00:00\",\"breadcrumb\":{\"@id\":\"https:\\\/\\\/finquespi.com\\\/ca\\\/propietats\\\/placa-daparcament-de-22m2-per-a-cotxe-mitja\\\/#breadcrumb\"},\"inLanguage\":\"ca\",\"potentialAction\":[{\"@type\":\"ReadAction\",\"target\":[\"https:\\\/\\\/finquespi.com\\\/ca\\\/propietats\\\/placa-daparcament-de-22m2-per-a-cotxe-mitja\\\/\"]}]},{\"@type\":\"ImageObject\",\"inLanguage\":\"ca\",\"@id\":\"https:\\\/\\\/finquespi.com\\\/ca\\\/propietats\\\/placa-daparcament-de-22m2-per-a-cotxe-mitja\\\/#primaryimage\",\"url\":\"https:\\\/\\\/finquespi.com\\\/wp-content\\\/uploads\\\/2023\\\/02\\\/1017-1.jpeg\",\"contentUrl\":\"https:\\\/\\\/finquespi.com\\\/wp-content\\\/uploads\\\/2023\\\/02\\\/1017-1.jpeg\",\"width\":1920,\"height\":1440},{\"@type\":\"BreadcrumbList\",\"@id\":\"https:\\\/\\\/finquespi.com\\\/ca\\\/propietats\\\/placa-daparcament-de-22m2-per-a-cotxe-mitja\\\/#breadcrumb\",\"itemListElement\":[{\"@type\":\"ListItem\",\"position\":1,\"name\":\"Llar\",\"item\":\"https:\\\/\\\/finquespi.com\\\/ca\\\/\"},{\"@type\":\"ListItem\",\"position\":2,\"name\":\"Properties\",\"item\":\"https:\\\/\\\/finquespi.com\\\/ca\\\/propietats\\\/\"},{\"@type\":\"ListItem\",\"position\":3,\"name\":\"Pla\u00e7a d&#8217;aparcament de 12m2 per a cotxe mitj\u00e0\"}]},{\"@type\":\"WebSite\",\"@id\":\"https:\\\/\\\/finquespi.com\\\/ca\\\/#website\",\"url\":\"https:\\\/\\\/finquespi.com\\\/ca\\\/\",\"name\":\"Finques Pi\",\"description\":\"\",\"potentialAction\":[{\"@type\":\"SearchAction\",\"target\":{\"@type\":\"EntryPoint\",\"urlTemplate\":\"https:\\\/\\\/finquespi.com\\\/ca\\\/?s={search_term_string}\"},\"query-input\":{\"@type\":\"PropertyValueSpecification\",\"valueRequired\":true,\"valueName\":\"search_term_string\"}}],\"inLanguage\":\"ca\"}]}<\/script>\n<!-- \/ Yoast SEO plugin. -->","yoast_head_json":{"title":"Finques Pi","robots":{"index":"index","follow":"follow","max-snippet":"max-snippet:-1","max-image-preview":"max-image-preview:large","max-video-preview":"max-video-preview:-1"},"canonical":"https:\/\/finquespi.com\/ca\/propietats\/placa-daparcament-de-22m2-per-a-cotxe-mitja\/","og_locale":"ca_ES","og_type":"article","og_title":"Pla\u00e7a d'aparcament de 12m2 per a cotxe mitj\u00e0 | Finques Pi","og_description":"Pla\u00e7a d&#8217;aparcament de 12m2 per a cotxe mitj\u00e0, zona de la Pla\u00e7a de l&#8217;Hotel a Sant Pol de Mar a 5 minuts del centre.","og_url":"https:\/\/finquespi.com\/ca\/propietats\/placa-daparcament-de-22m2-per-a-cotxe-mitja\/","og_site_name":"Finques Pi","article_modified_time":"2025-07-14T16:45:27+00:00","og_image":[{"width":1920,"height":1440,"url":"https:\/\/finquespi.com\/wp-content\/uploads\/2023\/02\/1017-1.jpeg","type":"image\/jpeg"}],"twitter_card":"summary_large_image","twitter_misc":{"Temps estimat de lectura":"1 minut"},"schema":{"@context":"https:\/\/schema.org","@graph":[{"@type":"WebPage","@id":"https:\/\/finquespi.com\/ca\/propietats\/placa-daparcament-de-22m2-per-a-cotxe-mitja\/","url":"https:\/\/finquespi.com\/ca\/propietats\/placa-daparcament-de-22m2-per-a-cotxe-mitja\/","name":"Pla\u00e7a d'aparcament de 12m2 per a cotxe mitj\u00e0 | Finques Pi","isPartOf":{"@id":"https:\/\/finquespi.com\/ca\/#website"},"primaryImageOfPage":{"@id":"https:\/\/finquespi.com\/ca\/propietats\/placa-daparcament-de-22m2-per-a-cotxe-mitja\/#primaryimage"},"image":{"@id":"https:\/\/finquespi.com\/ca\/propietats\/placa-daparcament-de-22m2-per-a-cotxe-mitja\/#primaryimage"},"thumbnailUrl":"https:\/\/finquespi.com\/wp-content\/uploads\/2023\/02\/1017-1.jpeg","datePublished":"2023-02-23T11:23:16+00:00","dateModified":"2025-07-14T16:45:27+00:00","breadcrumb":{"@id":"https:\/\/finquespi.com\/ca\/propietats\/placa-daparcament-de-22m2-per-a-cotxe-mitja\/#breadcrumb"},"inLanguage":"ca","potentialAction":[{"@type":"ReadAction","target":["https:\/\/finquespi.com\/ca\/propietats\/placa-daparcament-de-22m2-per-a-cotxe-mitja\/"]}]},{"@type":"ImageObject","inLanguage":"ca","@id":"https:\/\/finquespi.com\/ca\/propietats\/placa-daparcament-de-22m2-per-a-cotxe-mitja\/#primaryimage","url":"https:\/\/finquespi.com\/wp-content\/uploads\/2023\/02\/1017-1.jpeg","contentUrl":"https:\/\/finquespi.com\/wp-content\/uploads\/2023\/02\/1017-1.jpeg","width":1920,"height":1440},{"@type":"BreadcrumbList","@id":"https:\/\/finquespi.com\/ca\/propietats\/placa-daparcament-de-22m2-per-a-cotxe-mitja\/#breadcrumb","itemListElement":[{"@type":"ListItem","position":1,"name":"Llar","item":"https:\/\/finquespi.com\/ca\/"},{"@type":"ListItem","position":2,"name":"Properties","item":"https:\/\/finquespi.com\/ca\/propietats\/"},{"@type":"ListItem","position":3,"name":"Pla\u00e7a d&#8217;aparcament de 12m2 per a cotxe mitj\u00e0"}]},{"@type":"WebSite","@id":"https:\/\/finquespi.com\/ca\/#website","url":"https:\/\/finquespi.com\/ca\/","name":"Finques Pi","description":"","potentialAction":[{"@type":"SearchAction","target":{"@type":"EntryPoint","urlTemplate":"https:\/\/finquespi.com\/ca\/?s={search_term_string}"},"query-input":{"@type":"PropertyValueSpecification","valueRequired":true,"valueName":"search_term_string"}}],"inLanguage":"ca"}]}},"_links":{"self":[{"href":"https:\/\/finquespi.com\/ca\/wp-json\/wp\/v2\/properties\/31052","targetHints":{"allow":["GET"]}}],"collection":[{"href":"https:\/\/finquespi.com\/ca\/wp-json\/wp\/v2\/properties"}],"about":[{"href":"https:\/\/finquespi.com\/ca\/wp-json\/wp\/v2\/types\/property"}],"author":[{"embeddable":true,"href":"https:\/\/finquespi.com\/ca\/wp-json\/wp\/v2\/users\/1"}],"version-history":[{"count":1,"href":"https:\/\/finquespi.com\/ca\/wp-json\/wp\/v2\/properties\/31052\/revisions"}],"predecessor-version":[{"id":31921,"href":"https:\/\/finquespi.com\/ca\/wp-json\/wp\/v2\/properties\/31052\/revisions\/31921"}],"wp:featuredmedia":[{"embeddable":true,"href":"https:\/\/finquespi.com\/ca\/wp-json\/wp\/v2\/media\/31054"}],"wp:attachment":[{"href":"https:\/\/finquespi.com\/ca\/wp-json\/wp\/v2\/media?parent=31052"}],"wp:term":[{"taxonomy":"property_type","embeddable":true,"href":"https:\/\/finquespi.com\/ca\/wp-json\/wp\/v2\/property_type?post=31052"},{"taxonomy":"property_status","embeddable":true,"href":"https:\/\/finquespi.com\/ca\/wp-json\/wp\/v2\/property_status?post=31052"},{"taxonomy":"property_feature","embeddable":true,"href":"https:\/\/finquespi.com\/ca\/wp-json\/wp\/v2\/property_feature?post=31052"},{"taxonomy":"property_label","embeddable":true,"href":"https:\/\/finquespi.com\/ca\/wp-json\/wp\/v2\/property_label?post=31052"},{"taxonomy":"property_city","embeddable":true,"href":"https:\/\/finquespi.com\/ca\/wp-json\/wp\/v2\/property_city?post=31052"}],"curies":[{"name":"wp","href":"https:\/\/api.w.org\/{rel}","templated":true}]}}