{"id":31034,"date":"2024-01-19T11:04:18","date_gmt":"2024-01-19T10:04:18","guid":{"rendered":"https:\/\/finquespi.com\/propiedades\/fantastica-casa-a-4-vents-molt-ben-conservada-envoltada-dun-sensacional-jardi-2\/"},"modified":"2025-07-14T17:43:11","modified_gmt":"2025-07-14T15:43:11","slug":"fantastica-casa-a-4-vents-molt-ben-conservada-envoltada-dun-sensacional-jardi","status":"publish","type":"property","link":"https:\/\/finquespi.com\/ca\/propietats\/fantastica-casa-a-4-vents-molt-ben-conservada-envoltada-dun-sensacional-jardi\/","title":{"rendered":"Fant\u00e0stica casa a 4 vents molt ben conservada, envoltada d&#8217;un sensacional jard\u00ed"},"content":{"rendered":"\n<iframe src=\"https:\/\/virtea.com\/tours\/19745\" name=\"myIFrame\" width=\"100%\" height=\"400\"><\/iframe>\n\n\n\n<p>Fant\u00e0stica casa a 4 vents molt ben conservada, envoltada d&#8217;un sensacional jard\u00ed, situada en una parcel\u00b7la de 2326\u00a0m2\u00a0i en una privilegiada urbanitzaci\u00f3 de Sant Pol de Mar amb meravelloses vistes al mar i a la muntanya. L&#8217;habitatge de 650\u00a0m2\u00a0est\u00e0 dividida en 3 nivells.<\/p>\n\n\n\n<p>A la primera planta ens trobem amb un ampli vest\u00edbul que ens condueix al sal\u00f3 de 80&nbsp;m2&nbsp;amb diversos ambients, com una zona de lectura davant d&#8217;una preciosa xemeneia, zona de TV i zona de menjador, a m\u00e9s d&#8217;un discret armari al caire de l&#8217;escala que fa les funcions de moble-bar. En aquesta mateixa planta hi ha una \u00e0mplia i lluminosa cuina-office amb xemeneia des de la qual s&#8217;accedeix al safareig, perfecta per compartir amb la fam\u00edlia i amb acc\u00e9s directe a una de les grans terrasses de les quals disposa l&#8217;habitatge. Aquesta mateixa planta compta tamb\u00e9 amb una habitaci\u00f3 doble, un bany complet i una habitaci\u00f3 individual perfecta per utilitzar com a despatx, zona d&#8217;estudis o jocs.<\/p>\n\n\n\n<p>Una escala de marbre ens porta a la segona planta amb un gran distribu\u00efdor que ens dona acc\u00e9s a 5 habitacions, 3 d&#8217;elles suite i amb sortida a l&#8217;\u00e0mplia terrassa de la segona planta.<\/p>\n\n\n\n<p>La planta soterr\u00e0nia est\u00e0 distribu\u00efda en un garatge per a 3 vehicles, celler que disposa d&#8217;una cisterna d&#8217;aigua amb capacitat per a 20.000 litres, un vestidor amb dutxa i lavabo ideal per fer-ne \u00fas despr\u00e9s de jugar a tenis a la pista situada a l&#8217;exterior i dins de la mateixa finca, i un traster perfecte com a desfogament per a les eines necess\u00e0ries per al manteniment del jard\u00ed.<\/p>\n\n\n\n<p>Aquesta casa \u00e9s un mirador. Compta amb un preci\u00f3s jard\u00ed que en part \u00e9s com si ens trob\u00e9ssim en un petit bosc. Es pot instal\u00b7lar una piscina tot i que la seva ubicaci\u00f3 permet anar a peu tant al centre com a la platja. A m\u00e9s de la pista de tenis hi ha un front\u00f3. T\u00e9\u00a0una p\u00e8rgola\u00a0i barbacoa. Una casa amb moltes possibilitats i perfecta per gaudir amb la fam\u00edlia i amics.<\/p>\n\n\n\n<p>La propietat disposa de dues parcel\u00b7les m\u00e9s colindants a la finca, una de 1.348 m2 que permet la construcci\u00f3 de dues cases mirall i una segona 801m2 on es pot construir una casa unifamiliar. Una combinaci\u00f3 ideal per si es vol disfrutar de m\u00e9s terreny o com inversi\u00f3. El preu a consultar. No est\u00e0 incl\u00f2s en el preu de venda de la casa.<\/p>\n\n\n\n<p>A la visita virtual es mostra el conjunt total de la propietat, incloses les dues parcel\u00b7les que es poden adquirir a part, orientades a l&#8217;oest.<\/p>\n\n\n\n<p><\/p>\n","protected":false},"excerpt":{"rendered":"<p>Fant\u00e0stica casa a 4 vents molt ben conservada, envoltada d&#8217;un sensacional jard\u00ed, situada en una parcel\u00b7la de 2326\u00a0m2\u00a0i en una privilegiada urbanitzaci\u00f3 de Sant Pol de Mar amb meravelloses vistes al mar i a la muntanya. L&#8217;habitatge de 650\u00a0m2\u00a0est\u00e0 dividida en 3 nivells. A la primera planta ens trobem amb un ampli vest\u00edbul que ens [&hellip;]<\/p>\n","protected":false},"author":1,"featured_media":31036,"parent":0,"menu_order":0,"template":"","property_type":[303],"property_status":[300],"property_feature":[241,291,281,271,267,243,245,247,273,293,263,249,283,259,261,269,253,294,279,251,277,287,255,257,289],"property_label":[],"property_city":[318,312],"class_list":["post-31034","property","type-property","status-publish","has-post-thumbnail","hentry","property_type-cases-chalets","property_status-compra","property_feature-aigua","property_feature-alarmas","property_feature-balco","property_feature-calefaccio","property_feature-despatx","property_feature-electricitat","property_feature-garatge","property_feature-jardi","property_feature-gas-ca","property_feature-cuina-office","property_feature-vistes-a-la-muntanya","property_feature-orientacio-est","property_feature-orientacio-nord","property_feature-orientacio-oest","property_feature-orientacio-sud","property_feature-pati","property_feature-telefon","property_feature-pista-de-tennis","property_feature-porta-de-seguretat","property_feature-safareig","property_feature-terrassa","property_feature-traster","property_feature-vistes-a-la-ciutat","property_feature-vistes-al-mar","property_feature-xemeneia","property_city-centre-ca","property_city-sant-pol-de-mar-ca"],"property_meta":{"_wpml_word_count":["408"],"fave_property_price":["2500000"],"fave_property_size":["650"],"fave_property_bedrooms":["7"],"fave_property_bathrooms":["5"],"fave_property_year":["1975"],"fave_property_id":["1063"],"fave_property_map":["1"],"fave_property_location":["25.68654,-80.431345,15"],"houzez_geolocation_lat":["25.68654","25.68654"],"houzez_geolocation_long":["-80.431345","-80.431345"],"fave_property_map_street_view":["hide"],"houzez_featured_listing_date":[""],"fave_loggedintoview":["0"],"fave_agent_display_option":["agent_info"],"fave_prop_homeslider":["no"],"fave_single_content_area":["global"],"cmplz_hide_cookiebanner":[""],"houzez_manual_expire":["0"],"_houzez_expiration_date_status":["saved"],"_wpml_media_duplicate":["1"],"_wpml_media_featured":["1"],"_yoast_wpseo_primary_property_type":["303"],"_yoast_wpseo_primary_property_status":["300"],"_yoast_wpseo_primary_property_feature":["243"],"_yoast_wpseo_primary_property_label":[""],"_yoast_wpseo_primary_property_country":["74"],"_yoast_wpseo_primary_property_state":["75"],"_yoast_wpseo_primary_property_city":["312"],"_yoast_wpseo_primary_property_area":["92"],"_yoast_wpseo_content_score":["30"],"_yoast_wpseo_estimated-reading-time-minutes":["3"],"_yoast_wpseo_wordproof_timestamp":[""],"fave_property_land":["2326"],"fave_property_garage":["3"],"houzez_total_property_views":["1129"],"houzez_views_by_date":["a:61:{s:10:\"01-24-2026\";i:1;s:10:\"01-25-2026\";i:1;s:10:\"01-26-2026\";i:1;s:10:\"01-30-2026\";i:2;s:10:\"01-31-2026\";i:1;s:10:\"02-01-2026\";i:4;s:10:\"02-02-2026\";i:1;s:10:\"02-04-2026\";i:1;s:10:\"02-05-2026\";i:1;s:10:\"02-06-2026\";i:1;s:10:\"02-07-2026\";i:1;s:10:\"02-08-2026\";i:1;s:10:\"02-09-2026\";i:2;s:10:\"02-10-2026\";i:3;s:10:\"02-12-2026\";i:3;s:10:\"02-14-2026\";i:3;s:10:\"02-15-2026\";i:3;s:10:\"02-16-2026\";i:1;s:10:\"02-18-2026\";i:2;s:10:\"02-19-2026\";i:1;s:10:\"02-20-2026\";i:4;s:10:\"02-21-2026\";i:1;s:10:\"02-22-2026\";i:1;s:10:\"02-24-2026\";i:2;s:10:\"02-25-2026\";i:3;s:10:\"02-27-2026\";i:2;s:10:\"02-28-2026\";i:2;s:10:\"03-01-2026\";i:1;s:10:\"03-03-2026\";i:2;s:10:\"03-05-2026\";i:1;s:10:\"03-08-2026\";i:2;s:10:\"03-09-2026\";i:1;s:10:\"03-10-2026\";i:1;s:10:\"03-11-2026\";i:1;s:10:\"03-12-2026\";i:1;s:10:\"03-14-2026\";i:1;s:10:\"03-15-2026\";i:2;s:10:\"03-18-2026\";i:2;s:10:\"03-20-2026\";i:3;s:10:\"03-25-2026\";i:2;s:10:\"03-27-2026\";i:1;s:10:\"04-02-2026\";i:3;s:10:\"04-03-2026\";i:1;s:10:\"04-04-2026\";i:1;s:10:\"04-05-2026\";i:2;s:10:\"04-07-2026\";i:2;s:10:\"04-09-2026\";i:4;s:10:\"04-10-2026\";i:3;s:10:\"04-12-2026\";i:1;s:10:\"04-15-2026\";i:2;s:10:\"04-17-2026\";i:2;s:10:\"04-18-2026\";i:1;s:10:\"04-19-2026\";i:1;s:10:\"04-20-2026\";i:2;s:10:\"04-22-2026\";i:2;s:10:\"04-23-2026\";i:2;s:10:\"04-25-2026\";i:2;s:10:\"04-26-2026\";i:1;s:10:\"04-27-2026\";i:2;s:10:\"04-29-2026\";i:2;s:10:\"04-30-2026\";i:2;}"],"houzez_recently_viewed":["2026-04-30 13:35:16"],"_cmplz_scanned_post":["1"],"fave_virtual_tour":["<iframe width=\"560\" height=\"315\" src=\"https:\/\/virtea.com\/tours\/19745\" title=\"Virtea tour\" allowfullscreen><\/iframe>"],"rs_page_bg_color":[""],"fave_show_price_placeholder":["0"],"_monsterinsights_sitenote_active":["0"],"_wpml_location_migration_done":["1"],"_thumbnail_id":["31036"],"_edit_lock":["1752507801:1"],"_last_translation_edit_mode":["native-editor"],"_edit_last":["1"],"fave_featured":["0"],"fave_agents":["32801"],"fave_single_top_area":["global"],"fave_property_images":["31036","31765","31764","31763","31762","31761","31760","31759","31758","31757","31756","31755","31754","31753","31752","31751","31750","31749","31748","31747","31746","31745","31744","31743","31742","31741","31740","31739","31738","31737","31736","31735","31734","31733","31732","31731","31730","31729","31728","31727","31726","31725","31724","31723","31722","31721","31720","31719","31718","31035"],"_elementor_page_assets":["a:0:{}"]},"yoast_head":"<!-- This site is optimized with the Yoast SEO plugin v27.3 - https:\/\/yoast.com\/product\/yoast-seo-wordpress\/ -->\n<title>Finques Pi<\/title>\n<meta name=\"robots\" content=\"index, follow, max-snippet:-1, max-image-preview:large, max-video-preview:-1\" \/>\n<link rel=\"canonical\" href=\"https:\/\/finquespi.com\/ca\/propietats\/fantastica-casa-a-4-vents-molt-ben-conservada-envoltada-dun-sensacional-jardi\/\" \/>\n<meta property=\"og:locale\" content=\"ca_ES\" \/>\n<meta property=\"og:type\" content=\"article\" \/>\n<meta property=\"og:title\" content=\"Fant\u00e0stica casa a 4 vents molt ben conservada, envoltada d&#039;un sensacional jard\u00ed | Finques Pi\" \/>\n<meta property=\"og:description\" content=\"Fant\u00e0stica casa a 4 vents molt ben conservada, envoltada d&#8217;un sensacional jard\u00ed, situada en una parcel\u00b7la de 2326\u00a0m2\u00a0i en una privilegiada urbanitzaci\u00f3 de Sant Pol de Mar amb meravelloses vistes al mar i a la muntanya. L&#8217;habitatge de 650\u00a0m2\u00a0est\u00e0 dividida en 3 nivells. A la primera planta ens trobem amb un ampli vest\u00edbul que ens [&hellip;]\" \/>\n<meta property=\"og:url\" content=\"https:\/\/finquespi.com\/ca\/propietats\/fantastica-casa-a-4-vents-molt-ben-conservada-envoltada-dun-sensacional-jardi\/\" \/>\n<meta property=\"og:site_name\" content=\"Finques Pi\" \/>\n<meta property=\"article:modified_time\" content=\"2025-07-14T15:43:11+00:00\" \/>\n<meta property=\"og:image\" content=\"https:\/\/finquespi.com\/wp-content\/uploads\/2024\/01\/1063-1.jpg\" \/>\n\t<meta property=\"og:image:width\" content=\"1500\" \/>\n\t<meta property=\"og:image:height\" content=\"1000\" \/>\n\t<meta property=\"og:image:type\" content=\"image\/jpeg\" \/>\n<meta name=\"twitter:card\" content=\"summary_large_image\" \/>\n<meta name=\"twitter:label1\" content=\"Temps estimat de lectura\" \/>\n\t<meta name=\"twitter:data1\" content=\"3 minuts\" \/>\n<script type=\"application\/ld+json\" class=\"yoast-schema-graph\">{\"@context\":\"https:\\\/\\\/schema.org\",\"@graph\":[{\"@type\":\"WebPage\",\"@id\":\"https:\\\/\\\/finquespi.com\\\/ca\\\/propietats\\\/fantastica-casa-a-4-vents-molt-ben-conservada-envoltada-dun-sensacional-jardi\\\/\",\"url\":\"https:\\\/\\\/finquespi.com\\\/ca\\\/propietats\\\/fantastica-casa-a-4-vents-molt-ben-conservada-envoltada-dun-sensacional-jardi\\\/\",\"name\":\"Fant\u00e0stica casa a 4 vents molt ben conservada, envoltada d'un sensacional jard\u00ed | Finques Pi\",\"isPartOf\":{\"@id\":\"https:\\\/\\\/finquespi.com\\\/ca\\\/#website\"},\"primaryImageOfPage\":{\"@id\":\"https:\\\/\\\/finquespi.com\\\/ca\\\/propietats\\\/fantastica-casa-a-4-vents-molt-ben-conservada-envoltada-dun-sensacional-jardi\\\/#primaryimage\"},\"image\":{\"@id\":\"https:\\\/\\\/finquespi.com\\\/ca\\\/propietats\\\/fantastica-casa-a-4-vents-molt-ben-conservada-envoltada-dun-sensacional-jardi\\\/#primaryimage\"},\"thumbnailUrl\":\"https:\\\/\\\/finquespi.com\\\/wp-content\\\/uploads\\\/2024\\\/01\\\/1063-1.jpg\",\"datePublished\":\"2024-01-19T10:04:18+00:00\",\"dateModified\":\"2025-07-14T15:43:11+00:00\",\"breadcrumb\":{\"@id\":\"https:\\\/\\\/finquespi.com\\\/ca\\\/propietats\\\/fantastica-casa-a-4-vents-molt-ben-conservada-envoltada-dun-sensacional-jardi\\\/#breadcrumb\"},\"inLanguage\":\"ca\",\"potentialAction\":[{\"@type\":\"ReadAction\",\"target\":[\"https:\\\/\\\/finquespi.com\\\/ca\\\/propietats\\\/fantastica-casa-a-4-vents-molt-ben-conservada-envoltada-dun-sensacional-jardi\\\/\"]}]},{\"@type\":\"ImageObject\",\"inLanguage\":\"ca\",\"@id\":\"https:\\\/\\\/finquespi.com\\\/ca\\\/propietats\\\/fantastica-casa-a-4-vents-molt-ben-conservada-envoltada-dun-sensacional-jardi\\\/#primaryimage\",\"url\":\"https:\\\/\\\/finquespi.com\\\/wp-content\\\/uploads\\\/2024\\\/01\\\/1063-1.jpg\",\"contentUrl\":\"https:\\\/\\\/finquespi.com\\\/wp-content\\\/uploads\\\/2024\\\/01\\\/1063-1.jpg\",\"width\":1500,\"height\":1000},{\"@type\":\"BreadcrumbList\",\"@id\":\"https:\\\/\\\/finquespi.com\\\/ca\\\/propietats\\\/fantastica-casa-a-4-vents-molt-ben-conservada-envoltada-dun-sensacional-jardi\\\/#breadcrumb\",\"itemListElement\":[{\"@type\":\"ListItem\",\"position\":1,\"name\":\"Llar\",\"item\":\"https:\\\/\\\/finquespi.com\\\/ca\\\/\"},{\"@type\":\"ListItem\",\"position\":2,\"name\":\"Properties\",\"item\":\"https:\\\/\\\/finquespi.com\\\/ca\\\/propietats\\\/\"},{\"@type\":\"ListItem\",\"position\":3,\"name\":\"Fant\u00e0stica casa a 4 vents molt ben conservada, envoltada d&#8217;un sensacional jard\u00ed\"}]},{\"@type\":\"WebSite\",\"@id\":\"https:\\\/\\\/finquespi.com\\\/ca\\\/#website\",\"url\":\"https:\\\/\\\/finquespi.com\\\/ca\\\/\",\"name\":\"Finques Pi\",\"description\":\"\",\"potentialAction\":[{\"@type\":\"SearchAction\",\"target\":{\"@type\":\"EntryPoint\",\"urlTemplate\":\"https:\\\/\\\/finquespi.com\\\/ca\\\/?s={search_term_string}\"},\"query-input\":{\"@type\":\"PropertyValueSpecification\",\"valueRequired\":true,\"valueName\":\"search_term_string\"}}],\"inLanguage\":\"ca\"}]}<\/script>\n<!-- \/ Yoast SEO plugin. -->","yoast_head_json":{"title":"Finques Pi","robots":{"index":"index","follow":"follow","max-snippet":"max-snippet:-1","max-image-preview":"max-image-preview:large","max-video-preview":"max-video-preview:-1"},"canonical":"https:\/\/finquespi.com\/ca\/propietats\/fantastica-casa-a-4-vents-molt-ben-conservada-envoltada-dun-sensacional-jardi\/","og_locale":"ca_ES","og_type":"article","og_title":"Fant\u00e0stica casa a 4 vents molt ben conservada, envoltada d'un sensacional jard\u00ed | Finques Pi","og_description":"Fant\u00e0stica casa a 4 vents molt ben conservada, envoltada d&#8217;un sensacional jard\u00ed, situada en una parcel\u00b7la de 2326\u00a0m2\u00a0i en una privilegiada urbanitzaci\u00f3 de Sant Pol de Mar amb meravelloses vistes al mar i a la muntanya. L&#8217;habitatge de 650\u00a0m2\u00a0est\u00e0 dividida en 3 nivells. A la primera planta ens trobem amb un ampli vest\u00edbul que ens [&hellip;]","og_url":"https:\/\/finquespi.com\/ca\/propietats\/fantastica-casa-a-4-vents-molt-ben-conservada-envoltada-dun-sensacional-jardi\/","og_site_name":"Finques Pi","article_modified_time":"2025-07-14T15:43:11+00:00","og_image":[{"width":1500,"height":1000,"url":"https:\/\/finquespi.com\/wp-content\/uploads\/2024\/01\/1063-1.jpg","type":"image\/jpeg"}],"twitter_card":"summary_large_image","twitter_misc":{"Temps estimat de lectura":"3 minuts"},"schema":{"@context":"https:\/\/schema.org","@graph":[{"@type":"WebPage","@id":"https:\/\/finquespi.com\/ca\/propietats\/fantastica-casa-a-4-vents-molt-ben-conservada-envoltada-dun-sensacional-jardi\/","url":"https:\/\/finquespi.com\/ca\/propietats\/fantastica-casa-a-4-vents-molt-ben-conservada-envoltada-dun-sensacional-jardi\/","name":"Fant\u00e0stica casa a 4 vents molt ben conservada, envoltada d'un sensacional jard\u00ed | Finques Pi","isPartOf":{"@id":"https:\/\/finquespi.com\/ca\/#website"},"primaryImageOfPage":{"@id":"https:\/\/finquespi.com\/ca\/propietats\/fantastica-casa-a-4-vents-molt-ben-conservada-envoltada-dun-sensacional-jardi\/#primaryimage"},"image":{"@id":"https:\/\/finquespi.com\/ca\/propietats\/fantastica-casa-a-4-vents-molt-ben-conservada-envoltada-dun-sensacional-jardi\/#primaryimage"},"thumbnailUrl":"https:\/\/finquespi.com\/wp-content\/uploads\/2024\/01\/1063-1.jpg","datePublished":"2024-01-19T10:04:18+00:00","dateModified":"2025-07-14T15:43:11+00:00","breadcrumb":{"@id":"https:\/\/finquespi.com\/ca\/propietats\/fantastica-casa-a-4-vents-molt-ben-conservada-envoltada-dun-sensacional-jardi\/#breadcrumb"},"inLanguage":"ca","potentialAction":[{"@type":"ReadAction","target":["https:\/\/finquespi.com\/ca\/propietats\/fantastica-casa-a-4-vents-molt-ben-conservada-envoltada-dun-sensacional-jardi\/"]}]},{"@type":"ImageObject","inLanguage":"ca","@id":"https:\/\/finquespi.com\/ca\/propietats\/fantastica-casa-a-4-vents-molt-ben-conservada-envoltada-dun-sensacional-jardi\/#primaryimage","url":"https:\/\/finquespi.com\/wp-content\/uploads\/2024\/01\/1063-1.jpg","contentUrl":"https:\/\/finquespi.com\/wp-content\/uploads\/2024\/01\/1063-1.jpg","width":1500,"height":1000},{"@type":"BreadcrumbList","@id":"https:\/\/finquespi.com\/ca\/propietats\/fantastica-casa-a-4-vents-molt-ben-conservada-envoltada-dun-sensacional-jardi\/#breadcrumb","itemListElement":[{"@type":"ListItem","position":1,"name":"Llar","item":"https:\/\/finquespi.com\/ca\/"},{"@type":"ListItem","position":2,"name":"Properties","item":"https:\/\/finquespi.com\/ca\/propietats\/"},{"@type":"ListItem","position":3,"name":"Fant\u00e0stica casa a 4 vents molt ben conservada, envoltada d&#8217;un sensacional jard\u00ed"}]},{"@type":"WebSite","@id":"https:\/\/finquespi.com\/ca\/#website","url":"https:\/\/finquespi.com\/ca\/","name":"Finques Pi","description":"","potentialAction":[{"@type":"SearchAction","target":{"@type":"EntryPoint","urlTemplate":"https:\/\/finquespi.com\/ca\/?s={search_term_string}"},"query-input":{"@type":"PropertyValueSpecification","valueRequired":true,"valueName":"search_term_string"}}],"inLanguage":"ca"}]}},"_links":{"self":[{"href":"https:\/\/finquespi.com\/ca\/wp-json\/wp\/v2\/properties\/31034","targetHints":{"allow":["GET"]}}],"collection":[{"href":"https:\/\/finquespi.com\/ca\/wp-json\/wp\/v2\/properties"}],"about":[{"href":"https:\/\/finquespi.com\/ca\/wp-json\/wp\/v2\/types\/property"}],"author":[{"embeddable":true,"href":"https:\/\/finquespi.com\/ca\/wp-json\/wp\/v2\/users\/1"}],"version-history":[{"count":1,"href":"https:\/\/finquespi.com\/ca\/wp-json\/wp\/v2\/properties\/31034\/revisions"}],"predecessor-version":[{"id":31766,"href":"https:\/\/finquespi.com\/ca\/wp-json\/wp\/v2\/properties\/31034\/revisions\/31766"}],"wp:featuredmedia":[{"embeddable":true,"href":"https:\/\/finquespi.com\/ca\/wp-json\/wp\/v2\/media\/31036"}],"wp:attachment":[{"href":"https:\/\/finquespi.com\/ca\/wp-json\/wp\/v2\/media?parent=31034"}],"wp:term":[{"taxonomy":"property_type","embeddable":true,"href":"https:\/\/finquespi.com\/ca\/wp-json\/wp\/v2\/property_type?post=31034"},{"taxonomy":"property_status","embeddable":true,"href":"https:\/\/finquespi.com\/ca\/wp-json\/wp\/v2\/property_status?post=31034"},{"taxonomy":"property_feature","embeddable":true,"href":"https:\/\/finquespi.com\/ca\/wp-json\/wp\/v2\/property_feature?post=31034"},{"taxonomy":"property_label","embeddable":true,"href":"https:\/\/finquespi.com\/ca\/wp-json\/wp\/v2\/property_label?post=31034"},{"taxonomy":"property_city","embeddable":true,"href":"https:\/\/finquespi.com\/ca\/wp-json\/wp\/v2\/property_city?post=31034"}],"curies":[{"name":"wp","href":"https:\/\/api.w.org\/{rel}","templated":true}]}}