{"id":30988,"date":"2024-12-18T11:36:26","date_gmt":"2024-12-18T10:36:26","guid":{"rendered":"https:\/\/finquespi.com\/propiedades\/exclusiva-propietat-amb-vistes-al-mar-a-sant-pol-de-mar-2\/"},"modified":"2025-10-07T18:24:43","modified_gmt":"2025-10-07T16:24:43","slug":"exclusiva-propietat-amb-vistes-al-mar-a-sant-pol-de-mar","status":"publish","type":"property","link":"https:\/\/finquespi.com\/ca\/propietats\/exclusiva-propietat-amb-vistes-al-mar-a-sant-pol-de-mar\/","title":{"rendered":"Casa d&#8217;alt standing a Sant Pol de Mar"},"content":{"rendered":"\n<p>Casa d&#8217;alt standing<\/p>\n\n\n\n<iframe src=\"https:\/\/virtea.com\/tours\/b61b47ff37\" width=\"100%\" height=\"400\"><\/iframe>\n\n\n\n<p>El disseny d&#8217;aquesta propietat destaca per la seva excel\u00b7lent distribuci\u00f3, amb estances \u00e0mplies i plenes de llum natural:<\/p>\n\n\n\n<ul class=\"wp-block-list\">\n<li><strong>PRIMERA PLANTA:<\/strong> 3 dormitoris dobles, 1 d&#8217;ells suite amb vestidor i bany amb plat de dutxa. Sala d&#8217;estar-menjador amb un gran finestral i llar de foc, cuina office amb safareig i dos banys m\u00e9s.<\/li>\n\n\n\n<li><strong>SEGONA PLANTA:<\/strong> 2 suites amb vestidor i terrasses amb vistes al mar.<\/li>\n\n\n\n<li><strong>PLANTA BAIXA:<\/strong> Garatge per a dos cotxes i una habitaci\u00f3 perfecta com a despatx o sala de jocs.<\/li>\n<\/ul>\n\n\n\n<h3 class=\"wp-block-heading\"><strong>Equipament de Primera<\/strong><\/h3>\n\n\n\n<p>Aquesta vivenda est\u00e0 llesta per entrar-hi a viure i ofereix totes les comoditats modernes:<\/p>\n\n\n\n<ul class=\"wp-block-list\">\n<li>Sistema d&#8217;alarma i plaques solars per a una major efici\u00e8ncia energ\u00e8tica.<\/li>\n\n\n\n<li>Aire condicionat i calefacci\u00f3 radial el\u00e8ctrica.<\/li>\n\n\n\n<li>Descalcificador, persianes autom\u00e0tiques met\u00e0l\u00b7liques amb mosquiteres i fibra \u00f2ptica.<\/li>\n\n\n\n<li>Piscina amb doble sistema d&#8217;autoneteja (oz\u00f3 i clor).<\/li>\n\n\n\n<li>Jard\u00ed pla amb reg autom\u00e0tic, de f\u00e0cil manteniment.<\/li>\n\n\n\n<li>Garatge per a 2 cotxes.<\/li>\n<\/ul>\n\n\n\n<h3 class=\"wp-block-heading\"><strong>Ubicaci\u00f3 Immillorable<\/strong><\/h3>\n\n\n\n<p>Situada en una de les millors zones de <strong>Sant Pol de Mar<\/strong>, aquesta casa ofereix unes vistes espectaculars al mar i una tranquil\u00b7litat incomparable. A nom\u00e9s <strong>50 minuts de Barcelona<\/strong>, <strong>15 minuts del centre urb\u00e0<\/strong> i <strong>15 minuts de les seves boniques platges<\/strong>, gaudir\u00e0s d&#8217;una connexi\u00f3 perfecta entre l&#8217;entorn natural i tots els serveis necessaris.<\/p>\n\n\n\n<h3 class=\"wp-block-heading\"><strong>Una Llar \u00danica i Exclusiva<\/strong><\/h3>\n\n\n\n<p>La fa\u00e7ana d&#8217;obra vista li confereix un estil atemporal i de baix manteniment. Tot est\u00e0 pensat per al teu confort i benestar. Aquest \u00e9s el lloc on comen\u00e7ar\u00e0s a crear moments inoblidables.<\/p>\n\n\n\n<p><strong>No deixis passar aquesta oportunitat de viure en un entorn privilegiat. Contacta amb nosaltres per a m\u00e9s informaci\u00f3 o per organitzar una visita.<\/strong><\/p>\n","protected":false},"excerpt":{"rendered":"<p>Casa d&#8217;alt standing El disseny d&#8217;aquesta propietat destaca per la seva excel\u00b7lent distribuci\u00f3, amb estances \u00e0mplies i plenes de llum natural: Equipament de Primera Aquesta vivenda est\u00e0 llesta per entrar-hi a viure i ofereix totes les comoditats modernes: Ubicaci\u00f3 Immillorable Situada en una de les millors zones de Sant Pol de Mar, aquesta casa ofereix [&hellip;]<\/p>\n","protected":false},"author":1,"featured_media":30989,"parent":0,"menu_order":0,"template":"","property_type":[303],"property_status":[300],"property_feature":[241,265,291,281,243,245,247,293,263,249,269,253,279,251,277,257,289],"property_label":[],"property_city":[312],"class_list":["post-30988","property","type-property","status-publish","has-post-thumbnail","hentry","property_type-cases-chalets","property_status-compra","property_feature-aigua","property_feature-aire-condicionat","property_feature-alarmas","property_feature-balco","property_feature-electricitat","property_feature-garatge","property_feature-jardi","property_feature-cuina-office","property_feature-vistes-a-la-muntanya","property_feature-orientacio-est","property_feature-pati","property_feature-telefon","property_feature-porta-de-seguretat","property_feature-safareig","property_feature-terrassa","property_feature-vistes-al-mar","property_feature-xemeneia","property_city-sant-pol-de-mar-ca"],"property_meta":{"_wpml_word_count":["289"],"fave_property_map":["1"],"fave_property_location":["25.68654,-80.431345,15"],"houzez_geolocation_lat":["25.68654","25.68654"],"houzez_geolocation_long":["-80.431345","-80.431345"],"fave_property_map_street_view":["hide"],"houzez_featured_listing_date":["2025-07-02 15:06:27"],"fave_loggedintoview":["0"],"fave_agent_display_option":["agent_info"],"fave_prop_homeslider":["no"],"fave_single_content_area":["global"],"rs_page_bg_color":[""],"cmplz_hide_cookiebanner":[""],"houzez_manual_expire":["0"],"_houzez_expiration_date_status":["saved"],"_wpml_media_duplicate":["1"],"_wpml_media_featured":["1"],"_yoast_wpseo_primary_property_type":["303"],"_yoast_wpseo_primary_property_status":["300"],"_yoast_wpseo_primary_property_feature":["243"],"_yoast_wpseo_primary_property_label":[""],"_yoast_wpseo_primary_property_country":["74"],"_yoast_wpseo_primary_property_state":["75"],"_yoast_wpseo_primary_property_city":["312"],"_yoast_wpseo_primary_property_area":[""],"_yoast_wpseo_content_score":["90"],"_yoast_wpseo_estimated-reading-time-minutes":["2"],"fave_property_price":["1000000"],"fave_property_size":["406"],"fave_property_land":["893"],"fave_property_bedrooms":["6"],"fave_property_rooms":["6"],"fave_property_bathrooms":["5"],"fave_property_garage":["2"],"fave_property_year":["2000"],"fave_property_id":["1107"],"houzez_total_property_views":["747"],"houzez_views_by_date":["a:61:{s:10:\"02-20-2026\";i:2;s:10:\"02-21-2026\";i:1;s:10:\"02-24-2026\";i:1;s:10:\"02-25-2026\";i:1;s:10:\"02-27-2026\";i:1;s:10:\"02-28-2026\";i:3;s:10:\"03-04-2026\";i:2;s:10:\"03-06-2026\";i:1;s:10:\"03-07-2026\";i:2;s:10:\"03-08-2026\";i:2;s:10:\"03-09-2026\";i:1;s:10:\"03-10-2026\";i:1;s:10:\"03-11-2026\";i:1;s:10:\"03-12-2026\";i:1;s:10:\"03-13-2026\";i:2;s:10:\"03-14-2026\";i:2;s:10:\"03-15-2026\";i:4;s:10:\"03-16-2026\";i:1;s:10:\"03-17-2026\";i:1;s:10:\"03-18-2026\";i:1;s:10:\"03-19-2026\";i:3;s:10:\"03-20-2026\";i:4;s:10:\"03-21-2026\";i:2;s:10:\"03-24-2026\";i:1;s:10:\"03-25-2026\";i:1;s:10:\"03-26-2026\";i:10;s:10:\"03-27-2026\";i:2;s:10:\"03-29-2026\";i:2;s:10:\"03-31-2026\";i:2;s:10:\"04-01-2026\";i:1;s:10:\"04-02-2026\";i:4;s:10:\"04-03-2026\";i:1;s:10:\"04-04-2026\";i:2;s:10:\"04-05-2026\";i:2;s:10:\"04-06-2026\";i:1;s:10:\"04-07-2026\";i:3;s:10:\"04-08-2026\";i:4;s:10:\"04-09-2026\";i:3;s:10:\"04-10-2026\";i:1;s:10:\"04-11-2026\";i:1;s:10:\"04-12-2026\";i:9;s:10:\"04-13-2026\";i:2;s:10:\"04-14-2026\";i:3;s:10:\"04-15-2026\";i:1;s:10:\"04-16-2026\";i:2;s:10:\"04-17-2026\";i:2;s:10:\"04-18-2026\";i:2;s:10:\"04-19-2026\";i:3;s:10:\"04-20-2026\";i:2;s:10:\"04-21-2026\";i:2;s:10:\"04-22-2026\";i:1;s:10:\"04-23-2026\";i:2;s:10:\"04-24-2026\";i:1;s:10:\"04-25-2026\";i:3;s:10:\"04-26-2026\";i:3;s:10:\"04-27-2026\";i:2;s:10:\"04-28-2026\";i:2;s:10:\"04-29-2026\";i:2;s:10:\"04-30-2026\";i:1;s:10:\"05-01-2026\";i:3;s:10:\"05-02-2026\";i:1;}"],"houzez_recently_viewed":["2026-05-02 10:40:59"],"fave_energy_class":["E"],"fave_energy_global_index":["178"],"_cmplz_scanned_post":["1"],"fave_show_price_placeholder":["0"],"_monsterinsights_sitenote_active":["0"],"_wpml_location_migration_done":["1"],"_thumbnail_id":["30989"],"_edit_lock":["1763226062:3"],"_last_translation_edit_mode":["native-editor"],"_edit_last":["3"],"fave_featured":["1"],"fave_agents":["32801"],"fave_single_top_area":["global"],"fave_property_images":["31392","31391","31390","31389","31388","31387","31386","31385","31384","31383","31382","31381","31380","31379","31378","31377","31376","31375","31374","31373","31372","31371","31370","31369","31368","31367","31366","31365","31364","31363","31362","31361","31360","31359","31358","31357","31356","31355","31354","31353","31352","31351","31350","31349","31348","31347","31346","31345"],"_elementor_page_assets":["a:0:{}"]},"yoast_head":"<!-- This site is optimized with the Yoast SEO plugin v27.3 - https:\/\/yoast.com\/product\/yoast-seo-wordpress\/ -->\n<title>Finques Pi<\/title>\n<meta name=\"robots\" content=\"index, follow, max-snippet:-1, max-image-preview:large, max-video-preview:-1\" \/>\n<link rel=\"canonical\" href=\"https:\/\/finquespi.com\/ca\/propietats\/exclusiva-propietat-amb-vistes-al-mar-a-sant-pol-de-mar\/\" \/>\n<meta property=\"og:locale\" content=\"ca_ES\" \/>\n<meta property=\"og:type\" content=\"article\" \/>\n<meta property=\"og:title\" content=\"Casa d&#039;alt standing a Sant Pol de Mar | Finques Pi\" \/>\n<meta property=\"og:description\" content=\"Casa d&#8217;alt standing El disseny d&#8217;aquesta propietat destaca per la seva excel\u00b7lent distribuci\u00f3, amb estances \u00e0mplies i plenes de llum natural: Equipament de Primera Aquesta vivenda est\u00e0 llesta per entrar-hi a viure i ofereix totes les comoditats modernes: Ubicaci\u00f3 Immillorable Situada en una de les millors zones de Sant Pol de Mar, aquesta casa ofereix [&hellip;]\" \/>\n<meta property=\"og:url\" content=\"https:\/\/finquespi.com\/ca\/propietats\/exclusiva-propietat-amb-vistes-al-mar-a-sant-pol-de-mar\/\" \/>\n<meta property=\"og:site_name\" content=\"Finques Pi\" \/>\n<meta property=\"article:modified_time\" content=\"2025-10-07T16:24:43+00:00\" \/>\n<meta property=\"og:image\" content=\"https:\/\/finquespi.com\/wp-content\/uploads\/2024\/12\/1107-360.jpg\" \/>\n\t<meta property=\"og:image:width\" content=\"1500\" \/>\n\t<meta property=\"og:image:height\" content=\"1000\" \/>\n\t<meta property=\"og:image:type\" content=\"image\/jpeg\" \/>\n<meta name=\"twitter:card\" content=\"summary_large_image\" \/>\n<meta name=\"twitter:label1\" content=\"Temps estimat de lectura\" \/>\n\t<meta name=\"twitter:data1\" content=\"2 minuts\" \/>\n<script type=\"application\/ld+json\" class=\"yoast-schema-graph\">{\"@context\":\"https:\\\/\\\/schema.org\",\"@graph\":[{\"@type\":\"WebPage\",\"@id\":\"https:\\\/\\\/finquespi.com\\\/ca\\\/propietats\\\/exclusiva-propietat-amb-vistes-al-mar-a-sant-pol-de-mar\\\/\",\"url\":\"https:\\\/\\\/finquespi.com\\\/ca\\\/propietats\\\/exclusiva-propietat-amb-vistes-al-mar-a-sant-pol-de-mar\\\/\",\"name\":\"Casa d'alt standing a Sant Pol de Mar | Finques Pi\",\"isPartOf\":{\"@id\":\"https:\\\/\\\/finquespi.com\\\/ca\\\/#website\"},\"primaryImageOfPage\":{\"@id\":\"https:\\\/\\\/finquespi.com\\\/ca\\\/propietats\\\/exclusiva-propietat-amb-vistes-al-mar-a-sant-pol-de-mar\\\/#primaryimage\"},\"image\":{\"@id\":\"https:\\\/\\\/finquespi.com\\\/ca\\\/propietats\\\/exclusiva-propietat-amb-vistes-al-mar-a-sant-pol-de-mar\\\/#primaryimage\"},\"thumbnailUrl\":\"https:\\\/\\\/finquespi.com\\\/wp-content\\\/uploads\\\/2024\\\/12\\\/1107-360.jpg\",\"datePublished\":\"2024-12-18T10:36:26+00:00\",\"dateModified\":\"2025-10-07T16:24:43+00:00\",\"breadcrumb\":{\"@id\":\"https:\\\/\\\/finquespi.com\\\/ca\\\/propietats\\\/exclusiva-propietat-amb-vistes-al-mar-a-sant-pol-de-mar\\\/#breadcrumb\"},\"inLanguage\":\"ca\",\"potentialAction\":[{\"@type\":\"ReadAction\",\"target\":[\"https:\\\/\\\/finquespi.com\\\/ca\\\/propietats\\\/exclusiva-propietat-amb-vistes-al-mar-a-sant-pol-de-mar\\\/\"]}]},{\"@type\":\"ImageObject\",\"inLanguage\":\"ca\",\"@id\":\"https:\\\/\\\/finquespi.com\\\/ca\\\/propietats\\\/exclusiva-propietat-amb-vistes-al-mar-a-sant-pol-de-mar\\\/#primaryimage\",\"url\":\"https:\\\/\\\/finquespi.com\\\/wp-content\\\/uploads\\\/2024\\\/12\\\/1107-360.jpg\",\"contentUrl\":\"https:\\\/\\\/finquespi.com\\\/wp-content\\\/uploads\\\/2024\\\/12\\\/1107-360.jpg\",\"width\":1500,\"height\":1000},{\"@type\":\"BreadcrumbList\",\"@id\":\"https:\\\/\\\/finquespi.com\\\/ca\\\/propietats\\\/exclusiva-propietat-amb-vistes-al-mar-a-sant-pol-de-mar\\\/#breadcrumb\",\"itemListElement\":[{\"@type\":\"ListItem\",\"position\":1,\"name\":\"Llar\",\"item\":\"https:\\\/\\\/finquespi.com\\\/ca\\\/\"},{\"@type\":\"ListItem\",\"position\":2,\"name\":\"Properties\",\"item\":\"https:\\\/\\\/finquespi.com\\\/ca\\\/propietats\\\/\"},{\"@type\":\"ListItem\",\"position\":3,\"name\":\"Casa d&#8217;alt standing a Sant Pol de Mar\"}]},{\"@type\":\"WebSite\",\"@id\":\"https:\\\/\\\/finquespi.com\\\/ca\\\/#website\",\"url\":\"https:\\\/\\\/finquespi.com\\\/ca\\\/\",\"name\":\"Finques Pi\",\"description\":\"\",\"potentialAction\":[{\"@type\":\"SearchAction\",\"target\":{\"@type\":\"EntryPoint\",\"urlTemplate\":\"https:\\\/\\\/finquespi.com\\\/ca\\\/?s={search_term_string}\"},\"query-input\":{\"@type\":\"PropertyValueSpecification\",\"valueRequired\":true,\"valueName\":\"search_term_string\"}}],\"inLanguage\":\"ca\"}]}<\/script>\n<!-- \/ Yoast SEO plugin. -->","yoast_head_json":{"title":"Finques Pi","robots":{"index":"index","follow":"follow","max-snippet":"max-snippet:-1","max-image-preview":"max-image-preview:large","max-video-preview":"max-video-preview:-1"},"canonical":"https:\/\/finquespi.com\/ca\/propietats\/exclusiva-propietat-amb-vistes-al-mar-a-sant-pol-de-mar\/","og_locale":"ca_ES","og_type":"article","og_title":"Casa d'alt standing a Sant Pol de Mar | Finques Pi","og_description":"Casa d&#8217;alt standing El disseny d&#8217;aquesta propietat destaca per la seva excel\u00b7lent distribuci\u00f3, amb estances \u00e0mplies i plenes de llum natural: Equipament de Primera Aquesta vivenda est\u00e0 llesta per entrar-hi a viure i ofereix totes les comoditats modernes: Ubicaci\u00f3 Immillorable Situada en una de les millors zones de Sant Pol de Mar, aquesta casa ofereix [&hellip;]","og_url":"https:\/\/finquespi.com\/ca\/propietats\/exclusiva-propietat-amb-vistes-al-mar-a-sant-pol-de-mar\/","og_site_name":"Finques Pi","article_modified_time":"2025-10-07T16:24:43+00:00","og_image":[{"width":1500,"height":1000,"url":"https:\/\/finquespi.com\/wp-content\/uploads\/2024\/12\/1107-360.jpg","type":"image\/jpeg"}],"twitter_card":"summary_large_image","twitter_misc":{"Temps estimat de lectura":"2 minuts"},"schema":{"@context":"https:\/\/schema.org","@graph":[{"@type":"WebPage","@id":"https:\/\/finquespi.com\/ca\/propietats\/exclusiva-propietat-amb-vistes-al-mar-a-sant-pol-de-mar\/","url":"https:\/\/finquespi.com\/ca\/propietats\/exclusiva-propietat-amb-vistes-al-mar-a-sant-pol-de-mar\/","name":"Casa d'alt standing a Sant Pol de Mar | Finques Pi","isPartOf":{"@id":"https:\/\/finquespi.com\/ca\/#website"},"primaryImageOfPage":{"@id":"https:\/\/finquespi.com\/ca\/propietats\/exclusiva-propietat-amb-vistes-al-mar-a-sant-pol-de-mar\/#primaryimage"},"image":{"@id":"https:\/\/finquespi.com\/ca\/propietats\/exclusiva-propietat-amb-vistes-al-mar-a-sant-pol-de-mar\/#primaryimage"},"thumbnailUrl":"https:\/\/finquespi.com\/wp-content\/uploads\/2024\/12\/1107-360.jpg","datePublished":"2024-12-18T10:36:26+00:00","dateModified":"2025-10-07T16:24:43+00:00","breadcrumb":{"@id":"https:\/\/finquespi.com\/ca\/propietats\/exclusiva-propietat-amb-vistes-al-mar-a-sant-pol-de-mar\/#breadcrumb"},"inLanguage":"ca","potentialAction":[{"@type":"ReadAction","target":["https:\/\/finquespi.com\/ca\/propietats\/exclusiva-propietat-amb-vistes-al-mar-a-sant-pol-de-mar\/"]}]},{"@type":"ImageObject","inLanguage":"ca","@id":"https:\/\/finquespi.com\/ca\/propietats\/exclusiva-propietat-amb-vistes-al-mar-a-sant-pol-de-mar\/#primaryimage","url":"https:\/\/finquespi.com\/wp-content\/uploads\/2024\/12\/1107-360.jpg","contentUrl":"https:\/\/finquespi.com\/wp-content\/uploads\/2024\/12\/1107-360.jpg","width":1500,"height":1000},{"@type":"BreadcrumbList","@id":"https:\/\/finquespi.com\/ca\/propietats\/exclusiva-propietat-amb-vistes-al-mar-a-sant-pol-de-mar\/#breadcrumb","itemListElement":[{"@type":"ListItem","position":1,"name":"Llar","item":"https:\/\/finquespi.com\/ca\/"},{"@type":"ListItem","position":2,"name":"Properties","item":"https:\/\/finquespi.com\/ca\/propietats\/"},{"@type":"ListItem","position":3,"name":"Casa d&#8217;alt standing a Sant Pol de Mar"}]},{"@type":"WebSite","@id":"https:\/\/finquespi.com\/ca\/#website","url":"https:\/\/finquespi.com\/ca\/","name":"Finques Pi","description":"","potentialAction":[{"@type":"SearchAction","target":{"@type":"EntryPoint","urlTemplate":"https:\/\/finquespi.com\/ca\/?s={search_term_string}"},"query-input":{"@type":"PropertyValueSpecification","valueRequired":true,"valueName":"search_term_string"}}],"inLanguage":"ca"}]}},"_links":{"self":[{"href":"https:\/\/finquespi.com\/ca\/wp-json\/wp\/v2\/properties\/30988","targetHints":{"allow":["GET"]}}],"collection":[{"href":"https:\/\/finquespi.com\/ca\/wp-json\/wp\/v2\/properties"}],"about":[{"href":"https:\/\/finquespi.com\/ca\/wp-json\/wp\/v2\/types\/property"}],"author":[{"embeddable":true,"href":"https:\/\/finquespi.com\/ca\/wp-json\/wp\/v2\/users\/1"}],"version-history":[{"count":1,"href":"https:\/\/finquespi.com\/ca\/wp-json\/wp\/v2\/properties\/30988\/revisions"}],"predecessor-version":[{"id":31394,"href":"https:\/\/finquespi.com\/ca\/wp-json\/wp\/v2\/properties\/30988\/revisions\/31394"}],"wp:featuredmedia":[{"embeddable":true,"href":"https:\/\/finquespi.com\/ca\/wp-json\/wp\/v2\/media\/30989"}],"wp:attachment":[{"href":"https:\/\/finquespi.com\/ca\/wp-json\/wp\/v2\/media?parent=30988"}],"wp:term":[{"taxonomy":"property_type","embeddable":true,"href":"https:\/\/finquespi.com\/ca\/wp-json\/wp\/v2\/property_type?post=30988"},{"taxonomy":"property_status","embeddable":true,"href":"https:\/\/finquespi.com\/ca\/wp-json\/wp\/v2\/property_status?post=30988"},{"taxonomy":"property_feature","embeddable":true,"href":"https:\/\/finquespi.com\/ca\/wp-json\/wp\/v2\/property_feature?post=30988"},{"taxonomy":"property_label","embeddable":true,"href":"https:\/\/finquespi.com\/ca\/wp-json\/wp\/v2\/property_label?post=30988"},{"taxonomy":"property_city","embeddable":true,"href":"https:\/\/finquespi.com\/ca\/wp-json\/wp\/v2\/property_city?post=30988"}],"curies":[{"name":"wp","href":"https:\/\/api.w.org\/{rel}","templated":true}]}}