{"id":30671,"date":"2025-06-29T21:10:09","date_gmt":"2025-06-29T19:10:09","guid":{"rendered":"https:\/\/finquespi.com\/?post_type=property&#038;p=27477"},"modified":"2025-08-13T11:20:37","modified_gmt":"2025-08-13T09:20:37","slug":"torre-de-80-m%c2%b2-en-parcella-de-672-m%c2%b2-amb-vistes-al-mar-sant-pol-de-mar","status":"publish","type":"property","link":"https:\/\/finquespi.com\/ca\/propietats\/torre-de-80-m%c2%b2-en-parcella-de-672-m%c2%b2-amb-vistes-al-mar-sant-pol-de-mar\/","title":{"rendered":"ARRES &#8211; Torre de 80 m\u00b2 en parcel\u00b7la de 672 m\u00b2 amb vistes al mar \u2013 Sant Pol de Mar"},"content":{"rendered":"\n<p><\/p>\n\n\n\n<p>Encantadora torre de 80 m\u00b2, situada en una \u00e0mplia parcel\u00b7la de 672 m\u00b2 a la tranquil\u00b7la urbanitzaci\u00f3 d\u2019Urbapol, a Sant Pol de Mar. L\u2019habitatge disposa de 3 dormitoris, 1 bany complet, 1 lavabo de cortesia, acollidor sal\u00f3 amb xemeneia, porxo cobert, terrassa-sol\u00e0rium, garatge i traster.<\/p>\n\n\n\n<p>La parcel\u00b7la, majorit\u00e0riament plana amb suaus desnivells, ofereix m\u00faltiples possibilitats d\u2019\u00fas i \u00e9s ideal per a qui busca un entorn natural sense renunciar a la proximitat al nucli urb\u00e0 i a la platja.<\/p>\n\n\n\n<p>Gaudeix de bones vistes tant a la urbanitzaci\u00f3 com al mar. Excel\u00b7lent comunicaci\u00f3: acc\u00e9s r\u00e0pid des de la N-II (sortida 19) i a nom\u00e9s 5 minuts de l\u2019autopista C-32.<\/p>\n\n\n\n<p>Una oportunitat \u00fanica per viure envoltat de natura amb totes les comoditats a prop.<\/p>\n","protected":false},"excerpt":{"rendered":"<p>Encantadora torre de 80 m\u00b2, situada en una \u00e0mplia parcel\u00b7la de 672 m\u00b2 a la tranquil\u00b7la urbanitzaci\u00f3 d\u2019Urbapol, a Sant Pol de Mar. L\u2019habitatge disposa de 3 dormitoris, 1 bany complet, 1 lavabo de cortesia, acollidor sal\u00f3 amb xemeneia, porxo cobert, terrassa-sol\u00e0rium, garatge i traster. La parcel\u00b7la, majorit\u00e0riament plana amb suaus desnivells, ofereix m\u00faltiples possibilitats [&hellip;]<\/p>\n","protected":false},"author":1,"featured_media":30796,"parent":0,"menu_order":0,"template":"","property_type":[303],"property_status":[300],"property_feature":[241,243,245,263,259,261,277,257,289],"property_label":[296],"property_city":[312,313],"class_list":["post-30671","property","type-property","status-publish","has-post-thumbnail","hentry","property_type-cases-chalets","property_status-compra","property_feature-aigua","property_feature-electricitat","property_feature-garatge","property_feature-vistes-a-la-muntanya","property_feature-orientacio-oest","property_feature-orientacio-sud","property_feature-terrassa","property_feature-vistes-al-mar","property_feature-xemeneia","property_label-reservat","property_city-sant-pol-de-mar-ca","property_city-urbapol-ca"],"property_meta":{"_wpml_word_count":["138"],"_edit_last":["3"],"fave_property_price":["399000"],"fave_property_size":["80"],"fave_property_land":["672"],"fave_property_bedrooms":["3"],"fave_property_bathrooms":["2"],"fave_property_id":["1127"],"fave_property_map":["1"],"fave_property_location":["25.68654,-80.431345,15"],"houzez_geolocation_lat":["25.68654","25.68654"],"houzez_geolocation_long":["-80.431345","-80.431345"],"fave_property_map_street_view":["hide"],"fave_featured":["0"],"houzez_featured_listing_date":[""],"fave_loggedintoview":["0"],"fave_agent_display_option":["agent_info"],"fave_prop_homeslider":["no"],"fave_single_top_area":["global"],"fave_single_content_area":["global"],"rs_page_bg_color":[""],"cmplz_hide_cookiebanner":[""],"houzez_manual_expire":["0"],"_houzez_expiration_date_status":["saved"],"_wpml_media_duplicate":["1"],"_wpml_media_featured":["1"],"_yoast_wpseo_primary_property_type":["303"],"_yoast_wpseo_primary_property_status":["300"],"_yoast_wpseo_primary_property_feature":["241"],"_yoast_wpseo_primary_property_label":["296"],"_yoast_wpseo_primary_property_country":["74"],"_yoast_wpseo_primary_property_state":["75"],"_yoast_wpseo_primary_property_city":["312"],"_yoast_wpseo_primary_property_area":["77"],"_yoast_wpseo_content_score":["90"],"_yoast_wpseo_estimated-reading-time-minutes":["1"],"fave_property_garage_size":["1"],"fave_property_year":["1978"],"_thumbnail_id":["30796"],"houzez_total_property_views":["549"],"houzez_views_by_date":["a:61:{s:10:\"02-19-2026\";i:3;s:10:\"02-20-2026\";i:4;s:10:\"02-21-2026\";i:1;s:10:\"02-22-2026\";i:3;s:10:\"02-24-2026\";i:3;s:10:\"02-25-2026\";i:1;s:10:\"02-26-2026\";i:3;s:10:\"02-27-2026\";i:2;s:10:\"02-28-2026\";i:4;s:10:\"03-01-2026\";i:1;s:10:\"03-03-2026\";i:2;s:10:\"03-04-2026\";i:1;s:10:\"03-05-2026\";i:1;s:10:\"03-06-2026\";i:1;s:10:\"03-07-2026\";i:1;s:10:\"03-08-2026\";i:3;s:10:\"03-09-2026\";i:2;s:10:\"03-10-2026\";i:2;s:10:\"03-11-2026\";i:4;s:10:\"03-12-2026\";i:1;s:10:\"03-14-2026\";i:1;s:10:\"03-15-2026\";i:1;s:10:\"03-16-2026\";i:2;s:10:\"03-17-2026\";i:1;s:10:\"03-18-2026\";i:3;s:10:\"03-19-2026\";i:2;s:10:\"03-20-2026\";i:2;s:10:\"03-22-2026\";i:1;s:10:\"03-24-2026\";i:1;s:10:\"03-25-2026\";i:2;s:10:\"03-26-2026\";i:3;s:10:\"03-27-2026\";i:2;s:10:\"03-29-2026\";i:1;s:10:\"03-30-2026\";i:1;s:10:\"03-31-2026\";i:1;s:10:\"04-01-2026\";i:4;s:10:\"04-02-2026\";i:4;s:10:\"04-04-2026\";i:2;s:10:\"04-05-2026\";i:4;s:10:\"04-07-2026\";i:3;s:10:\"04-08-2026\";i:2;s:10:\"04-09-2026\";i:4;s:10:\"04-10-2026\";i:4;s:10:\"04-11-2026\";i:1;s:10:\"04-12-2026\";i:2;s:10:\"04-13-2026\";i:1;s:10:\"04-14-2026\";i:4;s:10:\"04-15-2026\";i:2;s:10:\"04-17-2026\";i:3;s:10:\"04-18-2026\";i:2;s:10:\"04-21-2026\";i:5;s:10:\"04-22-2026\";i:1;s:10:\"04-23-2026\";i:2;s:10:\"04-24-2026\";i:5;s:10:\"04-25-2026\";i:2;s:10:\"04-26-2026\";i:1;s:10:\"04-27-2026\";i:5;s:10:\"04-28-2026\";i:1;s:10:\"04-29-2026\";i:2;s:10:\"04-30-2026\";i:3;s:10:\"05-01-2026\";i:2;}"],"houzez_recently_viewed":["2026-05-01 11:37:06"],"_cmplz_scanned_post":["1"],"_wpml_location_migration_done":["1"],"_edit_lock":["1755076957:3"],"fave_show_price_placeholder":["0"],"fave_agents":["32801"],"fave_property_images":["36958","37042","37040","37038","37036","37034","37032","37030","37028","37026","37024","37022","37020","37018","37016","37014","37012","37010","37008","37006","37004","37002","37000","36998","36996","36994","36992","36990","36988","36986","36984","36982","36980","36978","36976","36974","36972","36970","36968","36966","36964","36962","36960"],"_elementor_page_assets":["a:0:{}"]},"yoast_head":"<!-- This site is optimized with the Yoast SEO plugin v27.3 - https:\/\/yoast.com\/product\/yoast-seo-wordpress\/ -->\n<title>Finques Pi<\/title>\n<meta name=\"robots\" content=\"index, follow, max-snippet:-1, max-image-preview:large, max-video-preview:-1\" \/>\n<link rel=\"canonical\" href=\"https:\/\/finquespi.com\/ca\/propietats\/torre-de-80-m%c2%b2-en-parcella-de-672-m%c2%b2-amb-vistes-al-mar-sant-pol-de-mar\/\" \/>\n<meta property=\"og:locale\" content=\"ca_ES\" \/>\n<meta property=\"og:type\" content=\"article\" \/>\n<meta property=\"og:title\" content=\"ARRES - Torre de 80 m\u00b2 en parcel\u00b7la de 672 m\u00b2 amb vistes al mar \u2013 Sant Pol de Mar | Finques Pi\" \/>\n<meta property=\"og:description\" content=\"Encantadora torre de 80 m\u00b2, situada en una \u00e0mplia parcel\u00b7la de 672 m\u00b2 a la tranquil\u00b7la urbanitzaci\u00f3 d\u2019Urbapol, a Sant Pol de Mar. L\u2019habitatge disposa de 3 dormitoris, 1 bany complet, 1 lavabo de cortesia, acollidor sal\u00f3 amb xemeneia, porxo cobert, terrassa-sol\u00e0rium, garatge i traster. La parcel\u00b7la, majorit\u00e0riament plana amb suaus desnivells, ofereix m\u00faltiples possibilitats [&hellip;]\" \/>\n<meta property=\"og:url\" content=\"https:\/\/finquespi.com\/ca\/propietats\/torre-de-80-m%c2%b2-en-parcella-de-672-m%c2%b2-amb-vistes-al-mar-sant-pol-de-mar\/\" \/>\n<meta property=\"og:site_name\" content=\"Finques Pi\" \/>\n<meta property=\"article:modified_time\" content=\"2025-08-13T09:20:37+00:00\" \/>\n<meta property=\"og:image\" content=\"https:\/\/finquespi.com\/wp-content\/uploads\/2025\/06\/1127-4-1024x768.jpg\" \/>\n\t<meta property=\"og:image:width\" content=\"1024\" \/>\n\t<meta property=\"og:image:height\" content=\"768\" \/>\n\t<meta property=\"og:image:type\" content=\"image\/jpeg\" \/>\n<meta name=\"twitter:card\" content=\"summary_large_image\" \/>\n<meta name=\"twitter:label1\" content=\"Temps estimat de lectura\" \/>\n\t<meta name=\"twitter:data1\" content=\"1 minut\" \/>\n<script type=\"application\/ld+json\" class=\"yoast-schema-graph\">{\"@context\":\"https:\\\/\\\/schema.org\",\"@graph\":[{\"@type\":\"WebPage\",\"@id\":\"https:\\\/\\\/finquespi.com\\\/ca\\\/propietats\\\/torre-de-80-m%c2%b2-en-parcella-de-672-m%c2%b2-amb-vistes-al-mar-sant-pol-de-mar\\\/\",\"url\":\"https:\\\/\\\/finquespi.com\\\/ca\\\/propietats\\\/torre-de-80-m%c2%b2-en-parcella-de-672-m%c2%b2-amb-vistes-al-mar-sant-pol-de-mar\\\/\",\"name\":\"ARRES - Torre de 80 m\u00b2 en parcel\u00b7la de 672 m\u00b2 amb vistes al mar \u2013 Sant Pol de Mar | Finques Pi\",\"isPartOf\":{\"@id\":\"https:\\\/\\\/finquespi.com\\\/ca\\\/#website\"},\"primaryImageOfPage\":{\"@id\":\"https:\\\/\\\/finquespi.com\\\/ca\\\/propietats\\\/torre-de-80-m%c2%b2-en-parcella-de-672-m%c2%b2-amb-vistes-al-mar-sant-pol-de-mar\\\/#primaryimage\"},\"image\":{\"@id\":\"https:\\\/\\\/finquespi.com\\\/ca\\\/propietats\\\/torre-de-80-m%c2%b2-en-parcella-de-672-m%c2%b2-amb-vistes-al-mar-sant-pol-de-mar\\\/#primaryimage\"},\"thumbnailUrl\":\"https:\\\/\\\/finquespi.com\\\/wp-content\\\/uploads\\\/2025\\\/06\\\/1127-4.jpg\",\"datePublished\":\"2025-06-29T19:10:09+00:00\",\"dateModified\":\"2025-08-13T09:20:37+00:00\",\"breadcrumb\":{\"@id\":\"https:\\\/\\\/finquespi.com\\\/ca\\\/propietats\\\/torre-de-80-m%c2%b2-en-parcella-de-672-m%c2%b2-amb-vistes-al-mar-sant-pol-de-mar\\\/#breadcrumb\"},\"inLanguage\":\"ca\",\"potentialAction\":[{\"@type\":\"ReadAction\",\"target\":[\"https:\\\/\\\/finquespi.com\\\/ca\\\/propietats\\\/torre-de-80-m%c2%b2-en-parcella-de-672-m%c2%b2-amb-vistes-al-mar-sant-pol-de-mar\\\/\"]}]},{\"@type\":\"ImageObject\",\"inLanguage\":\"ca\",\"@id\":\"https:\\\/\\\/finquespi.com\\\/ca\\\/propietats\\\/torre-de-80-m%c2%b2-en-parcella-de-672-m%c2%b2-amb-vistes-al-mar-sant-pol-de-mar\\\/#primaryimage\",\"url\":\"https:\\\/\\\/finquespi.com\\\/wp-content\\\/uploads\\\/2025\\\/06\\\/1127-4.jpg\",\"contentUrl\":\"https:\\\/\\\/finquespi.com\\\/wp-content\\\/uploads\\\/2025\\\/06\\\/1127-4.jpg\",\"width\":1500,\"height\":1125,\"caption\":\"oppo_0\"},{\"@type\":\"BreadcrumbList\",\"@id\":\"https:\\\/\\\/finquespi.com\\\/ca\\\/propietats\\\/torre-de-80-m%c2%b2-en-parcella-de-672-m%c2%b2-amb-vistes-al-mar-sant-pol-de-mar\\\/#breadcrumb\",\"itemListElement\":[{\"@type\":\"ListItem\",\"position\":1,\"name\":\"Llar\",\"item\":\"https:\\\/\\\/finquespi.com\\\/ca\\\/\"},{\"@type\":\"ListItem\",\"position\":2,\"name\":\"Properties\",\"item\":\"https:\\\/\\\/finquespi.com\\\/ca\\\/propietats\\\/\"},{\"@type\":\"ListItem\",\"position\":3,\"name\":\"ARRES &#8211; Torre de 80 m\u00b2 en parcel\u00b7la de 672 m\u00b2 amb vistes al mar \u2013 Sant Pol de Mar\"}]},{\"@type\":\"WebSite\",\"@id\":\"https:\\\/\\\/finquespi.com\\\/ca\\\/#website\",\"url\":\"https:\\\/\\\/finquespi.com\\\/ca\\\/\",\"name\":\"Finques Pi\",\"description\":\"\",\"potentialAction\":[{\"@type\":\"SearchAction\",\"target\":{\"@type\":\"EntryPoint\",\"urlTemplate\":\"https:\\\/\\\/finquespi.com\\\/ca\\\/?s={search_term_string}\"},\"query-input\":{\"@type\":\"PropertyValueSpecification\",\"valueRequired\":true,\"valueName\":\"search_term_string\"}}],\"inLanguage\":\"ca\"}]}<\/script>\n<!-- \/ Yoast SEO plugin. -->","yoast_head_json":{"title":"Finques Pi","robots":{"index":"index","follow":"follow","max-snippet":"max-snippet:-1","max-image-preview":"max-image-preview:large","max-video-preview":"max-video-preview:-1"},"canonical":"https:\/\/finquespi.com\/ca\/propietats\/torre-de-80-m%c2%b2-en-parcella-de-672-m%c2%b2-amb-vistes-al-mar-sant-pol-de-mar\/","og_locale":"ca_ES","og_type":"article","og_title":"ARRES - Torre de 80 m\u00b2 en parcel\u00b7la de 672 m\u00b2 amb vistes al mar \u2013 Sant Pol de Mar | Finques Pi","og_description":"Encantadora torre de 80 m\u00b2, situada en una \u00e0mplia parcel\u00b7la de 672 m\u00b2 a la tranquil\u00b7la urbanitzaci\u00f3 d\u2019Urbapol, a Sant Pol de Mar. L\u2019habitatge disposa de 3 dormitoris, 1 bany complet, 1 lavabo de cortesia, acollidor sal\u00f3 amb xemeneia, porxo cobert, terrassa-sol\u00e0rium, garatge i traster. La parcel\u00b7la, majorit\u00e0riament plana amb suaus desnivells, ofereix m\u00faltiples possibilitats [&hellip;]","og_url":"https:\/\/finquespi.com\/ca\/propietats\/torre-de-80-m%c2%b2-en-parcella-de-672-m%c2%b2-amb-vistes-al-mar-sant-pol-de-mar\/","og_site_name":"Finques Pi","article_modified_time":"2025-08-13T09:20:37+00:00","og_image":[{"width":1024,"height":768,"url":"https:\/\/finquespi.com\/wp-content\/uploads\/2025\/06\/1127-4-1024x768.jpg","type":"image\/jpeg"}],"twitter_card":"summary_large_image","twitter_misc":{"Temps estimat de lectura":"1 minut"},"schema":{"@context":"https:\/\/schema.org","@graph":[{"@type":"WebPage","@id":"https:\/\/finquespi.com\/ca\/propietats\/torre-de-80-m%c2%b2-en-parcella-de-672-m%c2%b2-amb-vistes-al-mar-sant-pol-de-mar\/","url":"https:\/\/finquespi.com\/ca\/propietats\/torre-de-80-m%c2%b2-en-parcella-de-672-m%c2%b2-amb-vistes-al-mar-sant-pol-de-mar\/","name":"ARRES - Torre de 80 m\u00b2 en parcel\u00b7la de 672 m\u00b2 amb vistes al mar \u2013 Sant Pol de Mar | Finques Pi","isPartOf":{"@id":"https:\/\/finquespi.com\/ca\/#website"},"primaryImageOfPage":{"@id":"https:\/\/finquespi.com\/ca\/propietats\/torre-de-80-m%c2%b2-en-parcella-de-672-m%c2%b2-amb-vistes-al-mar-sant-pol-de-mar\/#primaryimage"},"image":{"@id":"https:\/\/finquespi.com\/ca\/propietats\/torre-de-80-m%c2%b2-en-parcella-de-672-m%c2%b2-amb-vistes-al-mar-sant-pol-de-mar\/#primaryimage"},"thumbnailUrl":"https:\/\/finquespi.com\/wp-content\/uploads\/2025\/06\/1127-4.jpg","datePublished":"2025-06-29T19:10:09+00:00","dateModified":"2025-08-13T09:20:37+00:00","breadcrumb":{"@id":"https:\/\/finquespi.com\/ca\/propietats\/torre-de-80-m%c2%b2-en-parcella-de-672-m%c2%b2-amb-vistes-al-mar-sant-pol-de-mar\/#breadcrumb"},"inLanguage":"ca","potentialAction":[{"@type":"ReadAction","target":["https:\/\/finquespi.com\/ca\/propietats\/torre-de-80-m%c2%b2-en-parcella-de-672-m%c2%b2-amb-vistes-al-mar-sant-pol-de-mar\/"]}]},{"@type":"ImageObject","inLanguage":"ca","@id":"https:\/\/finquespi.com\/ca\/propietats\/torre-de-80-m%c2%b2-en-parcella-de-672-m%c2%b2-amb-vistes-al-mar-sant-pol-de-mar\/#primaryimage","url":"https:\/\/finquespi.com\/wp-content\/uploads\/2025\/06\/1127-4.jpg","contentUrl":"https:\/\/finquespi.com\/wp-content\/uploads\/2025\/06\/1127-4.jpg","width":1500,"height":1125,"caption":"oppo_0"},{"@type":"BreadcrumbList","@id":"https:\/\/finquespi.com\/ca\/propietats\/torre-de-80-m%c2%b2-en-parcella-de-672-m%c2%b2-amb-vistes-al-mar-sant-pol-de-mar\/#breadcrumb","itemListElement":[{"@type":"ListItem","position":1,"name":"Llar","item":"https:\/\/finquespi.com\/ca\/"},{"@type":"ListItem","position":2,"name":"Properties","item":"https:\/\/finquespi.com\/ca\/propietats\/"},{"@type":"ListItem","position":3,"name":"ARRES &#8211; Torre de 80 m\u00b2 en parcel\u00b7la de 672 m\u00b2 amb vistes al mar \u2013 Sant Pol de Mar"}]},{"@type":"WebSite","@id":"https:\/\/finquespi.com\/ca\/#website","url":"https:\/\/finquespi.com\/ca\/","name":"Finques Pi","description":"","potentialAction":[{"@type":"SearchAction","target":{"@type":"EntryPoint","urlTemplate":"https:\/\/finquespi.com\/ca\/?s={search_term_string}"},"query-input":{"@type":"PropertyValueSpecification","valueRequired":true,"valueName":"search_term_string"}}],"inLanguage":"ca"}]}},"_links":{"self":[{"href":"https:\/\/finquespi.com\/ca\/wp-json\/wp\/v2\/properties\/30671","targetHints":{"allow":["GET"]}}],"collection":[{"href":"https:\/\/finquespi.com\/ca\/wp-json\/wp\/v2\/properties"}],"about":[{"href":"https:\/\/finquespi.com\/ca\/wp-json\/wp\/v2\/types\/property"}],"author":[{"embeddable":true,"href":"https:\/\/finquespi.com\/ca\/wp-json\/wp\/v2\/users\/1"}],"version-history":[{"count":2,"href":"https:\/\/finquespi.com\/ca\/wp-json\/wp\/v2\/properties\/30671\/revisions"}],"predecessor-version":[{"id":39143,"href":"https:\/\/finquespi.com\/ca\/wp-json\/wp\/v2\/properties\/30671\/revisions\/39143"}],"wp:featuredmedia":[{"embeddable":true,"href":"https:\/\/finquespi.com\/ca\/wp-json\/wp\/v2\/media\/30796"}],"wp:attachment":[{"href":"https:\/\/finquespi.com\/ca\/wp-json\/wp\/v2\/media?parent=30671"}],"wp:term":[{"taxonomy":"property_type","embeddable":true,"href":"https:\/\/finquespi.com\/ca\/wp-json\/wp\/v2\/property_type?post=30671"},{"taxonomy":"property_status","embeddable":true,"href":"https:\/\/finquespi.com\/ca\/wp-json\/wp\/v2\/property_status?post=30671"},{"taxonomy":"property_feature","embeddable":true,"href":"https:\/\/finquespi.com\/ca\/wp-json\/wp\/v2\/property_feature?post=30671"},{"taxonomy":"property_label","embeddable":true,"href":"https:\/\/finquespi.com\/ca\/wp-json\/wp\/v2\/property_label?post=30671"},{"taxonomy":"property_city","embeddable":true,"href":"https:\/\/finquespi.com\/ca\/wp-json\/wp\/v2\/property_city?post=30671"}],"curies":[{"name":"wp","href":"https:\/\/api.w.org\/{rel}","templated":true}]}}