{"id":30670,"date":"2025-06-29T21:10:09","date_gmt":"2025-06-29T19:10:09","guid":{"rendered":"https:\/\/finquespi.com\/?post_type=property&#038;p=27442"},"modified":"2025-08-19T17:52:08","modified_gmt":"2025-08-19T15:52:08","slug":"apartament-bonic-de-55-m2-en-primera-linia-de-mar","status":"publish","type":"property","link":"https:\/\/finquespi.com\/ca\/propietats\/apartament-bonic-de-55-m2-en-primera-linia-de-mar\/","title":{"rendered":"Bonic apartament de 55 m2 en primera l\u00ednia de mar."},"content":{"rendered":"\n<p>Bonic apartament de 55 m2 en primera l\u00ednia de mar, amb magn\u00edfiques vistes al mar i al passeig mar\u00edtim del poble. Aquesta propietat t\u00e9 una ubicaci\u00f3 privilegiada i consta d&#8217;una habitaci\u00f3, bany amb banyera, aire condicionat, finestres amb doble vidre, ascensor i traster. Situat en una finca amb pocs ve\u00efns, a prop del centre, de l&#8217;estaci\u00f3 de Renfe i, per descomptat, davant de la platja. Ideal per gaudir de l&#8217;estiu o d&#8217;un ambient relaxat durant tot l&#8217;any.<\/p>\n","protected":false},"excerpt":{"rendered":"<p>Bonic apartament de 55 m2 en primera l\u00ednia de mar, amb magn\u00edfiques vistes al mar i al passeig mar\u00edtim del poble. Aquesta propietat t\u00e9 una ubicaci\u00f3 privilegiada i consta d&#8217;una habitaci\u00f3, bany amb banyera, aire condicionat, finestres amb doble vidre, ascensor i traster. Situat en una finca amb pocs ve\u00efns, a prop del centre, de [&hellip;]<\/p>\n","protected":false},"author":1,"featured_media":30792,"parent":0,"menu_order":0,"template":"","property_type":[307],"property_status":[300],"property_feature":[241,265,243,249,261,255,257],"property_label":[],"property_city":[312],"class_list":["post-30670","property","type-property","status-publish","has-post-thumbnail","hentry","property_type-pis","property_status-compra","property_feature-aigua","property_feature-aire-condicionat","property_feature-electricitat","property_feature-orientacio-est","property_feature-orientacio-sud","property_feature-vistes-a-la-ciutat","property_feature-vistes-al-mar","property_city-sant-pol-de-mar-ca"],"property_meta":{"_wpml_word_count":["84"],"_edit_last":["3"],"fave_property_price":["340000"],"fave_property_size":["55"],"fave_property_bedrooms":["1"],"fave_property_bathrooms":["1"],"fave_property_year":["2005"],"fave_property_id":["1129"],"fave_property_map":["1"],"fave_property_location":["25.68654,-80.431345,15"],"houzez_geolocation_lat":["25.68654","25.68654"],"houzez_geolocation_long":["-80.431345","-80.431345"],"fave_property_map_street_view":["hide"],"fave_featured":["1"],"houzez_featured_listing_date":["2025-06-26 15:00:32"],"fave_loggedintoview":["0"],"fave_agent_display_option":["agent_info"],"fave_prop_homeslider":["no"],"fave_single_top_area":["global"],"fave_single_content_area":["global"],"rs_page_bg_color":[""],"cmplz_hide_cookiebanner":[""],"houzez_manual_expire":["0"],"_houzez_expiration_date_status":["saved"],"_wpml_media_duplicate":["1"],"_wpml_media_featured":["1"],"_yoast_wpseo_primary_property_type":["307"],"_yoast_wpseo_primary_property_status":["300"],"_yoast_wpseo_primary_property_feature":["241"],"_yoast_wpseo_primary_property_label":[""],"_yoast_wpseo_primary_property_country":["74"],"_yoast_wpseo_primary_property_state":["75"],"_yoast_wpseo_primary_property_city":["312"],"_yoast_wpseo_primary_property_area":[""],"_yoast_wpseo_content_score":["90"],"_yoast_wpseo_estimated-reading-time-minutes":["1"],"_thumbnail_id":["30792"],"houzez_total_property_views":["735"],"houzez_views_by_date":["a:61:{s:10:\"02-17-2026\";i:1;s:10:\"02-19-2026\";i:3;s:10:\"02-20-2026\";i:1;s:10:\"02-21-2026\";i:1;s:10:\"02-22-2026\";i:2;s:10:\"02-26-2026\";i:3;s:10:\"02-27-2026\";i:2;s:10:\"02-28-2026\";i:3;s:10:\"03-01-2026\";i:1;s:10:\"03-02-2026\";i:1;s:10:\"03-03-2026\";i:4;s:10:\"03-04-2026\";i:6;s:10:\"03-07-2026\";i:4;s:10:\"03-08-2026\";i:2;s:10:\"03-09-2026\";i:2;s:10:\"03-10-2026\";i:3;s:10:\"03-11-2026\";i:3;s:10:\"03-12-2026\";i:8;s:10:\"03-13-2026\";i:4;s:10:\"03-14-2026\";i:1;s:10:\"03-15-2026\";i:2;s:10:\"03-16-2026\";i:1;s:10:\"03-18-2026\";i:4;s:10:\"03-19-2026\";i:6;s:10:\"03-20-2026\";i:4;s:10:\"03-21-2026\";i:1;s:10:\"03-22-2026\";i:1;s:10:\"03-24-2026\";i:2;s:10:\"03-26-2026\";i:7;s:10:\"03-27-2026\";i:2;s:10:\"03-29-2026\";i:1;s:10:\"03-30-2026\";i:1;s:10:\"04-01-2026\";i:3;s:10:\"04-02-2026\";i:5;s:10:\"04-03-2026\";i:3;s:10:\"04-04-2026\";i:3;s:10:\"04-05-2026\";i:5;s:10:\"04-06-2026\";i:2;s:10:\"04-07-2026\";i:1;s:10:\"04-08-2026\";i:4;s:10:\"04-09-2026\";i:3;s:10:\"04-10-2026\";i:5;s:10:\"04-11-2026\";i:3;s:10:\"04-12-2026\";i:8;s:10:\"04-13-2026\";i:1;s:10:\"04-14-2026\";i:2;s:10:\"04-15-2026\";i:2;s:10:\"04-16-2026\";i:3;s:10:\"04-17-2026\";i:2;s:10:\"04-18-2026\";i:4;s:10:\"04-19-2026\";i:4;s:10:\"04-20-2026\";i:2;s:10:\"04-21-2026\";i:3;s:10:\"04-23-2026\";i:2;s:10:\"04-24-2026\";i:1;s:10:\"04-25-2026\";i:3;s:10:\"04-26-2026\";i:1;s:10:\"04-27-2026\";i:2;s:10:\"04-28-2026\";i:2;s:10:\"04-29-2026\";i:3;s:10:\"04-30-2026\";i:1;}"],"houzez_recently_viewed":["2026-04-30 07:30:58"],"_wpml_location_migration_done":["1"],"_edit_lock":["1755618946:3"],"fave_show_price_placeholder":["0"],"fave_agents":["32801"],"fave_property_images":["36936","36938","36940","36942","36944","36946","36948","36950","36952","36956","36954"],"_elementor_page_assets":["a:0:{}"]},"yoast_head":"<!-- This site is optimized with the Yoast SEO plugin v27.3 - https:\/\/yoast.com\/product\/yoast-seo-wordpress\/ -->\n<title>Finques Pi<\/title>\n<meta name=\"robots\" content=\"index, follow, max-snippet:-1, max-image-preview:large, max-video-preview:-1\" \/>\n<link rel=\"canonical\" href=\"https:\/\/finquespi.com\/ca\/propietats\/apartament-bonic-de-55-m2-en-primera-linia-de-mar\/\" \/>\n<meta property=\"og:locale\" content=\"ca_ES\" \/>\n<meta property=\"og:type\" content=\"article\" \/>\n<meta property=\"og:title\" content=\"Bonic apartament de 55 m2 en primera l\u00ednia de mar. | Finques Pi\" \/>\n<meta property=\"og:description\" content=\"Bonic apartament de 55 m2 en primera l\u00ednia de mar, amb magn\u00edfiques vistes al mar i al passeig mar\u00edtim del poble. Aquesta propietat t\u00e9 una ubicaci\u00f3 privilegiada i consta d&#8217;una habitaci\u00f3, bany amb banyera, aire condicionat, finestres amb doble vidre, ascensor i traster. Situat en una finca amb pocs ve\u00efns, a prop del centre, de [&hellip;]\" \/>\n<meta property=\"og:url\" content=\"https:\/\/finquespi.com\/ca\/propietats\/apartament-bonic-de-55-m2-en-primera-linia-de-mar\/\" \/>\n<meta property=\"og:site_name\" content=\"Finques Pi\" \/>\n<meta property=\"article:modified_time\" content=\"2025-08-19T15:52:08+00:00\" \/>\n<meta property=\"og:image\" content=\"https:\/\/finquespi.com\/wp-content\/uploads\/2025\/06\/1129-11.jpg\" \/>\n\t<meta property=\"og:image:width\" content=\"1500\" \/>\n\t<meta property=\"og:image:height\" content=\"1000\" \/>\n\t<meta property=\"og:image:type\" content=\"image\/jpeg\" \/>\n<meta name=\"twitter:card\" content=\"summary_large_image\" \/>\n<meta name=\"twitter:label1\" content=\"Temps estimat de lectura\" \/>\n\t<meta name=\"twitter:data1\" content=\"1 minut\" \/>\n<script type=\"application\/ld+json\" class=\"yoast-schema-graph\">{\"@context\":\"https:\\\/\\\/schema.org\",\"@graph\":[{\"@type\":\"WebPage\",\"@id\":\"https:\\\/\\\/finquespi.com\\\/ca\\\/propietats\\\/apartament-bonic-de-55-m2-en-primera-linia-de-mar\\\/\",\"url\":\"https:\\\/\\\/finquespi.com\\\/ca\\\/propietats\\\/apartament-bonic-de-55-m2-en-primera-linia-de-mar\\\/\",\"name\":\"Bonic apartament de 55 m2 en primera l\u00ednia de mar. | Finques Pi\",\"isPartOf\":{\"@id\":\"https:\\\/\\\/finquespi.com\\\/ca\\\/#website\"},\"primaryImageOfPage\":{\"@id\":\"https:\\\/\\\/finquespi.com\\\/ca\\\/propietats\\\/apartament-bonic-de-55-m2-en-primera-linia-de-mar\\\/#primaryimage\"},\"image\":{\"@id\":\"https:\\\/\\\/finquespi.com\\\/ca\\\/propietats\\\/apartament-bonic-de-55-m2-en-primera-linia-de-mar\\\/#primaryimage\"},\"thumbnailUrl\":\"https:\\\/\\\/finquespi.com\\\/wp-content\\\/uploads\\\/2025\\\/06\\\/1129-11.jpg\",\"datePublished\":\"2025-06-29T19:10:09+00:00\",\"dateModified\":\"2025-08-19T15:52:08+00:00\",\"breadcrumb\":{\"@id\":\"https:\\\/\\\/finquespi.com\\\/ca\\\/propietats\\\/apartament-bonic-de-55-m2-en-primera-linia-de-mar\\\/#breadcrumb\"},\"inLanguage\":\"ca\",\"potentialAction\":[{\"@type\":\"ReadAction\",\"target\":[\"https:\\\/\\\/finquespi.com\\\/ca\\\/propietats\\\/apartament-bonic-de-55-m2-en-primera-linia-de-mar\\\/\"]}]},{\"@type\":\"ImageObject\",\"inLanguage\":\"ca\",\"@id\":\"https:\\\/\\\/finquespi.com\\\/ca\\\/propietats\\\/apartament-bonic-de-55-m2-en-primera-linia-de-mar\\\/#primaryimage\",\"url\":\"https:\\\/\\\/finquespi.com\\\/wp-content\\\/uploads\\\/2025\\\/06\\\/1129-11.jpg\",\"contentUrl\":\"https:\\\/\\\/finquespi.com\\\/wp-content\\\/uploads\\\/2025\\\/06\\\/1129-11.jpg\",\"width\":1500,\"height\":1000},{\"@type\":\"BreadcrumbList\",\"@id\":\"https:\\\/\\\/finquespi.com\\\/ca\\\/propietats\\\/apartament-bonic-de-55-m2-en-primera-linia-de-mar\\\/#breadcrumb\",\"itemListElement\":[{\"@type\":\"ListItem\",\"position\":1,\"name\":\"Llar\",\"item\":\"https:\\\/\\\/finquespi.com\\\/ca\\\/\"},{\"@type\":\"ListItem\",\"position\":2,\"name\":\"Properties\",\"item\":\"https:\\\/\\\/finquespi.com\\\/ca\\\/propietats\\\/\"},{\"@type\":\"ListItem\",\"position\":3,\"name\":\"Bonic apartament de 55 m2 en primera l\u00ednia de mar.\"}]},{\"@type\":\"WebSite\",\"@id\":\"https:\\\/\\\/finquespi.com\\\/ca\\\/#website\",\"url\":\"https:\\\/\\\/finquespi.com\\\/ca\\\/\",\"name\":\"Finques Pi\",\"description\":\"\",\"potentialAction\":[{\"@type\":\"SearchAction\",\"target\":{\"@type\":\"EntryPoint\",\"urlTemplate\":\"https:\\\/\\\/finquespi.com\\\/ca\\\/?s={search_term_string}\"},\"query-input\":{\"@type\":\"PropertyValueSpecification\",\"valueRequired\":true,\"valueName\":\"search_term_string\"}}],\"inLanguage\":\"ca\"}]}<\/script>\n<!-- \/ Yoast SEO plugin. -->","yoast_head_json":{"title":"Finques Pi","robots":{"index":"index","follow":"follow","max-snippet":"max-snippet:-1","max-image-preview":"max-image-preview:large","max-video-preview":"max-video-preview:-1"},"canonical":"https:\/\/finquespi.com\/ca\/propietats\/apartament-bonic-de-55-m2-en-primera-linia-de-mar\/","og_locale":"ca_ES","og_type":"article","og_title":"Bonic apartament de 55 m2 en primera l\u00ednia de mar. | Finques Pi","og_description":"Bonic apartament de 55 m2 en primera l\u00ednia de mar, amb magn\u00edfiques vistes al mar i al passeig mar\u00edtim del poble. Aquesta propietat t\u00e9 una ubicaci\u00f3 privilegiada i consta d&#8217;una habitaci\u00f3, bany amb banyera, aire condicionat, finestres amb doble vidre, ascensor i traster. Situat en una finca amb pocs ve\u00efns, a prop del centre, de [&hellip;]","og_url":"https:\/\/finquespi.com\/ca\/propietats\/apartament-bonic-de-55-m2-en-primera-linia-de-mar\/","og_site_name":"Finques Pi","article_modified_time":"2025-08-19T15:52:08+00:00","og_image":[{"width":1500,"height":1000,"url":"https:\/\/finquespi.com\/wp-content\/uploads\/2025\/06\/1129-11.jpg","type":"image\/jpeg"}],"twitter_card":"summary_large_image","twitter_misc":{"Temps estimat de lectura":"1 minut"},"schema":{"@context":"https:\/\/schema.org","@graph":[{"@type":"WebPage","@id":"https:\/\/finquespi.com\/ca\/propietats\/apartament-bonic-de-55-m2-en-primera-linia-de-mar\/","url":"https:\/\/finquespi.com\/ca\/propietats\/apartament-bonic-de-55-m2-en-primera-linia-de-mar\/","name":"Bonic apartament de 55 m2 en primera l\u00ednia de mar. | Finques Pi","isPartOf":{"@id":"https:\/\/finquespi.com\/ca\/#website"},"primaryImageOfPage":{"@id":"https:\/\/finquespi.com\/ca\/propietats\/apartament-bonic-de-55-m2-en-primera-linia-de-mar\/#primaryimage"},"image":{"@id":"https:\/\/finquespi.com\/ca\/propietats\/apartament-bonic-de-55-m2-en-primera-linia-de-mar\/#primaryimage"},"thumbnailUrl":"https:\/\/finquespi.com\/wp-content\/uploads\/2025\/06\/1129-11.jpg","datePublished":"2025-06-29T19:10:09+00:00","dateModified":"2025-08-19T15:52:08+00:00","breadcrumb":{"@id":"https:\/\/finquespi.com\/ca\/propietats\/apartament-bonic-de-55-m2-en-primera-linia-de-mar\/#breadcrumb"},"inLanguage":"ca","potentialAction":[{"@type":"ReadAction","target":["https:\/\/finquespi.com\/ca\/propietats\/apartament-bonic-de-55-m2-en-primera-linia-de-mar\/"]}]},{"@type":"ImageObject","inLanguage":"ca","@id":"https:\/\/finquespi.com\/ca\/propietats\/apartament-bonic-de-55-m2-en-primera-linia-de-mar\/#primaryimage","url":"https:\/\/finquespi.com\/wp-content\/uploads\/2025\/06\/1129-11.jpg","contentUrl":"https:\/\/finquespi.com\/wp-content\/uploads\/2025\/06\/1129-11.jpg","width":1500,"height":1000},{"@type":"BreadcrumbList","@id":"https:\/\/finquespi.com\/ca\/propietats\/apartament-bonic-de-55-m2-en-primera-linia-de-mar\/#breadcrumb","itemListElement":[{"@type":"ListItem","position":1,"name":"Llar","item":"https:\/\/finquespi.com\/ca\/"},{"@type":"ListItem","position":2,"name":"Properties","item":"https:\/\/finquespi.com\/ca\/propietats\/"},{"@type":"ListItem","position":3,"name":"Bonic apartament de 55 m2 en primera l\u00ednia de mar."}]},{"@type":"WebSite","@id":"https:\/\/finquespi.com\/ca\/#website","url":"https:\/\/finquespi.com\/ca\/","name":"Finques Pi","description":"","potentialAction":[{"@type":"SearchAction","target":{"@type":"EntryPoint","urlTemplate":"https:\/\/finquespi.com\/ca\/?s={search_term_string}"},"query-input":{"@type":"PropertyValueSpecification","valueRequired":true,"valueName":"search_term_string"}}],"inLanguage":"ca"}]}},"_links":{"self":[{"href":"https:\/\/finquespi.com\/ca\/wp-json\/wp\/v2\/properties\/30670","targetHints":{"allow":["GET"]}}],"collection":[{"href":"https:\/\/finquespi.com\/ca\/wp-json\/wp\/v2\/properties"}],"about":[{"href":"https:\/\/finquespi.com\/ca\/wp-json\/wp\/v2\/types\/property"}],"author":[{"embeddable":true,"href":"https:\/\/finquespi.com\/ca\/wp-json\/wp\/v2\/users\/1"}],"version-history":[{"count":2,"href":"https:\/\/finquespi.com\/ca\/wp-json\/wp\/v2\/properties\/30670\/revisions"}],"predecessor-version":[{"id":39148,"href":"https:\/\/finquespi.com\/ca\/wp-json\/wp\/v2\/properties\/30670\/revisions\/39148"}],"wp:featuredmedia":[{"embeddable":true,"href":"https:\/\/finquespi.com\/ca\/wp-json\/wp\/v2\/media\/30792"}],"wp:attachment":[{"href":"https:\/\/finquespi.com\/ca\/wp-json\/wp\/v2\/media?parent=30670"}],"wp:term":[{"taxonomy":"property_type","embeddable":true,"href":"https:\/\/finquespi.com\/ca\/wp-json\/wp\/v2\/property_type?post=30670"},{"taxonomy":"property_status","embeddable":true,"href":"https:\/\/finquespi.com\/ca\/wp-json\/wp\/v2\/property_status?post=30670"},{"taxonomy":"property_feature","embeddable":true,"href":"https:\/\/finquespi.com\/ca\/wp-json\/wp\/v2\/property_feature?post=30670"},{"taxonomy":"property_label","embeddable":true,"href":"https:\/\/finquespi.com\/ca\/wp-json\/wp\/v2\/property_label?post=30670"},{"taxonomy":"property_city","embeddable":true,"href":"https:\/\/finquespi.com\/ca\/wp-json\/wp\/v2\/property_city?post=30670"}],"curies":[{"name":"wp","href":"https:\/\/api.w.org\/{rel}","templated":true}]}}