{"id":25745,"date":"2025-02-14T11:52:06","date_gmt":"2025-02-14T10:52:06","guid":{"rendered":"https:\/\/finquespi.com\/?post_type=property&#038;p=25745"},"modified":"2025-07-14T20:39:29","modified_gmt":"2025-07-14T18:39:29","slug":"pis-de-58-m2-amb-2-habitacions-en-complex-residencial-amb-piscina","status":"publish","type":"property","link":"https:\/\/finquespi.com\/ca\/propietats\/pis-de-58-m2-amb-2-habitacions-en-complex-residencial-amb-piscina\/","title":{"rendered":"Pis de 76 m\u00b2 amb 2 habitacions en complex residencial amb piscina."},"content":{"rendered":"\n<p>Pis de 76 m\u00b2 amb 2 habitacions amb armaris encastats, cuina independent, bany complet, sala d&#8217;estar-menjador i terrassa de 5 m\u00b2 amb orientaci\u00f3 sud-oest.<\/p>\n\n\n\n<p>Comunitat molt completa amb ascensor, piscina comunit\u00e0ria, zones comunes, \u00e0rea d&#8217;exercici, parc infantil i recinte tancat.<\/p>\n\n\n\n<p>Situat dins del poble, a pocs minuts del centre, la platja, el transport p\u00fablic, l&#8217;escola i la llar d&#8217;infants, amb bona comunicaci\u00f3 amb la N-II i la C-32.<\/p>\n","protected":false},"excerpt":{"rendered":"<p>Pis de 76 m\u00b2 amb 2 habitacions amb armaris encastats, cuina independent, bany complet, sala d&#8217;estar-menjador i terrassa de 5 m\u00b2 amb orientaci\u00f3 sud-oest. Comunitat molt completa amb ascensor, piscina comunit\u00e0ria, zones comunes, \u00e0rea d&#8217;exercici, parc infantil i recinte tancat. Situat dins del poble, a pocs minuts del centre, la platja, el transport p\u00fablic, l&#8217;escola [&hellip;]<\/p>\n","protected":false},"author":1,"featured_media":25747,"parent":0,"menu_order":0,"template":"","property_type":[307],"property_status":[33,300],"property_feature":[109,241,110,243,259,261,119,120,140,285,134,277],"property_label":[],"property_city":[318,27,312],"class_list":["post-25745","property","type-property","status-publish","has-post-thumbnail","hentry","property_type-pis","property_status-comprar","property_status-compra","property_feature-agua","property_feature-aigua","property_feature-electricidad","property_feature-electricitat","property_feature-orientacio-oest","property_feature-orientacio-sud","property_feature-orientacion-oeste","property_feature-orientacion-sur","property_feature-piscina","property_feature-piscines","property_feature-terraza","property_feature-terrassa","property_city-centre-ca","property_city-sant-pol-de-mar","property_city-sant-pol-de-mar-ca"],"property_meta":{"_wpml_word_count":["83"],"_edit_last":["1"],"fave_property_price":["225000"],"fave_property_bedrooms":["2"],"fave_property_bathrooms":["1"],"fave_property_year":["1979"],"fave_property_id":["1114"],"fave_property_map":["1"],"fave_property_location":["25.68654,-80.431345,15"],"houzez_geolocation_lat":["25.68654","25.68654"],"houzez_geolocation_long":["-80.431345","-80.431345"],"fave_property_map_street_view":["hide"],"fave_featured":["0"],"houzez_featured_listing_date":[""],"fave_loggedintoview":["0"],"fave_agent_display_option":["agent_info"],"fave_agents":["32801"],"fave_prop_homeslider":["no"],"fave_single_top_area":["global"],"fave_single_content_area":["global"],"rs_page_bg_color":[""],"cmplz_hide_cookiebanner":[""],"houzez_manual_expire":["0"],"_houzez_expiration_date_status":["saved"],"_wpml_media_duplicate":["1"],"_wpml_media_featured":["1"],"_yoast_wpseo_primary_property_type":["307"],"_yoast_wpseo_primary_property_status":["300"],"_yoast_wpseo_primary_property_feature":["277"],"_yoast_wpseo_primary_property_label":[""],"_yoast_wpseo_primary_property_country":["74"],"_yoast_wpseo_primary_property_state":["75"],"_yoast_wpseo_primary_property_city":["312"],"_yoast_wpseo_primary_property_area":["92"],"_yoast_wpseo_content_score":["90"],"_yoast_wpseo_estimated-reading-time-minutes":["1"],"fave_property_size":["76,75"],"fave_energy_class":["F"],"fave_energy_global_index":["217"],"_thumbnail_id":["25747"],"houzez_total_property_views":["617"],"houzez_views_by_date":["a:61:{s:10:\"02-04-2026\";i:2;s:10:\"02-06-2026\";i:4;s:10:\"02-07-2026\";i:6;s:10:\"02-08-2026\";i:1;s:10:\"02-09-2026\";i:1;s:10:\"02-10-2026\";i:2;s:10:\"02-11-2026\";i:2;s:10:\"02-12-2026\";i:4;s:10:\"02-13-2026\";i:2;s:10:\"02-14-2026\";i:4;s:10:\"02-16-2026\";i:3;s:10:\"02-18-2026\";i:1;s:10:\"02-19-2026\";i:2;s:10:\"02-20-2026\";i:2;s:10:\"02-21-2026\";i:2;s:10:\"02-22-2026\";i:2;s:10:\"02-23-2026\";i:1;s:10:\"02-24-2026\";i:1;s:10:\"02-26-2026\";i:1;s:10:\"02-28-2026\";i:2;s:10:\"03-02-2026\";i:1;s:10:\"03-04-2026\";i:3;s:10:\"03-06-2026\";i:1;s:10:\"03-07-2026\";i:3;s:10:\"03-08-2026\";i:2;s:10:\"03-11-2026\";i:4;s:10:\"03-12-2026\";i:1;s:10:\"03-13-2026\";i:3;s:10:\"03-15-2026\";i:5;s:10:\"03-17-2026\";i:1;s:10:\"03-18-2026\";i:4;s:10:\"03-19-2026\";i:3;s:10:\"03-20-2026\";i:5;s:10:\"03-23-2026\";i:1;s:10:\"03-24-2026\";i:1;s:10:\"03-25-2026\";i:1;s:10:\"03-27-2026\";i:2;s:10:\"03-30-2026\";i:2;s:10:\"03-31-2026\";i:2;s:10:\"04-01-2026\";i:2;s:10:\"04-02-2026\";i:3;s:10:\"04-04-2026\";i:2;s:10:\"04-05-2026\";i:2;s:10:\"04-06-2026\";i:1;s:10:\"04-07-2026\";i:4;s:10:\"04-08-2026\";i:1;s:10:\"04-09-2026\";i:3;s:10:\"04-10-2026\";i:3;s:10:\"04-11-2026\";i:2;s:10:\"04-12-2026\";i:3;s:10:\"04-14-2026\";i:3;s:10:\"04-17-2026\";i:1;s:10:\"04-18-2026\";i:2;s:10:\"04-19-2026\";i:1;s:10:\"04-20-2026\";i:1;s:10:\"04-22-2026\";i:1;s:10:\"04-23-2026\";i:2;s:10:\"04-24-2026\";i:2;s:10:\"04-27-2026\";i:2;s:10:\"04-28-2026\";i:3;s:10:\"04-29-2026\";i:4;}"],"houzez_recently_viewed":["2026-04-29 23:42:16"],"_edit_lock":["1752519088:1"],"_wpml_location_migration_done":["1"],"fave_show_price_placeholder":["0"],"fave_property_images":["25747","25750","25753","25756","25759","25762","25765","25768","25771","25774","25777","25780","25783","25786","25789","25792","25795","25798"],"_elementor_page_assets":["a:0:{}"]},"yoast_head":"<!-- This site is optimized with the Yoast SEO plugin v27.3 - https:\/\/yoast.com\/product\/yoast-seo-wordpress\/ -->\n<title>Finques Pi<\/title>\n<meta name=\"robots\" content=\"index, follow, max-snippet:-1, max-image-preview:large, max-video-preview:-1\" \/>\n<link rel=\"canonical\" href=\"https:\/\/finquespi.com\/ca\/propietats\/pis-de-58-m2-amb-2-habitacions-en-complex-residencial-amb-piscina\/\" \/>\n<meta property=\"og:locale\" content=\"ca_ES\" \/>\n<meta property=\"og:type\" content=\"article\" \/>\n<meta property=\"og:title\" content=\"Pis de 76 m\u00b2 amb 2 habitacions en complex residencial amb piscina. | Finques Pi\" \/>\n<meta property=\"og:description\" content=\"Pis de 76 m\u00b2 amb 2 habitacions amb armaris encastats, cuina independent, bany complet, sala d&#8217;estar-menjador i terrassa de 5 m\u00b2 amb orientaci\u00f3 sud-oest. Comunitat molt completa amb ascensor, piscina comunit\u00e0ria, zones comunes, \u00e0rea d&#8217;exercici, parc infantil i recinte tancat. Situat dins del poble, a pocs minuts del centre, la platja, el transport p\u00fablic, l&#8217;escola [&hellip;]\" \/>\n<meta property=\"og:url\" content=\"https:\/\/finquespi.com\/ca\/propietats\/pis-de-58-m2-amb-2-habitacions-en-complex-residencial-amb-piscina\/\" \/>\n<meta property=\"og:site_name\" content=\"Finques Pi\" \/>\n<meta property=\"article:modified_time\" content=\"2025-07-14T18:39:29+00:00\" \/>\n<meta property=\"og:image\" content=\"https:\/\/finquespi.com\/wp-content\/uploads\/2025\/02\/1114-1.jpg\" \/>\n\t<meta property=\"og:image:width\" content=\"1500\" \/>\n\t<meta property=\"og:image:height\" content=\"1125\" \/>\n\t<meta property=\"og:image:type\" content=\"image\/jpeg\" \/>\n<meta name=\"twitter:card\" content=\"summary_large_image\" \/>\n<meta name=\"twitter:label1\" content=\"Temps estimat de lectura\" \/>\n\t<meta name=\"twitter:data1\" content=\"1 minut\" \/>\n<script type=\"application\/ld+json\" class=\"yoast-schema-graph\">{\"@context\":\"https:\\\/\\\/schema.org\",\"@graph\":[{\"@type\":\"WebPage\",\"@id\":\"https:\\\/\\\/finquespi.com\\\/ca\\\/propietats\\\/pis-de-58-m2-amb-2-habitacions-en-complex-residencial-amb-piscina\\\/\",\"url\":\"https:\\\/\\\/finquespi.com\\\/ca\\\/propietats\\\/pis-de-58-m2-amb-2-habitacions-en-complex-residencial-amb-piscina\\\/\",\"name\":\"Pis de 76 m\u00b2 amb 2 habitacions en complex residencial amb piscina. | Finques Pi\",\"isPartOf\":{\"@id\":\"https:\\\/\\\/finquespi.com\\\/ca\\\/#website\"},\"primaryImageOfPage\":{\"@id\":\"https:\\\/\\\/finquespi.com\\\/ca\\\/propietats\\\/pis-de-58-m2-amb-2-habitacions-en-complex-residencial-amb-piscina\\\/#primaryimage\"},\"image\":{\"@id\":\"https:\\\/\\\/finquespi.com\\\/ca\\\/propietats\\\/pis-de-58-m2-amb-2-habitacions-en-complex-residencial-amb-piscina\\\/#primaryimage\"},\"thumbnailUrl\":\"https:\\\/\\\/finquespi.com\\\/wp-content\\\/uploads\\\/2025\\\/02\\\/1114-1.jpg\",\"datePublished\":\"2025-02-14T10:52:06+00:00\",\"dateModified\":\"2025-07-14T18:39:29+00:00\",\"breadcrumb\":{\"@id\":\"https:\\\/\\\/finquespi.com\\\/ca\\\/propietats\\\/pis-de-58-m2-amb-2-habitacions-en-complex-residencial-amb-piscina\\\/#breadcrumb\"},\"inLanguage\":\"ca\",\"potentialAction\":[{\"@type\":\"ReadAction\",\"target\":[\"https:\\\/\\\/finquespi.com\\\/ca\\\/propietats\\\/pis-de-58-m2-amb-2-habitacions-en-complex-residencial-amb-piscina\\\/\"]}]},{\"@type\":\"ImageObject\",\"inLanguage\":\"ca\",\"@id\":\"https:\\\/\\\/finquespi.com\\\/ca\\\/propietats\\\/pis-de-58-m2-amb-2-habitacions-en-complex-residencial-amb-piscina\\\/#primaryimage\",\"url\":\"https:\\\/\\\/finquespi.com\\\/wp-content\\\/uploads\\\/2025\\\/02\\\/1114-1.jpg\",\"contentUrl\":\"https:\\\/\\\/finquespi.com\\\/wp-content\\\/uploads\\\/2025\\\/02\\\/1114-1.jpg\",\"width\":1500,\"height\":1125,\"caption\":\"oppo_0\"},{\"@type\":\"BreadcrumbList\",\"@id\":\"https:\\\/\\\/finquespi.com\\\/ca\\\/propietats\\\/pis-de-58-m2-amb-2-habitacions-en-complex-residencial-amb-piscina\\\/#breadcrumb\",\"itemListElement\":[{\"@type\":\"ListItem\",\"position\":1,\"name\":\"Llar\",\"item\":\"https:\\\/\\\/finquespi.com\\\/ca\\\/\"},{\"@type\":\"ListItem\",\"position\":2,\"name\":\"Properties\",\"item\":\"https:\\\/\\\/finquespi.com\\\/ca\\\/propietats\\\/\"},{\"@type\":\"ListItem\",\"position\":3,\"name\":\"Pis de 76 m\u00b2 amb 2 habitacions en complex residencial amb piscina.\"}]},{\"@type\":\"WebSite\",\"@id\":\"https:\\\/\\\/finquespi.com\\\/ca\\\/#website\",\"url\":\"https:\\\/\\\/finquespi.com\\\/ca\\\/\",\"name\":\"Finques Pi\",\"description\":\"\",\"potentialAction\":[{\"@type\":\"SearchAction\",\"target\":{\"@type\":\"EntryPoint\",\"urlTemplate\":\"https:\\\/\\\/finquespi.com\\\/ca\\\/?s={search_term_string}\"},\"query-input\":{\"@type\":\"PropertyValueSpecification\",\"valueRequired\":true,\"valueName\":\"search_term_string\"}}],\"inLanguage\":\"ca\"}]}<\/script>\n<!-- \/ Yoast SEO plugin. -->","yoast_head_json":{"title":"Finques Pi","robots":{"index":"index","follow":"follow","max-snippet":"max-snippet:-1","max-image-preview":"max-image-preview:large","max-video-preview":"max-video-preview:-1"},"canonical":"https:\/\/finquespi.com\/ca\/propietats\/pis-de-58-m2-amb-2-habitacions-en-complex-residencial-amb-piscina\/","og_locale":"ca_ES","og_type":"article","og_title":"Pis de 76 m\u00b2 amb 2 habitacions en complex residencial amb piscina. | Finques Pi","og_description":"Pis de 76 m\u00b2 amb 2 habitacions amb armaris encastats, cuina independent, bany complet, sala d&#8217;estar-menjador i terrassa de 5 m\u00b2 amb orientaci\u00f3 sud-oest. Comunitat molt completa amb ascensor, piscina comunit\u00e0ria, zones comunes, \u00e0rea d&#8217;exercici, parc infantil i recinte tancat. Situat dins del poble, a pocs minuts del centre, la platja, el transport p\u00fablic, l&#8217;escola [&hellip;]","og_url":"https:\/\/finquespi.com\/ca\/propietats\/pis-de-58-m2-amb-2-habitacions-en-complex-residencial-amb-piscina\/","og_site_name":"Finques Pi","article_modified_time":"2025-07-14T18:39:29+00:00","og_image":[{"width":1500,"height":1125,"url":"https:\/\/finquespi.com\/wp-content\/uploads\/2025\/02\/1114-1.jpg","type":"image\/jpeg"}],"twitter_card":"summary_large_image","twitter_misc":{"Temps estimat de lectura":"1 minut"},"schema":{"@context":"https:\/\/schema.org","@graph":[{"@type":"WebPage","@id":"https:\/\/finquespi.com\/ca\/propietats\/pis-de-58-m2-amb-2-habitacions-en-complex-residencial-amb-piscina\/","url":"https:\/\/finquespi.com\/ca\/propietats\/pis-de-58-m2-amb-2-habitacions-en-complex-residencial-amb-piscina\/","name":"Pis de 76 m\u00b2 amb 2 habitacions en complex residencial amb piscina. | Finques Pi","isPartOf":{"@id":"https:\/\/finquespi.com\/ca\/#website"},"primaryImageOfPage":{"@id":"https:\/\/finquespi.com\/ca\/propietats\/pis-de-58-m2-amb-2-habitacions-en-complex-residencial-amb-piscina\/#primaryimage"},"image":{"@id":"https:\/\/finquespi.com\/ca\/propietats\/pis-de-58-m2-amb-2-habitacions-en-complex-residencial-amb-piscina\/#primaryimage"},"thumbnailUrl":"https:\/\/finquespi.com\/wp-content\/uploads\/2025\/02\/1114-1.jpg","datePublished":"2025-02-14T10:52:06+00:00","dateModified":"2025-07-14T18:39:29+00:00","breadcrumb":{"@id":"https:\/\/finquespi.com\/ca\/propietats\/pis-de-58-m2-amb-2-habitacions-en-complex-residencial-amb-piscina\/#breadcrumb"},"inLanguage":"ca","potentialAction":[{"@type":"ReadAction","target":["https:\/\/finquespi.com\/ca\/propietats\/pis-de-58-m2-amb-2-habitacions-en-complex-residencial-amb-piscina\/"]}]},{"@type":"ImageObject","inLanguage":"ca","@id":"https:\/\/finquespi.com\/ca\/propietats\/pis-de-58-m2-amb-2-habitacions-en-complex-residencial-amb-piscina\/#primaryimage","url":"https:\/\/finquespi.com\/wp-content\/uploads\/2025\/02\/1114-1.jpg","contentUrl":"https:\/\/finquespi.com\/wp-content\/uploads\/2025\/02\/1114-1.jpg","width":1500,"height":1125,"caption":"oppo_0"},{"@type":"BreadcrumbList","@id":"https:\/\/finquespi.com\/ca\/propietats\/pis-de-58-m2-amb-2-habitacions-en-complex-residencial-amb-piscina\/#breadcrumb","itemListElement":[{"@type":"ListItem","position":1,"name":"Llar","item":"https:\/\/finquespi.com\/ca\/"},{"@type":"ListItem","position":2,"name":"Properties","item":"https:\/\/finquespi.com\/ca\/propietats\/"},{"@type":"ListItem","position":3,"name":"Pis de 76 m\u00b2 amb 2 habitacions en complex residencial amb piscina."}]},{"@type":"WebSite","@id":"https:\/\/finquespi.com\/ca\/#website","url":"https:\/\/finquespi.com\/ca\/","name":"Finques Pi","description":"","potentialAction":[{"@type":"SearchAction","target":{"@type":"EntryPoint","urlTemplate":"https:\/\/finquespi.com\/ca\/?s={search_term_string}"},"query-input":{"@type":"PropertyValueSpecification","valueRequired":true,"valueName":"search_term_string"}}],"inLanguage":"ca"}]}},"_links":{"self":[{"href":"https:\/\/finquespi.com\/ca\/wp-json\/wp\/v2\/properties\/25745","targetHints":{"allow":["GET"]}}],"collection":[{"href":"https:\/\/finquespi.com\/ca\/wp-json\/wp\/v2\/properties"}],"about":[{"href":"https:\/\/finquespi.com\/ca\/wp-json\/wp\/v2\/types\/property"}],"author":[{"embeddable":true,"href":"https:\/\/finquespi.com\/ca\/wp-json\/wp\/v2\/users\/1"}],"version-history":[{"count":2,"href":"https:\/\/finquespi.com\/ca\/wp-json\/wp\/v2\/properties\/25745\/revisions"}],"predecessor-version":[{"id":37485,"href":"https:\/\/finquespi.com\/ca\/wp-json\/wp\/v2\/properties\/25745\/revisions\/37485"}],"wp:featuredmedia":[{"embeddable":true,"href":"https:\/\/finquespi.com\/ca\/wp-json\/wp\/v2\/media\/25747"}],"wp:attachment":[{"href":"https:\/\/finquespi.com\/ca\/wp-json\/wp\/v2\/media?parent=25745"}],"wp:term":[{"taxonomy":"property_type","embeddable":true,"href":"https:\/\/finquespi.com\/ca\/wp-json\/wp\/v2\/property_type?post=25745"},{"taxonomy":"property_status","embeddable":true,"href":"https:\/\/finquespi.com\/ca\/wp-json\/wp\/v2\/property_status?post=25745"},{"taxonomy":"property_feature","embeddable":true,"href":"https:\/\/finquespi.com\/ca\/wp-json\/wp\/v2\/property_feature?post=25745"},{"taxonomy":"property_label","embeddable":true,"href":"https:\/\/finquespi.com\/ca\/wp-json\/wp\/v2\/property_label?post=25745"},{"taxonomy":"property_city","embeddable":true,"href":"https:\/\/finquespi.com\/ca\/wp-json\/wp\/v2\/property_city?post=25745"}],"curies":[{"name":"wp","href":"https:\/\/api.w.org\/{rel}","templated":true}]}}